{"id":1899,"date":"2015-10-06T07:42:30","date_gmt":"2015-10-06T07:42:30","guid":{"rendered":"http:\/\/www.viziteazatarguneamt.ro\/de\/monumentul-eroilor-si-monumentul-ostasilor-sovietici\/"},"modified":"2015-10-15T20:52:27","modified_gmt":"2015-10-15T17:52:27","slug":"das-heldendenkmal-und-das-denkmal-der-sowjetischen-soldaten","status":"publish","type":"page","link":"https:\/\/viziteazatarguneamt.ro\/de\/das-heldendenkmal-und-das-denkmal-der-sowjetischen-soldaten\/","title":{"rendered":"Das Heldendenkmal und das Denkmal der sowjetischen Soldaten"},"content":{"rendered":"<p>[et_pb_section admin_label=&#8220;section&#8220; transparent_background=&#8220;off&#8220; allow_player_pause=&#8220;off&#8220; inner_shadow=&#8220;off&#8220; parallax=&#8220;off&#8220; parallax_method=&#8220;off&#8220; padding_mobile=&#8220;off&#8220; module_class=&#8220;default_title&#8220; make_fullwidth=&#8220;off&#8220; use_custom_width=&#8220;off&#8220; width_unit=&#8220;on&#8220; make_equal=&#8220;off&#8220; use_custom_gutter=&#8220;off&#8220;][et_pb_row admin_label=&#8220;row&#8220;][et_pb_column type=&#8220;4_4&#8243;][et_pb_text admin_label=&#8220;Text&#8220; saved_tabs=&#8220;all&#8220; background_layout=&#8220;light&#8220; text_orientation=&#8220;left&#8220; use_border_color=&#8220;off&#8220; border_color=&#8220;#ffffff&#8220; border_style=&#8220;solid&#8220;]<\/p>\n<h1>Das Heldendenkmal und das Denkmal der sowjetischen Soldaten<\/h1>\n<p>[\/et_pb_text][\/et_pb_column][\/et_pb_row][\/et_pb_section][et_pb_section admin_label=&#8220;section&#8220; fullwidth=&#8220;off&#8220; specialty=&#8220;off&#8220; transparent_background=&#8220;off&#8220; allow_player_pause=&#8220;off&#8220; inner_shadow=&#8220;off&#8220; parallax=&#8220;off&#8220; parallax_method=&#8220;off&#8220; padding_mobile=&#8220;off&#8220; module_class=&#8220;default_section obiectiv_turistic_main cnipt_net&#8220; make_fullwidth=&#8220;off&#8220; use_custom_width=&#8220;off&#8220; width_unit=&#8220;on&#8220; make_equal=&#8220;off&#8220; use_custom_gutter=&#8220;off&#8220;][et_pb_row admin_label=&#8220;row&#8220; make_fullwidth=&#8220;off&#8220; use_custom_width=&#8220;off&#8220; width_unit=&#8220;on&#8220; use_custom_gutter=&#8220;off&#8220; padding_mobile=&#8220;off&#8220; module_class=&#8220;full_image_obt&#8220; allow_player_pause=&#8220;off&#8220; parallax=&#8220;off&#8220; parallax_method=&#8220;off&#8220; make_equal=&#8220;off&#8220;][et_pb_column type=&#8220;4_4&#8243;][et_pb_image admin_label=&#8220;Image&#8220; src=&#8220;\/wp-content\/uploads\/2015\/10\/11205.jpg&#8220; show_in_lightbox=&#8220;off&#8220; url_new_window=&#8220;off&#8220; animation=&#8220;off&#8220; sticky=&#8220;off&#8220; align=&#8220;left&#8220; force_fullwidth=&#8220;off&#8220; always_center_on_mobile=&#8220;on&#8220; use_border_color=&#8220;off&#8220; border_color=&#8220;#ffffff&#8220; border_style=&#8220;solid&#8220;]<\/p>\n<p>[\/et_pb_image][\/et_pb_column][\/et_pb_row][et_pb_row admin_label=&#8220;row&#8220; make_fullwidth=&#8220;off&#8220; use_custom_width=&#8220;off&#8220; width_unit=&#8220;on&#8220; use_custom_gutter=&#8220;off&#8220; padding_mobile=&#8220;off&#8220; module_class=&#8220;round_img_obt&#8220; allow_player_pause=&#8220;off&#8220; parallax=&#8220;off&#8220; parallax_method=&#8220;off&#8220; make_equal=&#8220;off&#8220;][et_pb_column type=&#8220;1_2&#8243;][et_pb_code admin_label=&#8220;Code&#8220; module_class=&#8220;et_pb_image flip-container&#8220;]&lt;div id=&quot;card&quot; class=&quot;flipper&quot;&gt;<br \/>\n&lt;div class=&quot;front&quot;&gt;&lt;img src=&quot;http:\/\/www.viziteazatarguneamt.ro\/wp-content\/uploads\/2015\/10\/4505.jpg&quot; \/&gt;&lt;\/div&gt;<br \/>\n&lt;div class=&quot;obt_img_hover back&quot;&gt;&lt;p&gt;1926&lt;\/p&gt;&lt;\/div&gt;<br \/>\n&lt;\/div&gt;[\/et_pb_code][et_pb_text admin_label=&#8220;Text&#8220; background_layout=&#8220;light&#8220; text_orientation=&#8220;left&#8220; use_border_color=&#8220;off&#8220; border_color=&#8220;#ffffff&#8220; border_style=&#8220;solid&#8220; module_class=&#8220;cnipt_cont&#8220;]<\/p>\n<div class=\"cnipt_title drop_open_x\" onclick=\"animatieOpen(this)\">1926<span class=\"pointer_down_left\"><\/span><span class=\"pointer_down_right\"><\/span><\/div>\n<div class=\"test\">\n<p>Vor der Hl.-Nikolaus-Kirche in T\u00eergu Neamt, in einem rund 2.000 Quadratmetern gro\u03b2en Park kann man das Heldendenkmal besichtigen. Das Bauwerk wurde 1926 zu Ehren der aus Neam\u0163 gefallenenen Helden im Gro\u00dfen Krieg der Wiedervereinigung der Nation aus 1916- 1919 gebaut. Aus Stein erbaut, in einem zwischen die  zwei Weltkriege spezifischen architektonischen Stil der Gedenkst\u00e4tten in Rum\u00e4nien hat das Denkmal drei Marmorplatten auf der Au\u03b2enseite und seitlich des Denkmals. <\/p>\n<\/div>\n<p>[\/et_pb_text][\/et_pb_column][et_pb_column type=&#8220;1_2&#8243;][et_pb_code admin_label=&#8220;Code&#8220; module_class=&#8220;et_pb_image flip-container&#8220;]&lt;div id=&quot;card&quot; class=&quot;flipper&quot;&gt;<br \/>\n&lt;div class=&quot;front&quot;&gt;&lt;img src=&quot;http:\/\/www.viziteazatarguneamt.ro\/wp-content\/uploads\/2015\/10\/450_25.jpg&quot; \/&gt;&lt;\/div&gt;<br \/>\n&lt;div class=&quot;obt_img_hover back&quot;&gt;&lt;p&gt;1916 \u2013 1919&lt;\/p&gt;&lt;\/div&gt;<br \/>\n&lt;\/div&gt;[\/et_pb_code][et_pb_text admin_label=&#8220;Text&#8220; background_layout=&#8220;light&#8220; text_orientation=&#8220;left&#8220; use_border_color=&#8220;off&#8220; border_color=&#8220;#ffffff&#8220; border_style=&#8220;solid&#8220; module_class=&#8220;cnipt_cont&#8220;]<\/p>\n<div class=\"cnipt_title drop_open_x\" onclick=\"animatieOpen(this)\">1916 \u2013 1919<span class=\"pointer_down_left\"><\/span><span class=\"pointer_down_right\"><\/span><\/div>\n<div class=\"test\">\n<p>Auf der Hauptfassade, unter dem Kreuz, ist den Zeitraum zwischen 1916 \u2013 1919 eingetragen, wenn Rum\u00e4nien mit gro\u00dfem Aufwand, an den Sieg der Entente gegen die Mittelm\u00e4chte teilgenommen hat. Weiterhin, nach der Anordnung der milit\u00e4rischen Dienstgrade, sind die gefallenen Helden des Krieges eingetragen. Auf der vorderen rechten Seite, unter dem Motto &#8222;UM HELDEN WEINT MAN NICHT, MAN VEREHRT SIE&#8220;, liegt die Inschrift &#8222;Zur ewigen Verehrung der auf dem Altar des Landes gefallenen Helden aus dem Vorort \u0162u\u0163ueni.&#8220;<br \/>\nEs wurde im Jahre 1926 dank der Arbeit eines Komitees unter dem Vorsitz von Herrn \u201eOberst Fotin A.&#8220; erbaut. Auf der Vorderseite der linken Seite sind &#8222;diejenigen, die durch Ausdauer und Spende beigetragen haben&#8220; erw\u00e4hnt.<br \/>\nNach dem Zweiten Weltkrieg, hier in diesem Park, wurde ein Denkmal der sowjetischen Soldaten  geweiht, die im Kampf um die Stadt Tirgu Neamt im Sommer 1944 gefallen sind.\n<\/p>\n<\/div>\n<p>[\/et_pb_text][\/et_pb_column][\/et_pb_row][\/et_pb_section][et_pb_section admin_label=&#8220;section&#8220; fullwidth=&#8220;off&#8220; specialty=&#8220;off&#8220; transparent_background=&#8220;off&#8220; allow_player_pause=&#8220;off&#8220; inner_shadow=&#8220;off&#8220; parallax=&#8220;off&#8220; parallax_method=&#8220;off&#8220; padding_mobile=&#8220;off&#8220; module_class=&#8220;harta_oras&#8220; make_fullwidth=&#8220;off&#8220; use_custom_width=&#8220;off&#8220; width_unit=&#8220;on&#8220; make_equal=&#8220;off&#8220; use_custom_gutter=&#8220;off&#8220;][et_pb_row admin_label=&#8220;row&#8220;][et_pb_column type=&#8220;4_4&#8243;][et_pb_text admin_label=&#8220;Text&#8220; background_layout=&#8220;light&#8220; text_orientation=&#8220;left&#8220; use_border_color=&#8220;off&#8220; border_color=&#8220;#ffffff&#8220; border_style=&#8220;solid&#8220;]<\/p>\n<h2>Umgebungskarte<\/h2>\n<p>Sie wissen nicht, Ihre Stadt ? Kein Problem , die L\u00f6sung ist nur einen Klick entfernt !<\/p>\n<p> <a href=\"\/de\/landkarte-des-bezirk-neamt\/\">Karte anzeigen<\/a><\/p>\n<p>[\/et_pb_text][\/et_pb_column][\/et_pb_row][\/et_pb_section][et_pb_section admin_label=&#8220;section&#8220; fullwidth=&#8220;off&#8220; specialty=&#8220;off&#8220; transparent_background=&#8220;off&#8220; allow_player_pause=&#8220;off&#8220; inner_shadow=&#8220;off&#8220; parallax=&#8220;off&#8220; parallax_method=&#8220;off&#8220; padding_mobile=&#8220;off&#8220; module_class=&#8220;default_section harta_obiective&#8220; make_fullwidth=&#8220;off&#8220; use_custom_width=&#8220;off&#8220; width_unit=&#8220;on&#8220; make_equal=&#8220;off&#8220; use_custom_gutter=&#8220;off&#8220;][et_pb_row admin_label=&#8220;row&#8220;][et_pb_column type=&#8220;4_4&#8243;][et_pb_map admin_label=&#8220;Map&#8220; address=&#8220;Targu Neamt, Romania&#8220; zoom_level=&#8220;12&#8243; address_lat=&#8220;47.21220279531543&#8243; address_lng=&#8220;26.33095112049635&#8243; mouse_wheel=&#8220;off&#8220; use_grayscale_filter=&#8220;off&#8220;]<\/p>\n<p>[et_pb_map_pin pin_address=&#8220;Aleea Monumentului, T\u00e2rgu Neam\u021b, Rom\u00e2nia&#8220; pin_address_lat=&#8220;47.21255902718665&#8243; pin_address_lng=&#8220;26.361481778942903&#8243; title=&#8220;Monumentul Eroilor&#8220;]<\/p>\n<p>[\/et_pb_map_pin]<\/p>\n<p>[\/et_pb_map][\/et_pb_column][\/et_pb_row][\/et_pb_section]<\/p>\n","protected":false},"excerpt":{"rendered":"<p>[et_pb_section admin_label=&#8220;section&#8220; transparent_background=&#8220;off&#8220; allow_player_pause=&#8220;off&#8220; inner_shadow=&#8220;off&#8220; parallax=&#8220;off&#8220; parallax_method=&#8220;off&#8220; padding_mobile=&#8220;off&#8220; module_class=&#8220;default_title&#8220; make_fullwidth=&#8220;off&#8220; use_custom_width=&#8220;off&#8220; width_unit=&#8220;on&#8220; make_equal=&#8220;off&#8220; use_custom_gutter=&#8220;off&#8220;][et_pb_row admin_label=&#8220;row&#8220;][et_pb_column type=&#8220;4_4&#8243;][et_pb_text admin_label=&#8220;Text&#8220; saved_tabs=&#8220;all&#8220; background_layout=&#8220;light&#8220; text_orientation=&#8220;left&#8220; use_border_color=&#8220;off&#8220; border_color=&#8220;#ffffff&#8220; border_style=&#8220;solid&#8220;] Das Heldendenkmal und das Denkmal der sowjetischen Soldaten [\/et_pb_text][\/et_pb_column][\/et_pb_row][\/et_pb_section][et_pb_section admin_label=&#8220;section&#8220; fullwidth=&#8220;off&#8220; specialty=&#8220;off&#8220; transparent_background=&#8220;off&#8220; allow_player_pause=&#8220;off&#8220; inner_shadow=&#8220;off&#8220; parallax=&#8220;off&#8220; parallax_method=&#8220;off&#8220; padding_mobile=&#8220;off&#8220; module_class=&#8220;default_section obiectiv_turistic_main cnipt_net&#8220; make_fullwidth=&#8220;off&#8220; use_custom_width=&#8220;off&#8220; width_unit=&#8220;on&#8220; make_equal=&#8220;off&#8220; use_custom_gutter=&#8220;off&#8220;][et_pb_row admin_label=&#8220;row&#8220; make_fullwidth=&#8220;off&#8220; use_custom_width=&#8220;off&#8220; width_unit=&#8220;on&#8220; use_custom_gutter=&#8220;off&#8220; padding_mobile=&#8220;off&#8220; [&hellip;]<\/p>\n","protected":false},"author":2,"featured_media":0,"parent":0,"menu_order":0,"comment_status":"closed","ping_status":"closed","template":"","meta":{"_et_pb_use_builder":"on","_et_pb_old_content":"","_et_gb_content_width":"","footnotes":""},"class_list":["post-1899","page","type-page","status-publish","hentry"],"yoast_head":"<!-- This site is optimized with the Yoast SEO plugin v27.5 - https:\/\/yoast.com\/product\/yoast-seo-wordpress\/ -->\n<title>Das Heldendenkmal und das Denkmal der sowjetischen Soldaten - Targu Neamt<\/title>\n<meta name=\"robots\" content=\"index, follow, max-snippet:-1, max-image-preview:large, max-video-preview:-1\" \/>\n<link rel=\"canonical\" href=\"https:\/\/viziteazatarguneamt.ro\/de\/das-heldendenkmal-und-das-denkmal-der-sowjetischen-soldaten\/\" \/>\n<meta property=\"og:locale\" content=\"de_DE\" \/>\n<meta property=\"og:type\" content=\"article\" \/>\n<meta property=\"og:title\" content=\"Das Heldendenkmal und das Denkmal der sowjetischen Soldaten - Targu Neamt\" \/>\n<meta property=\"og:description\" content=\"[et_pb_section admin_label=&#8220;section&#8220; transparent_background=&#8220;off&#8220; allow_player_pause=&#8220;off&#8220; inner_shadow=&#8220;off&#8220; parallax=&#8220;off&#8220; parallax_method=&#8220;off&#8220; padding_mobile=&#8220;off&#8220; module_class=&#8220;default_title&#8220; make_fullwidth=&#8220;off&#8220; use_custom_width=&#8220;off&#8220; width_unit=&#8220;on&#8220; make_equal=&#8220;off&#8220; use_custom_gutter=&#8220;off&#8220;][et_pb_row admin_label=&#8220;row&#8220;][et_pb_column type=&#8220;4_4&#8243;][et_pb_text admin_label=&#8220;Text&#8220; saved_tabs=&#8220;all&#8220; background_layout=&#8220;light&#8220; text_orientation=&#8220;left&#8220; use_border_color=&#8220;off&#8220; border_color=&#8220;#ffffff&#8220; border_style=&#8220;solid&#8220;] Das Heldendenkmal und das Denkmal der sowjetischen Soldaten [\/et_pb_text][\/et_pb_column][\/et_pb_row][\/et_pb_section][et_pb_section admin_label=&#8220;section&#8220; fullwidth=&#8220;off&#8220; specialty=&#8220;off&#8220; transparent_background=&#8220;off&#8220; allow_player_pause=&#8220;off&#8220; inner_shadow=&#8220;off&#8220; parallax=&#8220;off&#8220; parallax_method=&#8220;off&#8220; padding_mobile=&#8220;off&#8220; module_class=&#8220;default_section obiectiv_turistic_main cnipt_net&#8220; make_fullwidth=&#8220;off&#8220; use_custom_width=&#8220;off&#8220; width_unit=&#8220;on&#8220; make_equal=&#8220;off&#8220; use_custom_gutter=&#8220;off&#8220;][et_pb_row admin_label=&#8220;row&#8220; make_fullwidth=&#8220;off&#8220; use_custom_width=&#8220;off&#8220; width_unit=&#8220;on&#8220; use_custom_gutter=&#8220;off&#8220; padding_mobile=&#8220;off&#8220; [&hellip;]\" \/>\n<meta property=\"og:url\" content=\"https:\/\/viziteazatarguneamt.ro\/de\/das-heldendenkmal-und-das-denkmal-der-sowjetischen-soldaten\/\" \/>\n<meta property=\"og:site_name\" content=\"Targu Neamt\" \/>\n<meta property=\"article:modified_time\" content=\"2015-10-15T17:52:27+00:00\" \/>\n<meta name=\"twitter:card\" content=\"summary_large_image\" \/>\n<meta name=\"twitter:label1\" content=\"Gesch\u00e4tzte Lesezeit\" \/>\n\t<meta name=\"twitter:data1\" content=\"5\u00a0Minuten\" \/>\n<script type=\"application\/ld+json\" class=\"yoast-schema-graph\">{\"@context\":\"https:\\\/\\\/schema.org\",\"@graph\":[{\"@type\":\"WebPage\",\"@id\":\"https:\\\/\\\/viziteazatarguneamt.ro\\\/de\\\/das-heldendenkmal-und-das-denkmal-der-sowjetischen-soldaten\\\/\",\"url\":\"https:\\\/\\\/viziteazatarguneamt.ro\\\/de\\\/das-heldendenkmal-und-das-denkmal-der-sowjetischen-soldaten\\\/\",\"name\":\"Das Heldendenkmal und das Denkmal der sowjetischen Soldaten - Targu Neamt\",\"isPartOf\":{\"@id\":\"https:\\\/\\\/viziteazatarguneamt.ro\\\/#website\"},\"datePublished\":\"2015-10-06T07:42:30+00:00\",\"dateModified\":\"2015-10-15T17:52:27+00:00\",\"breadcrumb\":{\"@id\":\"https:\\\/\\\/viziteazatarguneamt.ro\\\/de\\\/das-heldendenkmal-und-das-denkmal-der-sowjetischen-soldaten\\\/#breadcrumb\"},\"inLanguage\":\"de\",\"potentialAction\":[{\"@type\":\"ReadAction\",\"target\":[\"https:\\\/\\\/viziteazatarguneamt.ro\\\/de\\\/das-heldendenkmal-und-das-denkmal-der-sowjetischen-soldaten\\\/\"]}]},{\"@type\":\"BreadcrumbList\",\"@id\":\"https:\\\/\\\/viziteazatarguneamt.ro\\\/de\\\/das-heldendenkmal-und-das-denkmal-der-sowjetischen-soldaten\\\/#breadcrumb\",\"itemListElement\":[{\"@type\":\"ListItem\",\"position\":1,\"name\":\"Acas\u0103\",\"item\":\"https:\\\/\\\/viziteazatarguneamt.ro\\\/de\\\/\"},{\"@type\":\"ListItem\",\"position\":2,\"name\":\"Das Heldendenkmal und das Denkmal der sowjetischen Soldaten\"}]},{\"@type\":\"WebSite\",\"@id\":\"https:\\\/\\\/viziteazatarguneamt.ro\\\/#website\",\"url\":\"https:\\\/\\\/viziteazatarguneamt.ro\\\/\",\"name\":\"Targu Neamt\",\"description\":\"CNIPT\",\"potentialAction\":[{\"@type\":\"SearchAction\",\"target\":{\"@type\":\"EntryPoint\",\"urlTemplate\":\"https:\\\/\\\/viziteazatarguneamt.ro\\\/?s={search_term_string}\"},\"query-input\":{\"@type\":\"PropertyValueSpecification\",\"valueRequired\":true,\"valueName\":\"search_term_string\"}}],\"inLanguage\":\"de\"}]}<\/script>\n<!-- \/ Yoast SEO plugin. -->","yoast_head_json":{"title":"Das Heldendenkmal und das Denkmal der sowjetischen Soldaten - Targu Neamt","robots":{"index":"index","follow":"follow","max-snippet":"max-snippet:-1","max-image-preview":"max-image-preview:large","max-video-preview":"max-video-preview:-1"},"canonical":"https:\/\/viziteazatarguneamt.ro\/de\/das-heldendenkmal-und-das-denkmal-der-sowjetischen-soldaten\/","og_locale":"de_DE","og_type":"article","og_title":"Das Heldendenkmal und das Denkmal der sowjetischen Soldaten - Targu Neamt","og_description":"[et_pb_section admin_label=&#8220;section&#8220; transparent_background=&#8220;off&#8220; allow_player_pause=&#8220;off&#8220; inner_shadow=&#8220;off&#8220; parallax=&#8220;off&#8220; parallax_method=&#8220;off&#8220; padding_mobile=&#8220;off&#8220; module_class=&#8220;default_title&#8220; make_fullwidth=&#8220;off&#8220; use_custom_width=&#8220;off&#8220; width_unit=&#8220;on&#8220; make_equal=&#8220;off&#8220; use_custom_gutter=&#8220;off&#8220;][et_pb_row admin_label=&#8220;row&#8220;][et_pb_column type=&#8220;4_4&#8243;][et_pb_text admin_label=&#8220;Text&#8220; saved_tabs=&#8220;all&#8220; background_layout=&#8220;light&#8220; text_orientation=&#8220;left&#8220; use_border_color=&#8220;off&#8220; border_color=&#8220;#ffffff&#8220; border_style=&#8220;solid&#8220;] Das Heldendenkmal und das Denkmal der sowjetischen Soldaten [\/et_pb_text][\/et_pb_column][\/et_pb_row][\/et_pb_section][et_pb_section admin_label=&#8220;section&#8220; fullwidth=&#8220;off&#8220; specialty=&#8220;off&#8220; transparent_background=&#8220;off&#8220; allow_player_pause=&#8220;off&#8220; inner_shadow=&#8220;off&#8220; parallax=&#8220;off&#8220; parallax_method=&#8220;off&#8220; padding_mobile=&#8220;off&#8220; module_class=&#8220;default_section obiectiv_turistic_main cnipt_net&#8220; make_fullwidth=&#8220;off&#8220; use_custom_width=&#8220;off&#8220; width_unit=&#8220;on&#8220; make_equal=&#8220;off&#8220; use_custom_gutter=&#8220;off&#8220;][et_pb_row admin_label=&#8220;row&#8220; make_fullwidth=&#8220;off&#8220; use_custom_width=&#8220;off&#8220; width_unit=&#8220;on&#8220; use_custom_gutter=&#8220;off&#8220; padding_mobile=&#8220;off&#8220; [&hellip;]","og_url":"https:\/\/viziteazatarguneamt.ro\/de\/das-heldendenkmal-und-das-denkmal-der-sowjetischen-soldaten\/","og_site_name":"Targu Neamt","article_modified_time":"2015-10-15T17:52:27+00:00","twitter_card":"summary_large_image","twitter_misc":{"Gesch\u00e4tzte Lesezeit":"5\u00a0Minuten"},"schema":{"@context":"https:\/\/schema.org","@graph":[{"@type":"WebPage","@id":"https:\/\/viziteazatarguneamt.ro\/de\/das-heldendenkmal-und-das-denkmal-der-sowjetischen-soldaten\/","url":"https:\/\/viziteazatarguneamt.ro\/de\/das-heldendenkmal-und-das-denkmal-der-sowjetischen-soldaten\/","name":"Das Heldendenkmal und das Denkmal der sowjetischen Soldaten - Targu Neamt","isPartOf":{"@id":"https:\/\/viziteazatarguneamt.ro\/#website"},"datePublished":"2015-10-06T07:42:30+00:00","dateModified":"2015-10-15T17:52:27+00:00","breadcrumb":{"@id":"https:\/\/viziteazatarguneamt.ro\/de\/das-heldendenkmal-und-das-denkmal-der-sowjetischen-soldaten\/#breadcrumb"},"inLanguage":"de","potentialAction":[{"@type":"ReadAction","target":["https:\/\/viziteazatarguneamt.ro\/de\/das-heldendenkmal-und-das-denkmal-der-sowjetischen-soldaten\/"]}]},{"@type":"BreadcrumbList","@id":"https:\/\/viziteazatarguneamt.ro\/de\/das-heldendenkmal-und-das-denkmal-der-sowjetischen-soldaten\/#breadcrumb","itemListElement":[{"@type":"ListItem","position":1,"name":"Acas\u0103","item":"https:\/\/viziteazatarguneamt.ro\/de\/"},{"@type":"ListItem","position":2,"name":"Das Heldendenkmal und das Denkmal der sowjetischen Soldaten"}]},{"@type":"WebSite","@id":"https:\/\/viziteazatarguneamt.ro\/#website","url":"https:\/\/viziteazatarguneamt.ro\/","name":"Targu Neamt","description":"CNIPT","potentialAction":[{"@type":"SearchAction","target":{"@type":"EntryPoint","urlTemplate":"https:\/\/viziteazatarguneamt.ro\/?s={search_term_string}"},"query-input":{"@type":"PropertyValueSpecification","valueRequired":true,"valueName":"search_term_string"}}],"inLanguage":"de"}]}},"_links":{"self":[{"href":"https:\/\/viziteazatarguneamt.ro\/de\/wp-json\/wp\/v2\/pages\/1899","targetHints":{"allow":["GET"]}}],"collection":[{"href":"https:\/\/viziteazatarguneamt.ro\/de\/wp-json\/wp\/v2\/pages"}],"about":[{"href":"https:\/\/viziteazatarguneamt.ro\/de\/wp-json\/wp\/v2\/types\/page"}],"author":[{"embeddable":true,"href":"https:\/\/viziteazatarguneamt.ro\/de\/wp-json\/wp\/v2\/users\/2"}],"replies":[{"embeddable":true,"href":"https:\/\/viziteazatarguneamt.ro\/de\/wp-json\/wp\/v2\/comments?post=1899"}],"version-history":[{"count":3,"href":"https:\/\/viziteazatarguneamt.ro\/de\/wp-json\/wp\/v2\/pages\/1899\/revisions"}],"predecessor-version":[{"id":2366,"href":"https:\/\/viziteazatarguneamt.ro\/de\/wp-json\/wp\/v2\/pages\/1899\/revisions\/2366"}],"wp:attachment":[{"href":"https:\/\/viziteazatarguneamt.ro\/de\/wp-json\/wp\/v2\/media?parent=1899"}],"curies":[{"name":"wp","href":"https:\/\/api.w.org\/{rel}","templated":true}]}}