{"id":1909,"date":"2015-10-06T05:48:12","date_gmt":"2015-10-06T05:48:12","guid":{"rendered":"http:\/\/www.viziteazatarguneamt.ro\/de\/muzeul-memorial-ion-creanga-din-humulesti\/"},"modified":"2015-10-15T21:01:00","modified_gmt":"2015-10-15T18:01:00","slug":"gedenkhaus-ion-creanga-aus-humulesti","status":"publish","type":"page","link":"https:\/\/viziteazatarguneamt.ro\/de\/gedenkhaus-ion-creanga-aus-humulesti\/","title":{"rendered":"Gedenkhaus \u201cIon Creang\u0103\u201d aus Humule\u0219ti"},"content":{"rendered":"<p>[et_pb_section admin_label=&#8220;section&#8220; transparent_background=&#8220;off&#8220; allow_player_pause=&#8220;off&#8220; inner_shadow=&#8220;off&#8220; parallax=&#8220;off&#8220; parallax_method=&#8220;off&#8220; padding_mobile=&#8220;off&#8220; module_class=&#8220;default_title&#8220; make_fullwidth=&#8220;off&#8220; use_custom_width=&#8220;off&#8220; width_unit=&#8220;on&#8220; make_equal=&#8220;off&#8220; use_custom_gutter=&#8220;off&#8220;][et_pb_row admin_label=&#8220;row&#8220;][et_pb_column type=&#8220;4_4&#8243;][et_pb_text admin_label=&#8220;Text&#8220; saved_tabs=&#8220;all&#8220; background_layout=&#8220;light&#8220; text_orientation=&#8220;left&#8220; use_border_color=&#8220;off&#8220; border_color=&#8220;#ffffff&#8220; border_style=&#8220;solid&#8220;]<\/p>\n<h1>Gedenkhaus \u201cIon Creang\u0103\u201d aus Humule\u0219ti<\/h1>\n<p>[\/et_pb_text][\/et_pb_column][\/et_pb_row][\/et_pb_section][et_pb_section admin_label=&#8220;section&#8220; fullwidth=&#8220;off&#8220; specialty=&#8220;off&#8220; transparent_background=&#8220;off&#8220; allow_player_pause=&#8220;off&#8220; inner_shadow=&#8220;off&#8220; parallax=&#8220;off&#8220; parallax_method=&#8220;off&#8220; padding_mobile=&#8220;off&#8220; module_class=&#8220;default_section obiectiv_turistic_main cnipt_net&#8220; make_fullwidth=&#8220;off&#8220; use_custom_width=&#8220;off&#8220; width_unit=&#8220;on&#8220; make_equal=&#8220;off&#8220; use_custom_gutter=&#8220;off&#8220;][et_pb_row admin_label=&#8220;row&#8220; make_fullwidth=&#8220;off&#8220; use_custom_width=&#8220;off&#8220; width_unit=&#8220;on&#8220; use_custom_gutter=&#8220;off&#8220; padding_mobile=&#8220;off&#8220; module_class=&#8220;full_image_obt&#8220; allow_player_pause=&#8220;off&#8220; parallax=&#8220;off&#8220; parallax_method=&#8220;off&#8220; make_equal=&#8220;off&#8220;][et_pb_column type=&#8220;4_4&#8243;][et_pb_image admin_label=&#8220;Image&#8220; src=&#8220;\/wp-content\/uploads\/2015\/10\/creanga_banner.jpg&#8220; show_in_lightbox=&#8220;off&#8220; url_new_window=&#8220;off&#8220; animation=&#8220;off&#8220; sticky=&#8220;off&#8220; align=&#8220;left&#8220; force_fullwidth=&#8220;off&#8220; always_center_on_mobile=&#8220;on&#8220; use_border_color=&#8220;off&#8220; border_color=&#8220;#ffffff&#8220; border_style=&#8220;solid&#8220;]<\/p>\n<p>[\/et_pb_image][\/et_pb_column][\/et_pb_row][et_pb_row admin_label=&#8220;R\u00e2nd&#8220; make_fullwidth=&#8220;off&#8220; use_custom_width=&#8220;off&#8220; width_unit=&#8220;on&#8220; use_custom_gutter=&#8220;off&#8220; padding_mobile=&#8220;off&#8220; module_class=&#8220;round_img_obt&#8220; allow_player_pause=&#8220;off&#8220; parallax=&#8220;off&#8220; parallax_method=&#8220;off&#8220; make_equal=&#8220;off&#8220; column_padding_mobile=&#8220;on&#8220;][et_pb_column type=&#8220;1_3&#8243;][et_pb_code admin_label=&#8220;Code&#8220; module_class=&#8220;et_pb_image flip-container&#8220;]&lt;div id=&quot;card&quot; class=&quot;flipper&quot;&gt;<br \/>\n&lt;div class=&quot;front&quot;&gt;&lt;img src=&quot;http:\/\/www.viziteazatarguneamt.ro\/wp-content\/uploads\/2015\/10\/450_26.jpg&quot; \/&gt;&lt;\/div&gt;<br \/>\n&lt;div class=&quot;obt_img_hover back&quot;&gt;&lt;p&gt;der Kindheitserinnerungen&lt;\/p&gt;&lt;\/div&gt;<br \/>\n&lt;\/div&gt;[\/et_pb_code][et_pb_text admin_label=&#8220;Text&#8220; background_layout=&#8220;light&#8220; text_orientation=&#8220;left&#8220; use_border_color=&#8220;off&#8220; border_color=&#8220;#ffffff&#8220; border_style=&#8220;solid&#8220; module_class=&#8220;cnipt_cont&#8220;]<\/p>\n<div class=\"cnipt_title drop_open_x\" onclick=\"animatieOpen(this)\">der Kindheitserinnerungen<span class=\"pointer_down_left\"><\/span><span class=\"pointer_down_right\"><\/span><\/div>\n<div class=\"test\">\n<p>\u201cIch wei\u03b2 nicht wie die anderen sind, aber wenn ich an meinen Geburtsort, an mein Elternhaus aus Humule\u015fti, an die St\u0171tze des Rauchfanges denke, wo die Mutter am Ende einer Schnur am Ofengesims des Herdes Haarsch\u00f6pfen bandte und die Katzen damit bis zum Bersten spielten, davon habe ich meine erste Schritte gest\u0171tzt; wenn ich an den Herd denke, auf dem ich mich so oft versteckte als wir, die Jungs das Versteckspiel spielten, und an andere Spiele und Spielzeuge, die den Reiz und Zauber der Kindheit ausmachen, dann springt mir auch jetzt noch das Herz vor Freude.\u201d<\/p>\n<p>Die Worten der Kindheitserinnerungen beschreiben die Hausatmosph\u00e4re des Schriftstellers Ion Creanga aus Humulesti heute noch wahrheitsgetreu wie vor zwei Jahrhunderten. Das Haus, wo Ion Creanga geboren und aufgewachsen ist, wurde im Jahre 1830 von Petrea Ciubotariul Gro\u00dfvater des gro\u00dfartigen Geschichtenerz\u00e4hleres gebaut und wurde als Museum 1951 angeordnet. <\/p>\n<p>Unbestreitbaren touristischen Marken, der Erz\u00e4hler Ion Creang\u0103 und sein H\u00e4uschen aus Humulesti verleihen dem Ort einen besonderen Glanz, so dass jeder Rum\u00e4ne hier nach seinen Wurzeln und seinen eigenen Erinnerungen sucht. <\/p>\n<p>Aus dem Strau\u00df der kulturellen Sehensw\u00fcrdigkeiten von Neamt ist Creanga-Haus in Humulesti die zentrale Blume.\n<\/p>\n<\/div>\n<p>[\/et_pb_text][\/et_pb_column][et_pb_column type=&#8220;1_3&#8243;][et_pb_code admin_label=&#8220;Code&#8220; module_class=&#8220;et_pb_image flip-container&#8220;]&lt;div id=&quot;card&quot; class=&quot;flipper&quot;&gt;<br \/>\n&lt;div class=&quot;front&quot;&gt;&lt;img src=&quot;http:\/\/www.viziteazatarguneamt.ro\/wp-content\/uploads\/2015\/10\/4506.jpg&quot; \/&gt;&lt;\/div&gt;<br \/>\n&lt;div class=&quot;obt_img_hover back&quot;&gt;&lt;p&gt;Spezifische Ziele Wetter&lt;\/p&gt;&lt;\/div&gt;<br \/>\n&lt;\/div&gt;[\/et_pb_code][et_pb_text admin_label=&#8220;Text&#8220; background_layout=&#8220;light&#8220; text_orientation=&#8220;left&#8220; use_border_color=&#8220;off&#8220; border_color=&#8220;#ffffff&#8220; border_style=&#8220;solid&#8220; module_class=&#8220;cnipt_cont&#8220;]<\/p>\n<div class=\"cnipt_title drop_open_x\" onclick=\"animatieOpen(this)\">Spezifische Ziele Wetter<span class=\"pointer_down_left\"><\/span><span class=\"pointer_down_right\"><\/span><\/div>\n<div class=\"test\">\n<p>Unmittelbar nach der Er\u00f6ffnung des Gedenkhauses &#8222;Ion Creanga&#8220; aus Humulesti wurde es zu einem der meistbesuchten Museen. Jenseits von seiner historisch-literarischen und sentimentalen Bedeutung stellt das Museum ein sicheres Produkt der volkst\u00fcmlichen Architektur spezifisch f\u00fcr die Region und den entsprechenden Zeitraum dar. <\/p>\n<p>Das Gedenkhaus &#8222;Ion Creanga&#8220; aus Humulesti erz\u00e4hlt, auch ohne Worte, \u00fcber das wirkliche Leben einer Familie in einem moldawischen Dorf. Die Einfachheit wird hier synonym mit der Sch\u00f6nheit von dem durch Flechtwerk umringten Bauernhof, bis zum in wei\u00df sch\u00f6n gestrichenen Innenraum, wie ein Kindheitstraum.<\/p>\n<p>Drinnen sind bestimmte zeitspezifischen Objekte angelegt, die an den gro\u00dfen Erz\u00e4hler erinnern wie: das mit Wandteppichen bedecktem Sitzbrett um das Zimmer herum, den Hacken mit einigen Kleidungsst\u00fccken, Unschlittlampe, Heugabel und Spinnrad, Haspel, Tisch wo Ionic\u0103 die Buchstaben gelehrt hat, sowie auch das Studenbuch, das an seine Memoiren erinnern. Hinter dem Haus liegen unter einer Abdeckung von Brettern, die Haushaltsgegenst\u00e4nde und weitere landwirtschaftlichen Werkzeuge ausgestellt, die an die Beschreibungen des Erz\u00e4hlers erinnern. <\/p>\n<p>Die Exponate im Museum sind lebendige Zeugnisse des einfachen und bescheidenen Lebens, aber auch der Traditionen, in dessen Geist Nic\u0103, Sohn von \u015etefan a Petrii  erzogen war. Im Vorraum des Hauses ist eine Ausstellung von Archivdokumenten, Briefen, handsignierten Postkarten, Lehrb\u00fcchern , &#8220; Neue Alphabetisierungsmethode&#8220;, &#8222;Bildung der Kinder&#8220;, &#8222;Geografie des Iasikreises&#8220;, Kopien von Handschriften und Fotografien angeordnet.<\/p>\n<p>Heutzutage ist das Gedenkhaus &#8222;Ion Creanga&#8220; eines der meistbesuchten Museen im Land. J\u00e4hrlich \u00fcber 40.000 rum\u00e4nische und ausl\u00e4ndische Touristen w\u00e4hlen es zu betreten. Kinder sind von den Exponaten in den Hof angezogen, wo sie die Geschichten des gro\u00dfen Schriftstellers wieder aufleben k\u00f6nnen.\n<\/p>\n<\/div>\n<p>[\/et_pb_text][\/et_pb_column][et_pb_column type=&#8220;1_3&#8243;][et_pb_code admin_label=&#8220;Cod&#8220; module_class=&#8220;et_pb_image flip-container&#8220;]&lt;div id=&quot;card&quot; class=&quot;flipper&quot;&gt;<br \/>\n&lt;div class=&quot;front&quot;&gt;&lt;img src=&quot;http:\/\/www.viziteazatarguneamt.ro\/wp-content\/uploads\/2015\/10\/DETALII.png&quot; \/&gt;&lt;\/div&gt;<br \/>\n&lt;div class=&quot;obt_img_hover back&quot;&gt;&lt;p&gt;Einzelheiten&lt;\/p&gt;&lt;\/div&gt;<br \/>\n&lt;\/div&gt;[\/et_pb_code][et_pb_text admin_label=&#8220;Text&#8220; background_layout=&#8220;light&#8220; text_orientation=&#8220;left&#8220; module_class=&#8220;cnipt_cont&#8220; use_border_color=&#8220;off&#8220; border_color=&#8220;#ffffff&#8220; border_style=&#8220;solid&#8220;]<\/p>\n<div class=\"cnipt_title drop_open_x\" onclick=\"animatieOpen(this)\">Einzelheiten<span class=\"pointer_down_left\"><\/span><span class=\"pointer_down_right\"><\/span><\/div>\n<div class=\"test\">\n<p>\nAnschrift: Str. Ion Creang\u0103, nr. 8<br \/>\nTelefon: <a class=\"telefond\" href=\"tel:+4 0233.790.620\">+4 0233.790.620<\/a><br \/>\nZeitplan:<br \/>\nMontag: Geschlossen<br \/>\nDienstag &#8211; Sonntag: 10:00 &#8211; 18:00 (april-september)<br \/>\nDienstag &#8211; Sonntag: 09:00 &#8211; 17:00 (oktober-marsch)<br \/>\nVisitation Steuer:<br \/>\nStudenten, Milit\u00e4r: 2 lei<br \/>\nIndividuelle und Erwachsenengruppen: 4 lei<br \/>\nSchie\u00dfen und Drehsteuer: 10 lei<br \/>\nWeb: <a href=\"http:\/\/mmich.muzeu-neamt.ro\/\" target=\"_blank\">www.mmich.muzeu-neamt.ro<\/a>\n<\/p>\n<\/div>\n<p>[\/et_pb_text][\/et_pb_column][\/et_pb_row][\/et_pb_section][et_pb_section admin_label=&#8220;section&#8220; fullwidth=&#8220;off&#8220; specialty=&#8220;off&#8220; transparent_background=&#8220;off&#8220; allow_player_pause=&#8220;off&#8220; inner_shadow=&#8220;off&#8220; parallax=&#8220;off&#8220; parallax_method=&#8220;off&#8220; padding_mobile=&#8220;off&#8220; module_class=&#8220;harta_oras&#8220; make_fullwidth=&#8220;off&#8220; use_custom_width=&#8220;off&#8220; width_unit=&#8220;on&#8220; make_equal=&#8220;off&#8220; use_custom_gutter=&#8220;off&#8220;][et_pb_row admin_label=&#8220;row&#8220;][et_pb_column type=&#8220;4_4&#8243;][et_pb_text admin_label=&#8220;Text&#8220; background_layout=&#8220;light&#8220; text_orientation=&#8220;left&#8220; use_border_color=&#8220;off&#8220; border_color=&#8220;#ffffff&#8220; border_style=&#8220;solid&#8220;]<\/p>\n<h2>Umgebungskarte<\/h2>\n<p>Sie wissen nicht, Ihre Stadt ? Kein Problem , die L\u00f6sung ist nur einen Klick entfernt !<\/p>\n<p> <a href=\"\/de\/landkarte-des-bezirk-neamt\/\">Karte anzeigen<\/a><\/p>\n<p>[\/et_pb_text][\/et_pb_column][\/et_pb_row][\/et_pb_section][et_pb_section admin_label=&#8220;section&#8220; fullwidth=&#8220;off&#8220; specialty=&#8220;off&#8220; transparent_background=&#8220;off&#8220; allow_player_pause=&#8220;off&#8220; inner_shadow=&#8220;off&#8220; parallax=&#8220;off&#8220; parallax_method=&#8220;off&#8220; padding_mobile=&#8220;off&#8220; module_class=&#8220;default_section harta_obiective&#8220; make_fullwidth=&#8220;off&#8220; use_custom_width=&#8220;off&#8220; width_unit=&#8220;on&#8220; make_equal=&#8220;off&#8220; use_custom_gutter=&#8220;off&#8220;][et_pb_row admin_label=&#8220;row&#8220;][et_pb_column type=&#8220;4_4&#8243;][et_pb_map admin_label=&#8220;Map&#8220; address=&#8220;Targu Neamt, Romania&#8220; zoom_level=&#8220;15&#8243; address_lat=&#8220;47.196960406780455&#8243; address_lng=&#8220;26.368854293805256&#8243; mouse_wheel=&#8220;off&#8220; use_grayscale_filter=&#8220;off&#8220;]<\/p>\n<p>[et_pb_map_pin pin_address=&#8220;Strada Ozana, Humule\u0219ti 615200, Rom\u00e2nia&#8220; pin_address_lat=&#8220;47.19649408806131&#8243; pin_address_lng=&#8220;26.368605726086457&#8243; title=&#8220;Muzeul Memorial \u201eIon Creang\u0103\u201d din Humule\u0219ti&#8220;]<\/p>\n<p>[\/et_pb_map_pin]<\/p>\n<p>[\/et_pb_map][\/et_pb_column][\/et_pb_row][\/et_pb_section]<\/p>\n","protected":false},"excerpt":{"rendered":"<p>[et_pb_section admin_label=&#8220;section&#8220; transparent_background=&#8220;off&#8220; allow_player_pause=&#8220;off&#8220; inner_shadow=&#8220;off&#8220; parallax=&#8220;off&#8220; parallax_method=&#8220;off&#8220; padding_mobile=&#8220;off&#8220; module_class=&#8220;default_title&#8220; make_fullwidth=&#8220;off&#8220; use_custom_width=&#8220;off&#8220; width_unit=&#8220;on&#8220; make_equal=&#8220;off&#8220; use_custom_gutter=&#8220;off&#8220;][et_pb_row admin_label=&#8220;row&#8220;][et_pb_column type=&#8220;4_4&#8243;][et_pb_text admin_label=&#8220;Text&#8220; saved_tabs=&#8220;all&#8220; background_layout=&#8220;light&#8220; text_orientation=&#8220;left&#8220; use_border_color=&#8220;off&#8220; border_color=&#8220;#ffffff&#8220; border_style=&#8220;solid&#8220;] Gedenkhaus \u201cIon Creang\u0103\u201d aus Humule\u0219ti [\/et_pb_text][\/et_pb_column][\/et_pb_row][\/et_pb_section][et_pb_section admin_label=&#8220;section&#8220; fullwidth=&#8220;off&#8220; specialty=&#8220;off&#8220; transparent_background=&#8220;off&#8220; allow_player_pause=&#8220;off&#8220; inner_shadow=&#8220;off&#8220; parallax=&#8220;off&#8220; parallax_method=&#8220;off&#8220; padding_mobile=&#8220;off&#8220; module_class=&#8220;default_section obiectiv_turistic_main cnipt_net&#8220; make_fullwidth=&#8220;off&#8220; use_custom_width=&#8220;off&#8220; width_unit=&#8220;on&#8220; make_equal=&#8220;off&#8220; use_custom_gutter=&#8220;off&#8220;][et_pb_row admin_label=&#8220;row&#8220; make_fullwidth=&#8220;off&#8220; use_custom_width=&#8220;off&#8220; width_unit=&#8220;on&#8220; use_custom_gutter=&#8220;off&#8220; padding_mobile=&#8220;off&#8220; module_class=&#8220;full_image_obt&#8220; allow_player_pause=&#8220;off&#8220; parallax=&#8220;off&#8220; [&hellip;]<\/p>\n","protected":false},"author":2,"featured_media":0,"parent":0,"menu_order":0,"comment_status":"closed","ping_status":"closed","template":"","meta":{"_et_pb_use_builder":"on","_et_pb_old_content":"","_et_gb_content_width":"","footnotes":""},"class_list":["post-1909","page","type-page","status-publish","hentry"],"yoast_head":"<!-- This site is optimized with the Yoast SEO plugin v27.5 - https:\/\/yoast.com\/product\/yoast-seo-wordpress\/ -->\n<title>Gedenkhaus \u201cIon Creang\u0103\u201d aus Humule\u0219ti - Targu Neamt<\/title>\n<meta name=\"robots\" content=\"index, follow, max-snippet:-1, max-image-preview:large, max-video-preview:-1\" \/>\n<link rel=\"canonical\" href=\"https:\/\/viziteazatarguneamt.ro\/de\/gedenkhaus-ion-creanga-aus-humulesti\/\" \/>\n<meta property=\"og:locale\" content=\"de_DE\" \/>\n<meta property=\"og:type\" content=\"article\" \/>\n<meta property=\"og:title\" content=\"Gedenkhaus \u201cIon Creang\u0103\u201d aus Humule\u0219ti - Targu Neamt\" \/>\n<meta property=\"og:description\" content=\"[et_pb_section admin_label=&#8220;section&#8220; transparent_background=&#8220;off&#8220; allow_player_pause=&#8220;off&#8220; inner_shadow=&#8220;off&#8220; parallax=&#8220;off&#8220; parallax_method=&#8220;off&#8220; padding_mobile=&#8220;off&#8220; module_class=&#8220;default_title&#8220; make_fullwidth=&#8220;off&#8220; use_custom_width=&#8220;off&#8220; width_unit=&#8220;on&#8220; make_equal=&#8220;off&#8220; use_custom_gutter=&#8220;off&#8220;][et_pb_row admin_label=&#8220;row&#8220;][et_pb_column type=&#8220;4_4&#8243;][et_pb_text admin_label=&#8220;Text&#8220; saved_tabs=&#8220;all&#8220; background_layout=&#8220;light&#8220; text_orientation=&#8220;left&#8220; use_border_color=&#8220;off&#8220; border_color=&#8220;#ffffff&#8220; border_style=&#8220;solid&#8220;] Gedenkhaus \u201cIon Creang\u0103\u201d aus Humule\u0219ti [\/et_pb_text][\/et_pb_column][\/et_pb_row][\/et_pb_section][et_pb_section admin_label=&#8220;section&#8220; fullwidth=&#8220;off&#8220; specialty=&#8220;off&#8220; transparent_background=&#8220;off&#8220; allow_player_pause=&#8220;off&#8220; inner_shadow=&#8220;off&#8220; parallax=&#8220;off&#8220; parallax_method=&#8220;off&#8220; padding_mobile=&#8220;off&#8220; module_class=&#8220;default_section obiectiv_turistic_main cnipt_net&#8220; make_fullwidth=&#8220;off&#8220; use_custom_width=&#8220;off&#8220; width_unit=&#8220;on&#8220; make_equal=&#8220;off&#8220; use_custom_gutter=&#8220;off&#8220;][et_pb_row admin_label=&#8220;row&#8220; make_fullwidth=&#8220;off&#8220; use_custom_width=&#8220;off&#8220; width_unit=&#8220;on&#8220; use_custom_gutter=&#8220;off&#8220; padding_mobile=&#8220;off&#8220; module_class=&#8220;full_image_obt&#8220; allow_player_pause=&#8220;off&#8220; parallax=&#8220;off&#8220; [&hellip;]\" \/>\n<meta property=\"og:url\" content=\"https:\/\/viziteazatarguneamt.ro\/de\/gedenkhaus-ion-creanga-aus-humulesti\/\" \/>\n<meta property=\"og:site_name\" content=\"Targu Neamt\" \/>\n<meta property=\"article:modified_time\" content=\"2015-10-15T18:01:00+00:00\" \/>\n<meta name=\"twitter:card\" content=\"summary_large_image\" \/>\n<meta name=\"twitter:label1\" content=\"Gesch\u00e4tzte Lesezeit\" \/>\n\t<meta name=\"twitter:data1\" content=\"7\u00a0Minuten\" \/>\n<script type=\"application\/ld+json\" class=\"yoast-schema-graph\">{\"@context\":\"https:\\\/\\\/schema.org\",\"@graph\":[{\"@type\":\"WebPage\",\"@id\":\"https:\\\/\\\/viziteazatarguneamt.ro\\\/de\\\/gedenkhaus-ion-creanga-aus-humulesti\\\/\",\"url\":\"https:\\\/\\\/viziteazatarguneamt.ro\\\/de\\\/gedenkhaus-ion-creanga-aus-humulesti\\\/\",\"name\":\"Gedenkhaus \u201cIon Creang\u0103\u201d aus Humule\u0219ti - Targu Neamt\",\"isPartOf\":{\"@id\":\"https:\\\/\\\/viziteazatarguneamt.ro\\\/#website\"},\"datePublished\":\"2015-10-06T05:48:12+00:00\",\"dateModified\":\"2015-10-15T18:01:00+00:00\",\"breadcrumb\":{\"@id\":\"https:\\\/\\\/viziteazatarguneamt.ro\\\/de\\\/gedenkhaus-ion-creanga-aus-humulesti\\\/#breadcrumb\"},\"inLanguage\":\"de\",\"potentialAction\":[{\"@type\":\"ReadAction\",\"target\":[\"https:\\\/\\\/viziteazatarguneamt.ro\\\/de\\\/gedenkhaus-ion-creanga-aus-humulesti\\\/\"]}]},{\"@type\":\"BreadcrumbList\",\"@id\":\"https:\\\/\\\/viziteazatarguneamt.ro\\\/de\\\/gedenkhaus-ion-creanga-aus-humulesti\\\/#breadcrumb\",\"itemListElement\":[{\"@type\":\"ListItem\",\"position\":1,\"name\":\"Acas\u0103\",\"item\":\"https:\\\/\\\/viziteazatarguneamt.ro\\\/de\\\/\"},{\"@type\":\"ListItem\",\"position\":2,\"name\":\"Gedenkhaus \u201cIon Creang\u0103\u201d aus Humule\u0219ti\"}]},{\"@type\":\"WebSite\",\"@id\":\"https:\\\/\\\/viziteazatarguneamt.ro\\\/#website\",\"url\":\"https:\\\/\\\/viziteazatarguneamt.ro\\\/\",\"name\":\"Targu Neamt\",\"description\":\"CNIPT\",\"potentialAction\":[{\"@type\":\"SearchAction\",\"target\":{\"@type\":\"EntryPoint\",\"urlTemplate\":\"https:\\\/\\\/viziteazatarguneamt.ro\\\/?s={search_term_string}\"},\"query-input\":{\"@type\":\"PropertyValueSpecification\",\"valueRequired\":true,\"valueName\":\"search_term_string\"}}],\"inLanguage\":\"de\"}]}<\/script>\n<!-- \/ Yoast SEO plugin. -->","yoast_head_json":{"title":"Gedenkhaus \u201cIon Creang\u0103\u201d aus Humule\u0219ti - Targu Neamt","robots":{"index":"index","follow":"follow","max-snippet":"max-snippet:-1","max-image-preview":"max-image-preview:large","max-video-preview":"max-video-preview:-1"},"canonical":"https:\/\/viziteazatarguneamt.ro\/de\/gedenkhaus-ion-creanga-aus-humulesti\/","og_locale":"de_DE","og_type":"article","og_title":"Gedenkhaus \u201cIon Creang\u0103\u201d aus Humule\u0219ti - Targu Neamt","og_description":"[et_pb_section admin_label=&#8220;section&#8220; transparent_background=&#8220;off&#8220; allow_player_pause=&#8220;off&#8220; inner_shadow=&#8220;off&#8220; parallax=&#8220;off&#8220; parallax_method=&#8220;off&#8220; padding_mobile=&#8220;off&#8220; module_class=&#8220;default_title&#8220; make_fullwidth=&#8220;off&#8220; use_custom_width=&#8220;off&#8220; width_unit=&#8220;on&#8220; make_equal=&#8220;off&#8220; use_custom_gutter=&#8220;off&#8220;][et_pb_row admin_label=&#8220;row&#8220;][et_pb_column type=&#8220;4_4&#8243;][et_pb_text admin_label=&#8220;Text&#8220; saved_tabs=&#8220;all&#8220; background_layout=&#8220;light&#8220; text_orientation=&#8220;left&#8220; use_border_color=&#8220;off&#8220; border_color=&#8220;#ffffff&#8220; border_style=&#8220;solid&#8220;] Gedenkhaus \u201cIon Creang\u0103\u201d aus Humule\u0219ti [\/et_pb_text][\/et_pb_column][\/et_pb_row][\/et_pb_section][et_pb_section admin_label=&#8220;section&#8220; fullwidth=&#8220;off&#8220; specialty=&#8220;off&#8220; transparent_background=&#8220;off&#8220; allow_player_pause=&#8220;off&#8220; inner_shadow=&#8220;off&#8220; parallax=&#8220;off&#8220; parallax_method=&#8220;off&#8220; padding_mobile=&#8220;off&#8220; module_class=&#8220;default_section obiectiv_turistic_main cnipt_net&#8220; make_fullwidth=&#8220;off&#8220; use_custom_width=&#8220;off&#8220; width_unit=&#8220;on&#8220; make_equal=&#8220;off&#8220; use_custom_gutter=&#8220;off&#8220;][et_pb_row admin_label=&#8220;row&#8220; make_fullwidth=&#8220;off&#8220; use_custom_width=&#8220;off&#8220; width_unit=&#8220;on&#8220; use_custom_gutter=&#8220;off&#8220; padding_mobile=&#8220;off&#8220; module_class=&#8220;full_image_obt&#8220; allow_player_pause=&#8220;off&#8220; parallax=&#8220;off&#8220; [&hellip;]","og_url":"https:\/\/viziteazatarguneamt.ro\/de\/gedenkhaus-ion-creanga-aus-humulesti\/","og_site_name":"Targu Neamt","article_modified_time":"2015-10-15T18:01:00+00:00","twitter_card":"summary_large_image","twitter_misc":{"Gesch\u00e4tzte Lesezeit":"7\u00a0Minuten"},"schema":{"@context":"https:\/\/schema.org","@graph":[{"@type":"WebPage","@id":"https:\/\/viziteazatarguneamt.ro\/de\/gedenkhaus-ion-creanga-aus-humulesti\/","url":"https:\/\/viziteazatarguneamt.ro\/de\/gedenkhaus-ion-creanga-aus-humulesti\/","name":"Gedenkhaus \u201cIon Creang\u0103\u201d aus Humule\u0219ti - Targu Neamt","isPartOf":{"@id":"https:\/\/viziteazatarguneamt.ro\/#website"},"datePublished":"2015-10-06T05:48:12+00:00","dateModified":"2015-10-15T18:01:00+00:00","breadcrumb":{"@id":"https:\/\/viziteazatarguneamt.ro\/de\/gedenkhaus-ion-creanga-aus-humulesti\/#breadcrumb"},"inLanguage":"de","potentialAction":[{"@type":"ReadAction","target":["https:\/\/viziteazatarguneamt.ro\/de\/gedenkhaus-ion-creanga-aus-humulesti\/"]}]},{"@type":"BreadcrumbList","@id":"https:\/\/viziteazatarguneamt.ro\/de\/gedenkhaus-ion-creanga-aus-humulesti\/#breadcrumb","itemListElement":[{"@type":"ListItem","position":1,"name":"Acas\u0103","item":"https:\/\/viziteazatarguneamt.ro\/de\/"},{"@type":"ListItem","position":2,"name":"Gedenkhaus \u201cIon Creang\u0103\u201d aus Humule\u0219ti"}]},{"@type":"WebSite","@id":"https:\/\/viziteazatarguneamt.ro\/#website","url":"https:\/\/viziteazatarguneamt.ro\/","name":"Targu Neamt","description":"CNIPT","potentialAction":[{"@type":"SearchAction","target":{"@type":"EntryPoint","urlTemplate":"https:\/\/viziteazatarguneamt.ro\/?s={search_term_string}"},"query-input":{"@type":"PropertyValueSpecification","valueRequired":true,"valueName":"search_term_string"}}],"inLanguage":"de"}]}},"_links":{"self":[{"href":"https:\/\/viziteazatarguneamt.ro\/de\/wp-json\/wp\/v2\/pages\/1909","targetHints":{"allow":["GET"]}}],"collection":[{"href":"https:\/\/viziteazatarguneamt.ro\/de\/wp-json\/wp\/v2\/pages"}],"about":[{"href":"https:\/\/viziteazatarguneamt.ro\/de\/wp-json\/wp\/v2\/types\/page"}],"author":[{"embeddable":true,"href":"https:\/\/viziteazatarguneamt.ro\/de\/wp-json\/wp\/v2\/users\/2"}],"replies":[{"embeddable":true,"href":"https:\/\/viziteazatarguneamt.ro\/de\/wp-json\/wp\/v2\/comments?post=1909"}],"version-history":[{"count":5,"href":"https:\/\/viziteazatarguneamt.ro\/de\/wp-json\/wp\/v2\/pages\/1909\/revisions"}],"predecessor-version":[{"id":2382,"href":"https:\/\/viziteazatarguneamt.ro\/de\/wp-json\/wp\/v2\/pages\/1909\/revisions\/2382"}],"wp:attachment":[{"href":"https:\/\/viziteazatarguneamt.ro\/de\/wp-json\/wp\/v2\/media?parent=1909"}],"curies":[{"name":"wp","href":"https:\/\/api.w.org\/{rel}","templated":true}]}}