{"id":1929,"date":"2015-10-06T06:18:50","date_gmt":"2015-10-06T06:18:50","guid":{"rendered":"http:\/\/www.viziteazatarguneamt.ro\/de\/casa-memoriala%cc%86-visarion-puiu-si-muzeul-memorial-mihail-sadoveanu\/"},"modified":"2015-10-15T21:06:57","modified_gmt":"2015-10-15T18:06:57","slug":"gedenkhaus-visarion-puiu-gedenkhaus-mihail-sadoveanu","status":"publish","type":"page","link":"https:\/\/viziteazatarguneamt.ro\/de\/gedenkhaus-visarion-puiu-gedenkhaus-mihail-sadoveanu\/","title":{"rendered":"Gedenkhaus \u201cVisarion Puiu\u201d Gedenkhaus \u201cMihail Sadoveanu\u201d"},"content":{"rendered":"<p>[et_pb_section admin_label=&#8220;section&#8220; transparent_background=&#8220;off&#8220; allow_player_pause=&#8220;off&#8220; inner_shadow=&#8220;off&#8220; parallax=&#8220;off&#8220; parallax_method=&#8220;off&#8220; padding_mobile=&#8220;off&#8220; module_class=&#8220;default_title&#8220; make_fullwidth=&#8220;off&#8220; use_custom_width=&#8220;off&#8220; width_unit=&#8220;on&#8220; make_equal=&#8220;off&#8220; use_custom_gutter=&#8220;off&#8220;][et_pb_row admin_label=&#8220;row&#8220;][et_pb_column type=&#8220;4_4&#8243;][et_pb_text admin_label=&#8220;Text&#8220; saved_tabs=&#8220;all&#8220; background_layout=&#8220;light&#8220; text_orientation=&#8220;left&#8220; use_border_color=&#8220;off&#8220; border_color=&#8220;#ffffff&#8220; border_style=&#8220;solid&#8220;]<\/p>\n<h1>Gedenkhaus \u201cVisarion Puiu\u201d Gedenkhaus \u201cMihail Sadoveanu\u201d<\/h1>\n<p>[\/et_pb_text][\/et_pb_column][\/et_pb_row][\/et_pb_section][et_pb_section admin_label=&#8220;section&#8220; fullwidth=&#8220;off&#8220; specialty=&#8220;off&#8220; transparent_background=&#8220;off&#8220; allow_player_pause=&#8220;off&#8220; inner_shadow=&#8220;off&#8220; parallax=&#8220;off&#8220; parallax_method=&#8220;off&#8220; padding_mobile=&#8220;off&#8220; module_class=&#8220;default_section obiectiv_turistic_main cnipt_net&#8220; make_fullwidth=&#8220;off&#8220; use_custom_width=&#8220;off&#8220; width_unit=&#8220;on&#8220; make_equal=&#8220;off&#8220; use_custom_gutter=&#8220;off&#8220;][et_pb_row admin_label=&#8220;row&#8220; make_fullwidth=&#8220;off&#8220; use_custom_width=&#8220;off&#8220; width_unit=&#8220;on&#8220; use_custom_gutter=&#8220;off&#8220; padding_mobile=&#8220;off&#8220; module_class=&#8220;full_image_obt&#8220; allow_player_pause=&#8220;off&#8220; parallax=&#8220;off&#8220; parallax_method=&#8220;off&#8220; make_equal=&#8220;off&#8220;][et_pb_column type=&#8220;4_4&#8243;][et_pb_image admin_label=&#8220;Image&#8220; src=&#8220;\/wp-content\/uploads\/2015\/10\/sadoveanu.jpg&#8220; show_in_lightbox=&#8220;off&#8220; url_new_window=&#8220;off&#8220; animation=&#8220;off&#8220; sticky=&#8220;off&#8220; align=&#8220;left&#8220; force_fullwidth=&#8220;off&#8220; always_center_on_mobile=&#8220;on&#8220; use_border_color=&#8220;off&#8220; border_color=&#8220;#ffffff&#8220; border_style=&#8220;solid&#8220;]<\/p>\n<p>[\/et_pb_image][\/et_pb_column][\/et_pb_row][et_pb_row admin_label=&#8220;R\u00e2nd&#8220; make_fullwidth=&#8220;off&#8220; use_custom_width=&#8220;off&#8220; width_unit=&#8220;on&#8220; use_custom_gutter=&#8220;off&#8220; padding_mobile=&#8220;off&#8220; module_class=&#8220;round_img_obt&#8220; allow_player_pause=&#8220;off&#8220; parallax=&#8220;off&#8220; parallax_method=&#8220;off&#8220; make_equal=&#8220;off&#8220; column_padding_mobile=&#8220;on&#8220;][et_pb_column type=&#8220;1_3&#8243;][et_pb_code admin_label=&#8220;Code&#8220; module_class=&#8220;et_pb_image flip-container&#8220;]&lt;div id=&quot;card&quot; class=&quot;flipper&quot;&gt;<br \/>\n&lt;div class=&quot;front&quot;&gt;&lt;img src=&quot;http:\/\/www.viziteazatarguneamt.ro\/wp-content\/uploads\/2015\/10\/450_28.jpg&quot; \/&gt;&lt;\/div&gt;<br \/>\n&lt;div class=&quot;obt_img_hover back&quot;&gt;&lt;p&gt;26 Juni 1966&lt;\/p&gt;&lt;\/div&gt;<br \/>\n&lt;\/div&gt;[\/et_pb_code][et_pb_text admin_label=&#8220;Text&#8220; background_layout=&#8220;light&#8220; text_orientation=&#8220;left&#8220; use_border_color=&#8220;off&#8220; border_color=&#8220;#ffffff&#8220; border_style=&#8220;solid&#8220; module_class=&#8220;cnipt_cont&#8220;]<\/p>\n<div class=\"cnipt_title drop_open_x\" onclick=\"animatieOpen(this)\">26 Juni 1966<span class=\"pointer_down_left\"><\/span><span class=\"pointer_down_right\"><\/span><\/div>\n<div class=\"test\">\n<p>In der V\u00e2n\u0103tori Neam\u021b Gemeinde, in der N\u00e4he des kleinen Klosters Vovidenia gibt es ein Geb\u00e4ude, das beide Museen, &#8222;Mihail Sadoveanu&#8220; und Gedenkhaus &#8222;Visarion Puiu&#8220; unterbringt. 26. Juni 1966 er\u00f6ffnete die Leitung des rum\u00e4nischen Literaturmuseums aus Bukarest, mit dem Direktor Perpessicius und mit der Unterst\u00fctzung von Sadoveanus Familie, das Gedenkhaus &#8222;Mihail Sadoveanu&#8220; in V\u00e2n\u0103tori -Neamt. Das Geb\u00e4ude wurde 1935-1940 im Auftrag und unter der Leitung von Visarion Puiu, Metropolit von Bukowina erbaut. 1937 baute er das Haus, als Bischofspalast.<\/p>\n<p>Der Metropolit wohnte darin nur ein paar Jahre und 1944 nach seiner Abfahrt ins Exil blieb das Haus in der Verwaltung des Klosters Neamt. Mit der Zeit, zusammen mit allen vom neuen Regim vorgeschriebenen \u00c4nderungen wird das Geb\u00e4ude zum Gasthaus f\u00fcr Besucher aus der oberen Gesellschaftsschicht. 1947 ist das Haus dem Schriftsteller zur Verf\u00fcgung gestellt und ihm f\u00fcr Lebensnutzung \u00fcberlassen. <\/p>\n<p>Der Schriftsteller lebte im Haus aus V\u00e2n\u0103tori-Neam\u0163 fast 20 Jahren, zwischen 1944-1961, es war seine Sommerresidenz. Acht Romane wurden hier ver\u00f6ffentlicht, unter anderen: Nada florilor, Nicoar\u0103 Potcoav\u0103, P\u0103una mic\u0103, Clon\u0163 de fier und Lisaveta.\n<\/p>\n<\/div>\n<p>[\/et_pb_text][\/et_pb_column][et_pb_column type=&#8220;1_3&#8243;][et_pb_code admin_label=&#8220;Code&#8220; module_class=&#8220;et_pb_image flip-container&#8220;]&lt;div id=&quot;card&quot; class=&quot;flipper&quot;&gt;<br \/>\n&lt;div class=&quot;front&quot;&gt;&lt;img src=&quot;http:\/\/www.viziteazatarguneamt.ro\/wp-content\/uploads\/2015\/10\/4508.jpg&quot; \/&gt;&lt;\/div&gt;<br \/>\n&lt;div class=&quot;obt_img_hover back&quot;&gt;&lt;p&gt;1997 &lt;\/p&gt;&lt;\/div&gt;<br \/>\n&lt;\/div&gt;[\/et_pb_code][et_pb_text admin_label=&#8220;Text&#8220; background_layout=&#8220;light&#8220; text_orientation=&#8220;left&#8220; use_border_color=&#8220;off&#8220; border_color=&#8220;#ffffff&#8220; border_style=&#8220;solid&#8220; module_class=&#8220;cnipt_cont&#8220;]<\/p>\n<div class=\"cnipt_title drop_open_x\" onclick=\"animatieOpen(this)\">1997<span class=\"pointer_down_left\"><\/span><span class=\"pointer_down_right\"><\/span><\/div>\n<div class=\"test\">\n<p>Im Jahre 1997 wurde das Geb\u00e4ude jedoch dem Metropoliten von Moldau und Bukowina zur\u00fcckgegeben. Zurzeit bewahrt das Museum die Atmosph\u00e4re der jeweiligen Epoche.<br \/>\nDie st\u00e4ndige Ausstellung umfasst Gegenst\u00e4nde, B\u00fccher und Gem\u00e4lde, die dem Schreiber geh\u00f6rten. Dar\u00fcber hinaus unterscheiden sich die M\u00f6belst\u00fccke: einen florentinischen Tisch, ein Elfenbein Schach oder das Familienklavier. Ebenfalls entdeckt der Besucher im Wohnzimmer venezianische M\u00f6bel aber auch die mehr als hundert Jahre alte Kommode, die vom Autor selbst gekauft wurde.<br \/>\nBeeindruckend bleibt das Wiener Klavier, woran gro\u00dfe rum\u00e4nischen Namen wie George Enescu, Dinu Lipatti, Maria Tanase, Svjatoslav Richter, Valentin Gheorghiu und zwei T\u00f6chter des Schriftstellers Despina-Lia und Tincuta gespielt haben.<br \/>\nGleichzeitig, ein besonderer Anziehungspunkt besteht aus den Jagd- und Fischereigegenst\u00e4nden. Wertvoll sind auch die Gem\u00e4lde von Cornelia (Nelly) Stirbei, Dimitrie Sadoveanu, der \u00e4lteste Sohn des Erz\u00e4hlers, Iulia H\u0103l\u0103ucescu, Aurel B\u0103e\u015fu, Jean Steriadi, Stefan Constantinescu, Mircea Ispir als auch die Skulpturen von Ion Vlasiu, Milita Patrascu oder Constantin Baraschi.<br \/>\nWichtige musealen Objekte sind gleicher ma\u00dfen Sadoveanu s Erstausgaben, eine Anzahl von 63, sowie auch die historischen B\u00e4nde.\n<\/p>\n<\/div>\n<p>[\/et_pb_text][\/et_pb_column][et_pb_column type=&#8220;1_3&#8243;][et_pb_code admin_label=&#8220;Code&#8220; module_class=&#8220;et_pb_image flip-container&#8220;]&lt;div id=&quot;card&quot; class=&quot;flipper&quot;&gt;<br \/>\n&lt;div class=&quot;front&quot;&gt;&lt;img src=&quot;http:\/\/www.viziteazatarguneamt.ro\/wp-content\/uploads\/2015\/10\/DETALII.png&quot; \/&gt;&lt;\/div&gt;<br \/>\n&lt;div class=&quot;obt_img_hover back&quot;&gt;&lt;p&gt;Einzelheiten&lt;\/p&gt;&lt;\/div&gt;<br \/>\n&lt;\/div&gt;[\/et_pb_code][et_pb_text admin_label=&#8220;Text&#8220; background_layout=&#8220;light&#8220; text_orientation=&#8220;left&#8220; use_border_color=&#8220;off&#8220; border_color=&#8220;#ffffff&#8220; border_style=&#8220;solid&#8220; module_class=&#8220;cnipt_cont&#8220;]<\/p>\n<div class=\"cnipt_title drop_open_x\" onclick=\"animatieOpen(this)\">Einzelheiten<span class=\"pointer_down_left\"><\/span><span class=\"pointer_down_right\"><\/span><\/div>\n<div class=\"test\">\n<p>Anschrift: Hermitage Vovidenia, M\u0103n\u0103stirea Neam\u021bu<br \/>\nTelefon: <a class=\"telefond\" href=\"+4 0233.251.874\">+4 0233.251.874<\/a><br \/>\nZeitplan:<br \/>\nMontag &#8211; Samstag: 10:00 &#8211; 18:00<br \/>\nSonntag: 12:00 &#8211; 18:00<br \/>\nWeb: <a href=\"http:\/\/www.schitulvovidenia.com\/home\" target=\"_blank\">www.schitulvovidenia.com<\/a>\n<\/p>\n<\/div>\n<p>[\/et_pb_text][\/et_pb_column][\/et_pb_row][\/et_pb_section][et_pb_section admin_label=&#8220;section&#8220; fullwidth=&#8220;off&#8220; specialty=&#8220;off&#8220; transparent_background=&#8220;off&#8220; allow_player_pause=&#8220;off&#8220; inner_shadow=&#8220;off&#8220; parallax=&#8220;off&#8220; parallax_method=&#8220;off&#8220; padding_mobile=&#8220;off&#8220; module_class=&#8220;harta_oras&#8220; make_fullwidth=&#8220;off&#8220; use_custom_width=&#8220;off&#8220; width_unit=&#8220;on&#8220; make_equal=&#8220;off&#8220; use_custom_gutter=&#8220;off&#8220;][et_pb_row admin_label=&#8220;row&#8220;][et_pb_column type=&#8220;4_4&#8243;][et_pb_text admin_label=&#8220;Text&#8220; background_layout=&#8220;light&#8220; text_orientation=&#8220;left&#8220; use_border_color=&#8220;off&#8220; border_color=&#8220;#ffffff&#8220; border_style=&#8220;solid&#8220;]<\/p>\n<h2>Umgebungskarte<\/h2>\n<p>Sie wissen nicht, Ihre Stadt ? Kein Problem , die L\u00f6sung ist nur einen Klick entfernt !<\/p>\n<p> <a href=\"\/de\/landkarte-des-bezirk-neamt\/\">Karte anzeigen<\/a><\/p>\n<p>[\/et_pb_text][\/et_pb_column][\/et_pb_row][\/et_pb_section][et_pb_section admin_label=&#8220;section&#8220; fullwidth=&#8220;off&#8220; specialty=&#8220;off&#8220; transparent_background=&#8220;off&#8220; allow_player_pause=&#8220;off&#8220; inner_shadow=&#8220;off&#8220; parallax=&#8220;off&#8220; parallax_method=&#8220;off&#8220; padding_mobile=&#8220;off&#8220; module_class=&#8220;default_section harta_obiective&#8220; make_fullwidth=&#8220;off&#8220; use_custom_width=&#8220;off&#8220; width_unit=&#8220;on&#8220; make_equal=&#8220;off&#8220; use_custom_gutter=&#8220;off&#8220;][et_pb_row admin_label=&#8220;row&#8220;][et_pb_column type=&#8220;4_4&#8243;][et_pb_map admin_label=&#8220;Map&#8220; address=&#8220;Dealul Zorilor, Targu Neamt, Romania&#8220; zoom_level=&#8220;9&#8243; address_lat=&#8220;47.38588059232594&#8243; address_lng=&#8220;27.551214942914143&#8243; mouse_wheel=&#8220;off&#8220; use_grayscale_filter=&#8220;off&#8220;]<\/p>\n<p>[et_pb_map_pin pin_address=&#8220;DJ282, Horle\u0219ti 707407, Rom\u00e2nia&#8220; pin_address_lat=&#8220;47.25644309748984&#8243; pin_address_lng=&#8220;27.459299199902375&#8243; title=&#8220;Casa Memoriala\u0306 \u201cVisarion Puiu\u201d \u0219i Muzeul Memorial \u201cMihail Sadoveanu\u201d&#8220;]<\/p>\n<p>[\/et_pb_map_pin]<\/p>\n<p>[\/et_pb_map][\/et_pb_column][\/et_pb_row][\/et_pb_section]<\/p>\n","protected":false},"excerpt":{"rendered":"<p>[et_pb_section admin_label=&#8220;section&#8220; transparent_background=&#8220;off&#8220; allow_player_pause=&#8220;off&#8220; inner_shadow=&#8220;off&#8220; parallax=&#8220;off&#8220; parallax_method=&#8220;off&#8220; padding_mobile=&#8220;off&#8220; module_class=&#8220;default_title&#8220; make_fullwidth=&#8220;off&#8220; use_custom_width=&#8220;off&#8220; width_unit=&#8220;on&#8220; make_equal=&#8220;off&#8220; use_custom_gutter=&#8220;off&#8220;][et_pb_row admin_label=&#8220;row&#8220;][et_pb_column type=&#8220;4_4&#8243;][et_pb_text admin_label=&#8220;Text&#8220; saved_tabs=&#8220;all&#8220; background_layout=&#8220;light&#8220; text_orientation=&#8220;left&#8220; use_border_color=&#8220;off&#8220; border_color=&#8220;#ffffff&#8220; border_style=&#8220;solid&#8220;] Gedenkhaus \u201cVisarion Puiu\u201d Gedenkhaus \u201cMihail Sadoveanu\u201d [\/et_pb_text][\/et_pb_column][\/et_pb_row][\/et_pb_section][et_pb_section admin_label=&#8220;section&#8220; fullwidth=&#8220;off&#8220; specialty=&#8220;off&#8220; transparent_background=&#8220;off&#8220; allow_player_pause=&#8220;off&#8220; inner_shadow=&#8220;off&#8220; parallax=&#8220;off&#8220; parallax_method=&#8220;off&#8220; padding_mobile=&#8220;off&#8220; module_class=&#8220;default_section obiectiv_turistic_main cnipt_net&#8220; make_fullwidth=&#8220;off&#8220; use_custom_width=&#8220;off&#8220; width_unit=&#8220;on&#8220; make_equal=&#8220;off&#8220; use_custom_gutter=&#8220;off&#8220;][et_pb_row admin_label=&#8220;row&#8220; make_fullwidth=&#8220;off&#8220; use_custom_width=&#8220;off&#8220; width_unit=&#8220;on&#8220; use_custom_gutter=&#8220;off&#8220; padding_mobile=&#8220;off&#8220; module_class=&#8220;full_image_obt&#8220; allow_player_pause=&#8220;off&#8220; [&hellip;]<\/p>\n","protected":false},"author":2,"featured_media":0,"parent":0,"menu_order":0,"comment_status":"closed","ping_status":"closed","template":"","meta":{"_et_pb_use_builder":"on","_et_pb_old_content":"","_et_gb_content_width":"","footnotes":""},"class_list":["post-1929","page","type-page","status-publish","hentry"],"yoast_head":"<!-- This site is optimized with the Yoast SEO plugin v27.5 - https:\/\/yoast.com\/product\/yoast-seo-wordpress\/ -->\n<title>Gedenkhaus \u201cVisarion Puiu\u201d Gedenkhaus \u201cMihail Sadoveanu\u201d - Targu Neamt<\/title>\n<meta name=\"robots\" content=\"index, follow, max-snippet:-1, max-image-preview:large, max-video-preview:-1\" \/>\n<link rel=\"canonical\" href=\"https:\/\/viziteazatarguneamt.ro\/de\/gedenkhaus-visarion-puiu-gedenkhaus-mihail-sadoveanu\/\" \/>\n<meta property=\"og:locale\" content=\"de_DE\" \/>\n<meta property=\"og:type\" content=\"article\" \/>\n<meta property=\"og:title\" content=\"Gedenkhaus \u201cVisarion Puiu\u201d Gedenkhaus \u201cMihail Sadoveanu\u201d - Targu Neamt\" \/>\n<meta property=\"og:description\" content=\"[et_pb_section admin_label=&#8220;section&#8220; transparent_background=&#8220;off&#8220; allow_player_pause=&#8220;off&#8220; inner_shadow=&#8220;off&#8220; parallax=&#8220;off&#8220; parallax_method=&#8220;off&#8220; padding_mobile=&#8220;off&#8220; module_class=&#8220;default_title&#8220; make_fullwidth=&#8220;off&#8220; use_custom_width=&#8220;off&#8220; width_unit=&#8220;on&#8220; make_equal=&#8220;off&#8220; use_custom_gutter=&#8220;off&#8220;][et_pb_row admin_label=&#8220;row&#8220;][et_pb_column type=&#8220;4_4&#8243;][et_pb_text admin_label=&#8220;Text&#8220; saved_tabs=&#8220;all&#8220; background_layout=&#8220;light&#8220; text_orientation=&#8220;left&#8220; use_border_color=&#8220;off&#8220; border_color=&#8220;#ffffff&#8220; border_style=&#8220;solid&#8220;] Gedenkhaus \u201cVisarion Puiu\u201d Gedenkhaus \u201cMihail Sadoveanu\u201d [\/et_pb_text][\/et_pb_column][\/et_pb_row][\/et_pb_section][et_pb_section admin_label=&#8220;section&#8220; fullwidth=&#8220;off&#8220; specialty=&#8220;off&#8220; transparent_background=&#8220;off&#8220; allow_player_pause=&#8220;off&#8220; inner_shadow=&#8220;off&#8220; parallax=&#8220;off&#8220; parallax_method=&#8220;off&#8220; padding_mobile=&#8220;off&#8220; module_class=&#8220;default_section obiectiv_turistic_main cnipt_net&#8220; make_fullwidth=&#8220;off&#8220; use_custom_width=&#8220;off&#8220; width_unit=&#8220;on&#8220; make_equal=&#8220;off&#8220; use_custom_gutter=&#8220;off&#8220;][et_pb_row admin_label=&#8220;row&#8220; make_fullwidth=&#8220;off&#8220; use_custom_width=&#8220;off&#8220; width_unit=&#8220;on&#8220; use_custom_gutter=&#8220;off&#8220; padding_mobile=&#8220;off&#8220; module_class=&#8220;full_image_obt&#8220; allow_player_pause=&#8220;off&#8220; [&hellip;]\" \/>\n<meta property=\"og:url\" content=\"https:\/\/viziteazatarguneamt.ro\/de\/gedenkhaus-visarion-puiu-gedenkhaus-mihail-sadoveanu\/\" \/>\n<meta property=\"og:site_name\" content=\"Targu Neamt\" \/>\n<meta property=\"article:modified_time\" content=\"2015-10-15T18:06:57+00:00\" \/>\n<meta name=\"twitter:card\" content=\"summary_large_image\" \/>\n<meta name=\"twitter:label1\" content=\"Gesch\u00e4tzte Lesezeit\" \/>\n\t<meta name=\"twitter:data1\" content=\"6\u00a0Minuten\" \/>\n<script type=\"application\/ld+json\" class=\"yoast-schema-graph\">{\"@context\":\"https:\\\/\\\/schema.org\",\"@graph\":[{\"@type\":\"WebPage\",\"@id\":\"https:\\\/\\\/viziteazatarguneamt.ro\\\/de\\\/gedenkhaus-visarion-puiu-gedenkhaus-mihail-sadoveanu\\\/\",\"url\":\"https:\\\/\\\/viziteazatarguneamt.ro\\\/de\\\/gedenkhaus-visarion-puiu-gedenkhaus-mihail-sadoveanu\\\/\",\"name\":\"Gedenkhaus \u201cVisarion Puiu\u201d Gedenkhaus \u201cMihail Sadoveanu\u201d - Targu Neamt\",\"isPartOf\":{\"@id\":\"https:\\\/\\\/viziteazatarguneamt.ro\\\/#website\"},\"datePublished\":\"2015-10-06T06:18:50+00:00\",\"dateModified\":\"2015-10-15T18:06:57+00:00\",\"breadcrumb\":{\"@id\":\"https:\\\/\\\/viziteazatarguneamt.ro\\\/de\\\/gedenkhaus-visarion-puiu-gedenkhaus-mihail-sadoveanu\\\/#breadcrumb\"},\"inLanguage\":\"de\",\"potentialAction\":[{\"@type\":\"ReadAction\",\"target\":[\"https:\\\/\\\/viziteazatarguneamt.ro\\\/de\\\/gedenkhaus-visarion-puiu-gedenkhaus-mihail-sadoveanu\\\/\"]}]},{\"@type\":\"BreadcrumbList\",\"@id\":\"https:\\\/\\\/viziteazatarguneamt.ro\\\/de\\\/gedenkhaus-visarion-puiu-gedenkhaus-mihail-sadoveanu\\\/#breadcrumb\",\"itemListElement\":[{\"@type\":\"ListItem\",\"position\":1,\"name\":\"Acas\u0103\",\"item\":\"https:\\\/\\\/viziteazatarguneamt.ro\\\/de\\\/\"},{\"@type\":\"ListItem\",\"position\":2,\"name\":\"Gedenkhaus \u201cVisarion Puiu\u201d Gedenkhaus \u201cMihail Sadoveanu\u201d\"}]},{\"@type\":\"WebSite\",\"@id\":\"https:\\\/\\\/viziteazatarguneamt.ro\\\/#website\",\"url\":\"https:\\\/\\\/viziteazatarguneamt.ro\\\/\",\"name\":\"Targu Neamt\",\"description\":\"CNIPT\",\"potentialAction\":[{\"@type\":\"SearchAction\",\"target\":{\"@type\":\"EntryPoint\",\"urlTemplate\":\"https:\\\/\\\/viziteazatarguneamt.ro\\\/?s={search_term_string}\"},\"query-input\":{\"@type\":\"PropertyValueSpecification\",\"valueRequired\":true,\"valueName\":\"search_term_string\"}}],\"inLanguage\":\"de\"}]}<\/script>\n<!-- \/ Yoast SEO plugin. -->","yoast_head_json":{"title":"Gedenkhaus \u201cVisarion Puiu\u201d Gedenkhaus \u201cMihail Sadoveanu\u201d - Targu Neamt","robots":{"index":"index","follow":"follow","max-snippet":"max-snippet:-1","max-image-preview":"max-image-preview:large","max-video-preview":"max-video-preview:-1"},"canonical":"https:\/\/viziteazatarguneamt.ro\/de\/gedenkhaus-visarion-puiu-gedenkhaus-mihail-sadoveanu\/","og_locale":"de_DE","og_type":"article","og_title":"Gedenkhaus \u201cVisarion Puiu\u201d Gedenkhaus \u201cMihail Sadoveanu\u201d - Targu Neamt","og_description":"[et_pb_section admin_label=&#8220;section&#8220; transparent_background=&#8220;off&#8220; allow_player_pause=&#8220;off&#8220; inner_shadow=&#8220;off&#8220; parallax=&#8220;off&#8220; parallax_method=&#8220;off&#8220; padding_mobile=&#8220;off&#8220; module_class=&#8220;default_title&#8220; make_fullwidth=&#8220;off&#8220; use_custom_width=&#8220;off&#8220; width_unit=&#8220;on&#8220; make_equal=&#8220;off&#8220; use_custom_gutter=&#8220;off&#8220;][et_pb_row admin_label=&#8220;row&#8220;][et_pb_column type=&#8220;4_4&#8243;][et_pb_text admin_label=&#8220;Text&#8220; saved_tabs=&#8220;all&#8220; background_layout=&#8220;light&#8220; text_orientation=&#8220;left&#8220; use_border_color=&#8220;off&#8220; border_color=&#8220;#ffffff&#8220; border_style=&#8220;solid&#8220;] Gedenkhaus \u201cVisarion Puiu\u201d Gedenkhaus \u201cMihail Sadoveanu\u201d [\/et_pb_text][\/et_pb_column][\/et_pb_row][\/et_pb_section][et_pb_section admin_label=&#8220;section&#8220; fullwidth=&#8220;off&#8220; specialty=&#8220;off&#8220; transparent_background=&#8220;off&#8220; allow_player_pause=&#8220;off&#8220; inner_shadow=&#8220;off&#8220; parallax=&#8220;off&#8220; parallax_method=&#8220;off&#8220; padding_mobile=&#8220;off&#8220; module_class=&#8220;default_section obiectiv_turistic_main cnipt_net&#8220; make_fullwidth=&#8220;off&#8220; use_custom_width=&#8220;off&#8220; width_unit=&#8220;on&#8220; make_equal=&#8220;off&#8220; use_custom_gutter=&#8220;off&#8220;][et_pb_row admin_label=&#8220;row&#8220; make_fullwidth=&#8220;off&#8220; use_custom_width=&#8220;off&#8220; width_unit=&#8220;on&#8220; use_custom_gutter=&#8220;off&#8220; padding_mobile=&#8220;off&#8220; module_class=&#8220;full_image_obt&#8220; allow_player_pause=&#8220;off&#8220; [&hellip;]","og_url":"https:\/\/viziteazatarguneamt.ro\/de\/gedenkhaus-visarion-puiu-gedenkhaus-mihail-sadoveanu\/","og_site_name":"Targu Neamt","article_modified_time":"2015-10-15T18:06:57+00:00","twitter_card":"summary_large_image","twitter_misc":{"Gesch\u00e4tzte Lesezeit":"6\u00a0Minuten"},"schema":{"@context":"https:\/\/schema.org","@graph":[{"@type":"WebPage","@id":"https:\/\/viziteazatarguneamt.ro\/de\/gedenkhaus-visarion-puiu-gedenkhaus-mihail-sadoveanu\/","url":"https:\/\/viziteazatarguneamt.ro\/de\/gedenkhaus-visarion-puiu-gedenkhaus-mihail-sadoveanu\/","name":"Gedenkhaus \u201cVisarion Puiu\u201d Gedenkhaus \u201cMihail Sadoveanu\u201d - Targu Neamt","isPartOf":{"@id":"https:\/\/viziteazatarguneamt.ro\/#website"},"datePublished":"2015-10-06T06:18:50+00:00","dateModified":"2015-10-15T18:06:57+00:00","breadcrumb":{"@id":"https:\/\/viziteazatarguneamt.ro\/de\/gedenkhaus-visarion-puiu-gedenkhaus-mihail-sadoveanu\/#breadcrumb"},"inLanguage":"de","potentialAction":[{"@type":"ReadAction","target":["https:\/\/viziteazatarguneamt.ro\/de\/gedenkhaus-visarion-puiu-gedenkhaus-mihail-sadoveanu\/"]}]},{"@type":"BreadcrumbList","@id":"https:\/\/viziteazatarguneamt.ro\/de\/gedenkhaus-visarion-puiu-gedenkhaus-mihail-sadoveanu\/#breadcrumb","itemListElement":[{"@type":"ListItem","position":1,"name":"Acas\u0103","item":"https:\/\/viziteazatarguneamt.ro\/de\/"},{"@type":"ListItem","position":2,"name":"Gedenkhaus \u201cVisarion Puiu\u201d Gedenkhaus \u201cMihail Sadoveanu\u201d"}]},{"@type":"WebSite","@id":"https:\/\/viziteazatarguneamt.ro\/#website","url":"https:\/\/viziteazatarguneamt.ro\/","name":"Targu Neamt","description":"CNIPT","potentialAction":[{"@type":"SearchAction","target":{"@type":"EntryPoint","urlTemplate":"https:\/\/viziteazatarguneamt.ro\/?s={search_term_string}"},"query-input":{"@type":"PropertyValueSpecification","valueRequired":true,"valueName":"search_term_string"}}],"inLanguage":"de"}]}},"_links":{"self":[{"href":"https:\/\/viziteazatarguneamt.ro\/de\/wp-json\/wp\/v2\/pages\/1929","targetHints":{"allow":["GET"]}}],"collection":[{"href":"https:\/\/viziteazatarguneamt.ro\/de\/wp-json\/wp\/v2\/pages"}],"about":[{"href":"https:\/\/viziteazatarguneamt.ro\/de\/wp-json\/wp\/v2\/types\/page"}],"author":[{"embeddable":true,"href":"https:\/\/viziteazatarguneamt.ro\/de\/wp-json\/wp\/v2\/users\/2"}],"replies":[{"embeddable":true,"href":"https:\/\/viziteazatarguneamt.ro\/de\/wp-json\/wp\/v2\/comments?post=1929"}],"version-history":[{"count":6,"href":"https:\/\/viziteazatarguneamt.ro\/de\/wp-json\/wp\/v2\/pages\/1929\/revisions"}],"predecessor-version":[{"id":2390,"href":"https:\/\/viziteazatarguneamt.ro\/de\/wp-json\/wp\/v2\/pages\/1929\/revisions\/2390"}],"wp:attachment":[{"href":"https:\/\/viziteazatarguneamt.ro\/de\/wp-json\/wp\/v2\/media?parent=1929"}],"curies":[{"name":"wp","href":"https:\/\/api.w.org\/{rel}","templated":true}]}}