{"id":1950,"date":"2015-10-06T08:51:15","date_gmt":"2015-10-06T08:51:15","guid":{"rendered":"http:\/\/www.viziteazatarguneamt.ro\/de\/schitul-vovidenia\/"},"modified":"2015-10-15T21:20:29","modified_gmt":"2015-10-15T18:20:29","slug":"das-vovidenia-kloster","status":"publish","type":"page","link":"https:\/\/viziteazatarguneamt.ro\/de\/das-vovidenia-kloster\/","title":{"rendered":"Das Vovidenia Kloster"},"content":{"rendered":"<p>[et_pb_section admin_label=&#8220;section&#8220; transparent_background=&#8220;off&#8220; allow_player_pause=&#8220;off&#8220; inner_shadow=&#8220;off&#8220; parallax=&#8220;off&#8220; parallax_method=&#8220;off&#8220; padding_mobile=&#8220;off&#8220; module_class=&#8220;default_title&#8220; make_fullwidth=&#8220;off&#8220; use_custom_width=&#8220;off&#8220; width_unit=&#8220;on&#8220; make_equal=&#8220;off&#8220; use_custom_gutter=&#8220;off&#8220;][et_pb_row admin_label=&#8220;row&#8220;][et_pb_column type=&#8220;4_4&#8243;][et_pb_text admin_label=&#8220;Text&#8220; saved_tabs=&#8220;all&#8220; background_layout=&#8220;light&#8220; text_orientation=&#8220;left&#8220; use_border_color=&#8220;off&#8220; border_color=&#8220;#ffffff&#8220; border_style=&#8220;solid&#8220;]<\/p>\n<h1>Das Vovidenia Kloster <\/h1>\n<p>[\/et_pb_text][\/et_pb_column][\/et_pb_row][\/et_pb_section][et_pb_section admin_label=&#8220;section&#8220; fullwidth=&#8220;off&#8220; specialty=&#8220;off&#8220; transparent_background=&#8220;off&#8220; allow_player_pause=&#8220;off&#8220; inner_shadow=&#8220;off&#8220; parallax=&#8220;off&#8220; parallax_method=&#8220;off&#8220; padding_mobile=&#8220;off&#8220; module_class=&#8220;default_section obiectiv_turistic_main cnipt_net&#8220; make_fullwidth=&#8220;off&#8220; use_custom_width=&#8220;off&#8220; width_unit=&#8220;on&#8220; make_equal=&#8220;off&#8220; use_custom_gutter=&#8220;off&#8220;][et_pb_row admin_label=&#8220;row&#8220; make_fullwidth=&#8220;off&#8220; use_custom_width=&#8220;off&#8220; width_unit=&#8220;on&#8220; use_custom_gutter=&#8220;off&#8220; padding_mobile=&#8220;off&#8220; module_class=&#8220;full_image_obt&#8220; allow_player_pause=&#8220;off&#8220; parallax=&#8220;off&#8220; parallax_method=&#8220;off&#8220; make_equal=&#8220;off&#8220;][et_pb_column type=&#8220;4_4&#8243;][et_pb_image admin_label=&#8220;Image&#8220; src=&#8220;\/wp-content\/uploads\/2015\/10\/112011.jpg&#8220; show_in_lightbox=&#8220;off&#8220; url_new_window=&#8220;off&#8220; animation=&#8220;off&#8220; sticky=&#8220;off&#8220; align=&#8220;left&#8220; force_fullwidth=&#8220;off&#8220; always_center_on_mobile=&#8220;on&#8220; use_border_color=&#8220;off&#8220; border_color=&#8220;#ffffff&#8220; border_style=&#8220;solid&#8220;]<\/p>\n<p>[\/et_pb_image][\/et_pb_column][\/et_pb_row][et_pb_row admin_label=&#8220;R\u00e2nd&#8220; make_fullwidth=&#8220;off&#8220; use_custom_width=&#8220;off&#8220; width_unit=&#8220;on&#8220; use_custom_gutter=&#8220;off&#8220; padding_mobile=&#8220;off&#8220; module_class=&#8220;round_img_obt&#8220; allow_player_pause=&#8220;off&#8220; parallax=&#8220;off&#8220; parallax_method=&#8220;off&#8220; make_equal=&#8220;off&#8220; column_padding_mobile=&#8220;on&#8220;][et_pb_column type=&#8220;1_3&#8243;][et_pb_code admin_label=&#8220;Code&#8220; module_class=&#8220;et_pb_image flip-container&#8220;]&lt;div id=&quot;card&quot; class=&quot;flipper&quot;&gt;<br \/>\n&lt;div class=&quot;front&quot;&gt;&lt;img src=&quot;http:\/\/www.viziteazatarguneamt.ro\/wp-content\/uploads\/2015\/10\/45011.jpg&quot; \/&gt;&lt;\/div&gt;<br \/>\n&lt;div class=&quot;obt_img_hover back&quot;&gt;&lt;p&gt;XV-XVI&lt;\/p&gt;&lt;\/div&gt;<br \/>\n&lt;\/div&gt;[\/et_pb_code][et_pb_text admin_label=&#8220;Text&#8220; background_layout=&#8220;light&#8220; text_orientation=&#8220;left&#8220; use_border_color=&#8220;off&#8220; border_color=&#8220;#ffffff&#8220; border_style=&#8220;solid&#8220; module_class=&#8220;cnipt_cont&#8220;]<\/p>\n<div class=\"cnipt_title drop_open_x\" onclick=\"animatieOpen(this)\">XV-XVI<span class=\"pointer_down_left\"><\/span><span class=\"pointer_down_right\"><\/span><\/div>\n<div class=\"test\">\n<p>In der Zeitspanne zwischen dem f\u00fcnfzehnten und dem sechzehnten Jahrhundert war das kleine Kloster ein Ort der Eremiten. Die Eremiten zogen sich aus dem gro\u03b2en Kloster zu einer tieferen Verinnerlichung des Herzgebetes zur\u00fcck. Aus diesem Grund erhielt das kleine Kloster Vovidenia den Namen &#8222;Altar aus der Lichtung der Ruhe&#8220;. <\/p>\n<p>Ende des siebzehnten Jahrhunderts gr\u00fcndete die Familie des Gebietsvorstehers Gosan eine Kirche mit der Kirchenweih &#8222;Hl. Spiridon&#8220;, und im Jahre 1749 hat Bischof Ioanichie des Bezirks Roman eine andere h\u00f6lzerne Kirche mit der Kirchenweih Vovidenia &#8222;Eintritt in die Kirche der Muttergottes&#8220; gebaut.\n<\/p>\n<\/div>\n<p>[\/et_pb_text][\/et_pb_column][et_pb_column type=&#8220;1_3&#8243;][et_pb_code admin_label=&#8220;Code&#8220; module_class=&#8220;et_pb_image flip-container&#8220;]&lt;div id=&quot;card&quot; class=&quot;flipper&quot;&gt;<br \/>\n&lt;div class=&quot;front&quot;&gt;&lt;img src=&quot;http:\/\/www.viziteazatarguneamt.ro\/wp-content\/uploads\/2015\/10\/450_211.jpg&quot; \/&gt;&lt;\/div&gt;<br \/>\n&lt;div class=&quot;obt_img_hover back&quot;&gt;&lt;p&gt;21 November &lt;\/p&gt;&lt;\/div&gt;<br \/>\n&lt;\/div&gt;[\/et_pb_code][et_pb_text admin_label=&#8220;Text&#8220; background_layout=&#8220;light&#8220; text_orientation=&#8220;left&#8220; use_border_color=&#8220;off&#8220; border_color=&#8220;#ffffff&#8220; border_style=&#8220;solid&#8220; module_class=&#8220;cnipt_cont&#8220;]<\/p>\n<div class=\"cnipt_title drop_open_x\" onclick=\"animatieOpen(this)\">21 November<span class=\"pointer_down_left\"><\/span><span class=\"pointer_down_right\"><\/span><\/div>\n<div class=\"test\">\n<p>Die Kirche wurde am 21. November desselben Jahres geweiht. Die neue Stiftung wurde mit B\u00fcchern, Gew\u00e4ndern, religi\u00f6sen Gegenst\u00e4nden, Grundst\u00fccken und H\u00e4usern ausgestattet. 1849 begann die Bauarbeit an einer neuen Kirche mit neoklassizistischen, hellen Fassaden und f\u00fcnf T\u00fcrmen. Abgeschlossen wurde die Arbeit im Jahre 1857.<\/p>\n<p>Im Laufe der Zeit hat die Kirche viele Reparaturen erfahren, und zwischen 1868-1869 wurde sie in Temperafarben vom Bildhauer Constantin Calinescu gemalt.<\/p>\n<p>Die Ikonostase stammt von der alten Kirche und wurde von einem der M\u00f6nche des Klosters gemalt. Die innere Malerei zeichnet sich durch unz\u00e4hlige Szenen aus, die aus rum\u00e4nischen monastischen Leben inspiriert sind.<\/p>\n<\/div>\n<p>[\/et_pb_text][\/et_pb_column][et_pb_column type=&#8220;1_3&#8243;][et_pb_code admin_label=&#8220;Code&#8220; module_class=&#8220;et_pb_image flip-container&#8220;]&lt;div id=&quot;card&quot; class=&quot;flipper&quot;&gt;<br \/>\n&lt;div class=&quot;front&quot;&gt;&lt;img src=&quot;http:\/\/www.viziteazatarguneamt.ro\/wp-content\/uploads\/2015\/10\/DETALII.png&quot; \/&gt;&lt;\/div&gt;<br \/>\n&lt;div class=&quot;obt_img_hover back&quot;&gt;&lt;p&gt;Einzelheiten&lt;\/p&gt;&lt;\/div&gt;<br \/>\n&lt;\/div&gt;[\/et_pb_code][et_pb_text admin_label=&#8220;Text&#8220; background_layout=&#8220;light&#8220; text_orientation=&#8220;left&#8220; use_border_color=&#8220;off&#8220; border_color=&#8220;#ffffff&#8220; border_style=&#8220;solid&#8220; module_class=&#8220;cnipt_cont&#8220;]<\/p>\n<div class=\"cnipt_title drop_open_x\" onclick=\"animatieOpen(this)\">Einzelheiten<span class=\"pointer_down_left\"><\/span><span class=\"pointer_down_right\"><\/span><\/div>\n<div class=\"test\">\n<p>Anschrift: Dorf M\u0103n\u0103stirea Neam\u021b, Grafschaft Neam\u021b<br \/>\nTelefon: <a class=\"telefond\" href=\"tel:+4 0233.251.874\">+4 0233.251.874<\/a><br \/>\nE-mail: <a href=\"mailto:mihaidaniliuc@yahoo.com\">mihaidaniliuc@yahoo.com<\/a><br \/>\nWeb: <a href=\"http:\/\/www.schitulvovidenia.com\/home\" target=\"_blank\">www.schitulvovidenia.com<\/a><\/p>\n<\/div>\n<p>[\/et_pb_text][\/et_pb_column][\/et_pb_row][\/et_pb_section][et_pb_section admin_label=&#8220;section&#8220; fullwidth=&#8220;off&#8220; specialty=&#8220;off&#8220; transparent_background=&#8220;off&#8220; allow_player_pause=&#8220;off&#8220; inner_shadow=&#8220;off&#8220; parallax=&#8220;off&#8220; parallax_method=&#8220;off&#8220; padding_mobile=&#8220;off&#8220; module_class=&#8220;harta_oras&#8220; make_fullwidth=&#8220;off&#8220; use_custom_width=&#8220;off&#8220; width_unit=&#8220;on&#8220; make_equal=&#8220;off&#8220; use_custom_gutter=&#8220;off&#8220;][et_pb_row admin_label=&#8220;row&#8220;][et_pb_column type=&#8220;4_4&#8243;][et_pb_text admin_label=&#8220;Text&#8220; background_layout=&#8220;light&#8220; text_orientation=&#8220;left&#8220; use_border_color=&#8220;off&#8220; border_color=&#8220;#ffffff&#8220; border_style=&#8220;solid&#8220;]<\/p>\n<h2>Umgebungskarte<\/h2>\n<p>Sie wissen nicht, Ihre Stadt ? Kein Problem , die L\u00f6sung ist nur einen Klick entfernt !<\/p>\n<p> <a href=\"\/de\/landkarte-des-bezirk-neamt\/\">Karte anzeigen<\/a><\/p>\n<p>[\/et_pb_text][\/et_pb_column][\/et_pb_row][\/et_pb_section][et_pb_section admin_label=&#8220;section&#8220; fullwidth=&#8220;off&#8220; specialty=&#8220;off&#8220; transparent_background=&#8220;off&#8220; allow_player_pause=&#8220;off&#8220; inner_shadow=&#8220;off&#8220; parallax=&#8220;off&#8220; parallax_method=&#8220;off&#8220; padding_mobile=&#8220;off&#8220; module_class=&#8220;default_section harta_obiective&#8220; make_fullwidth=&#8220;off&#8220; use_custom_width=&#8220;off&#8220; width_unit=&#8220;on&#8220; make_equal=&#8220;off&#8220; use_custom_gutter=&#8220;off&#8220;][et_pb_row admin_label=&#8220;row&#8220;][et_pb_column type=&#8220;4_4&#8243;][et_pb_map admin_label=&#8220;Map&#8220; address=&#8220;Targu Neamt, Romania&#8220; zoom_level=&#8220;11&#8243; address_lat=&#8220;47.23840512710816&#8243; address_lng=&#8220;26.236975440961018&#8243; mouse_wheel=&#8220;off&#8220; use_grayscale_filter=&#8220;off&#8220;]<\/p>\n<p>[et_pb_map_pin pin_address=&#8220;DJ155C, M\u0103n\u0103stirea Neam\u021b 617502, Rom\u00e2nia&#8220; pin_address_lat=&#8220;47.25411285232561&#8243; pin_address_lng=&#8220;26.207887761914094&#8243; title=&#8220;Schitul Vovidenia&#8220;]<\/p>\n<p>[\/et_pb_map_pin]<\/p>\n<p>[\/et_pb_map][\/et_pb_column][\/et_pb_row][\/et_pb_section]<\/p>\n","protected":false},"excerpt":{"rendered":"<p>[et_pb_section admin_label=&#8220;section&#8220; transparent_background=&#8220;off&#8220; allow_player_pause=&#8220;off&#8220; inner_shadow=&#8220;off&#8220; parallax=&#8220;off&#8220; parallax_method=&#8220;off&#8220; padding_mobile=&#8220;off&#8220; module_class=&#8220;default_title&#8220; make_fullwidth=&#8220;off&#8220; use_custom_width=&#8220;off&#8220; width_unit=&#8220;on&#8220; make_equal=&#8220;off&#8220; use_custom_gutter=&#8220;off&#8220;][et_pb_row admin_label=&#8220;row&#8220;][et_pb_column type=&#8220;4_4&#8243;][et_pb_text admin_label=&#8220;Text&#8220; saved_tabs=&#8220;all&#8220; background_layout=&#8220;light&#8220; text_orientation=&#8220;left&#8220; use_border_color=&#8220;off&#8220; border_color=&#8220;#ffffff&#8220; border_style=&#8220;solid&#8220;] Das Vovidenia Kloster [\/et_pb_text][\/et_pb_column][\/et_pb_row][\/et_pb_section][et_pb_section admin_label=&#8220;section&#8220; fullwidth=&#8220;off&#8220; specialty=&#8220;off&#8220; transparent_background=&#8220;off&#8220; allow_player_pause=&#8220;off&#8220; inner_shadow=&#8220;off&#8220; parallax=&#8220;off&#8220; parallax_method=&#8220;off&#8220; padding_mobile=&#8220;off&#8220; module_class=&#8220;default_section obiectiv_turistic_main cnipt_net&#8220; make_fullwidth=&#8220;off&#8220; use_custom_width=&#8220;off&#8220; width_unit=&#8220;on&#8220; make_equal=&#8220;off&#8220; use_custom_gutter=&#8220;off&#8220;][et_pb_row admin_label=&#8220;row&#8220; make_fullwidth=&#8220;off&#8220; use_custom_width=&#8220;off&#8220; width_unit=&#8220;on&#8220; use_custom_gutter=&#8220;off&#8220; padding_mobile=&#8220;off&#8220; module_class=&#8220;full_image_obt&#8220; allow_player_pause=&#8220;off&#8220; parallax=&#8220;off&#8220; parallax_method=&#8220;off&#8220; make_equal=&#8220;off&#8220;][et_pb_column [&hellip;]<\/p>\n","protected":false},"author":2,"featured_media":0,"parent":0,"menu_order":0,"comment_status":"closed","ping_status":"closed","template":"","meta":{"_et_pb_use_builder":"on","_et_pb_old_content":"","_et_gb_content_width":"","footnotes":""},"class_list":["post-1950","page","type-page","status-publish","hentry"],"yoast_head":"<!-- This site is optimized with the Yoast SEO plugin v27.5 - https:\/\/yoast.com\/product\/yoast-seo-wordpress\/ -->\n<title>Das Vovidenia Kloster - Targu Neamt<\/title>\n<meta name=\"robots\" content=\"index, follow, max-snippet:-1, max-image-preview:large, max-video-preview:-1\" \/>\n<link rel=\"canonical\" href=\"https:\/\/viziteazatarguneamt.ro\/de\/das-vovidenia-kloster\/\" \/>\n<meta property=\"og:locale\" content=\"de_DE\" \/>\n<meta property=\"og:type\" content=\"article\" \/>\n<meta property=\"og:title\" content=\"Das Vovidenia Kloster - Targu Neamt\" \/>\n<meta property=\"og:description\" content=\"[et_pb_section admin_label=&#8220;section&#8220; transparent_background=&#8220;off&#8220; allow_player_pause=&#8220;off&#8220; inner_shadow=&#8220;off&#8220; parallax=&#8220;off&#8220; parallax_method=&#8220;off&#8220; padding_mobile=&#8220;off&#8220; module_class=&#8220;default_title&#8220; make_fullwidth=&#8220;off&#8220; use_custom_width=&#8220;off&#8220; width_unit=&#8220;on&#8220; make_equal=&#8220;off&#8220; use_custom_gutter=&#8220;off&#8220;][et_pb_row admin_label=&#8220;row&#8220;][et_pb_column type=&#8220;4_4&#8243;][et_pb_text admin_label=&#8220;Text&#8220; saved_tabs=&#8220;all&#8220; background_layout=&#8220;light&#8220; text_orientation=&#8220;left&#8220; use_border_color=&#8220;off&#8220; border_color=&#8220;#ffffff&#8220; border_style=&#8220;solid&#8220;] Das Vovidenia Kloster [\/et_pb_text][\/et_pb_column][\/et_pb_row][\/et_pb_section][et_pb_section admin_label=&#8220;section&#8220; fullwidth=&#8220;off&#8220; specialty=&#8220;off&#8220; transparent_background=&#8220;off&#8220; allow_player_pause=&#8220;off&#8220; inner_shadow=&#8220;off&#8220; parallax=&#8220;off&#8220; parallax_method=&#8220;off&#8220; padding_mobile=&#8220;off&#8220; module_class=&#8220;default_section obiectiv_turistic_main cnipt_net&#8220; make_fullwidth=&#8220;off&#8220; use_custom_width=&#8220;off&#8220; width_unit=&#8220;on&#8220; make_equal=&#8220;off&#8220; use_custom_gutter=&#8220;off&#8220;][et_pb_row admin_label=&#8220;row&#8220; make_fullwidth=&#8220;off&#8220; use_custom_width=&#8220;off&#8220; width_unit=&#8220;on&#8220; use_custom_gutter=&#8220;off&#8220; padding_mobile=&#8220;off&#8220; module_class=&#8220;full_image_obt&#8220; allow_player_pause=&#8220;off&#8220; parallax=&#8220;off&#8220; parallax_method=&#8220;off&#8220; make_equal=&#8220;off&#8220;][et_pb_column [&hellip;]\" \/>\n<meta property=\"og:url\" content=\"https:\/\/viziteazatarguneamt.ro\/de\/das-vovidenia-kloster\/\" \/>\n<meta property=\"og:site_name\" content=\"Targu Neamt\" \/>\n<meta property=\"article:modified_time\" content=\"2015-10-15T18:20:29+00:00\" \/>\n<meta name=\"twitter:card\" content=\"summary_large_image\" \/>\n<meta name=\"twitter:label1\" content=\"Gesch\u00e4tzte Lesezeit\" \/>\n\t<meta name=\"twitter:data1\" content=\"5\u00a0Minuten\" \/>\n<script type=\"application\/ld+json\" class=\"yoast-schema-graph\">{\"@context\":\"https:\\\/\\\/schema.org\",\"@graph\":[{\"@type\":\"WebPage\",\"@id\":\"https:\\\/\\\/viziteazatarguneamt.ro\\\/de\\\/das-vovidenia-kloster\\\/\",\"url\":\"https:\\\/\\\/viziteazatarguneamt.ro\\\/de\\\/das-vovidenia-kloster\\\/\",\"name\":\"Das Vovidenia Kloster - Targu Neamt\",\"isPartOf\":{\"@id\":\"https:\\\/\\\/viziteazatarguneamt.ro\\\/#website\"},\"datePublished\":\"2015-10-06T08:51:15+00:00\",\"dateModified\":\"2015-10-15T18:20:29+00:00\",\"breadcrumb\":{\"@id\":\"https:\\\/\\\/viziteazatarguneamt.ro\\\/de\\\/das-vovidenia-kloster\\\/#breadcrumb\"},\"inLanguage\":\"de\",\"potentialAction\":[{\"@type\":\"ReadAction\",\"target\":[\"https:\\\/\\\/viziteazatarguneamt.ro\\\/de\\\/das-vovidenia-kloster\\\/\"]}]},{\"@type\":\"BreadcrumbList\",\"@id\":\"https:\\\/\\\/viziteazatarguneamt.ro\\\/de\\\/das-vovidenia-kloster\\\/#breadcrumb\",\"itemListElement\":[{\"@type\":\"ListItem\",\"position\":1,\"name\":\"Acas\u0103\",\"item\":\"https:\\\/\\\/viziteazatarguneamt.ro\\\/de\\\/\"},{\"@type\":\"ListItem\",\"position\":2,\"name\":\"Das Vovidenia Kloster\"}]},{\"@type\":\"WebSite\",\"@id\":\"https:\\\/\\\/viziteazatarguneamt.ro\\\/#website\",\"url\":\"https:\\\/\\\/viziteazatarguneamt.ro\\\/\",\"name\":\"Targu Neamt\",\"description\":\"CNIPT\",\"potentialAction\":[{\"@type\":\"SearchAction\",\"target\":{\"@type\":\"EntryPoint\",\"urlTemplate\":\"https:\\\/\\\/viziteazatarguneamt.ro\\\/?s={search_term_string}\"},\"query-input\":{\"@type\":\"PropertyValueSpecification\",\"valueRequired\":true,\"valueName\":\"search_term_string\"}}],\"inLanguage\":\"de\"}]}<\/script>\n<!-- \/ Yoast SEO plugin. -->","yoast_head_json":{"title":"Das Vovidenia Kloster - Targu Neamt","robots":{"index":"index","follow":"follow","max-snippet":"max-snippet:-1","max-image-preview":"max-image-preview:large","max-video-preview":"max-video-preview:-1"},"canonical":"https:\/\/viziteazatarguneamt.ro\/de\/das-vovidenia-kloster\/","og_locale":"de_DE","og_type":"article","og_title":"Das Vovidenia Kloster - Targu Neamt","og_description":"[et_pb_section admin_label=&#8220;section&#8220; transparent_background=&#8220;off&#8220; allow_player_pause=&#8220;off&#8220; inner_shadow=&#8220;off&#8220; parallax=&#8220;off&#8220; parallax_method=&#8220;off&#8220; padding_mobile=&#8220;off&#8220; module_class=&#8220;default_title&#8220; make_fullwidth=&#8220;off&#8220; use_custom_width=&#8220;off&#8220; width_unit=&#8220;on&#8220; make_equal=&#8220;off&#8220; use_custom_gutter=&#8220;off&#8220;][et_pb_row admin_label=&#8220;row&#8220;][et_pb_column type=&#8220;4_4&#8243;][et_pb_text admin_label=&#8220;Text&#8220; saved_tabs=&#8220;all&#8220; background_layout=&#8220;light&#8220; text_orientation=&#8220;left&#8220; use_border_color=&#8220;off&#8220; border_color=&#8220;#ffffff&#8220; border_style=&#8220;solid&#8220;] Das Vovidenia Kloster [\/et_pb_text][\/et_pb_column][\/et_pb_row][\/et_pb_section][et_pb_section admin_label=&#8220;section&#8220; fullwidth=&#8220;off&#8220; specialty=&#8220;off&#8220; transparent_background=&#8220;off&#8220; allow_player_pause=&#8220;off&#8220; inner_shadow=&#8220;off&#8220; parallax=&#8220;off&#8220; parallax_method=&#8220;off&#8220; padding_mobile=&#8220;off&#8220; module_class=&#8220;default_section obiectiv_turistic_main cnipt_net&#8220; make_fullwidth=&#8220;off&#8220; use_custom_width=&#8220;off&#8220; width_unit=&#8220;on&#8220; make_equal=&#8220;off&#8220; use_custom_gutter=&#8220;off&#8220;][et_pb_row admin_label=&#8220;row&#8220; make_fullwidth=&#8220;off&#8220; use_custom_width=&#8220;off&#8220; width_unit=&#8220;on&#8220; use_custom_gutter=&#8220;off&#8220; padding_mobile=&#8220;off&#8220; module_class=&#8220;full_image_obt&#8220; allow_player_pause=&#8220;off&#8220; parallax=&#8220;off&#8220; parallax_method=&#8220;off&#8220; make_equal=&#8220;off&#8220;][et_pb_column [&hellip;]","og_url":"https:\/\/viziteazatarguneamt.ro\/de\/das-vovidenia-kloster\/","og_site_name":"Targu Neamt","article_modified_time":"2015-10-15T18:20:29+00:00","twitter_card":"summary_large_image","twitter_misc":{"Gesch\u00e4tzte Lesezeit":"5\u00a0Minuten"},"schema":{"@context":"https:\/\/schema.org","@graph":[{"@type":"WebPage","@id":"https:\/\/viziteazatarguneamt.ro\/de\/das-vovidenia-kloster\/","url":"https:\/\/viziteazatarguneamt.ro\/de\/das-vovidenia-kloster\/","name":"Das Vovidenia Kloster - Targu Neamt","isPartOf":{"@id":"https:\/\/viziteazatarguneamt.ro\/#website"},"datePublished":"2015-10-06T08:51:15+00:00","dateModified":"2015-10-15T18:20:29+00:00","breadcrumb":{"@id":"https:\/\/viziteazatarguneamt.ro\/de\/das-vovidenia-kloster\/#breadcrumb"},"inLanguage":"de","potentialAction":[{"@type":"ReadAction","target":["https:\/\/viziteazatarguneamt.ro\/de\/das-vovidenia-kloster\/"]}]},{"@type":"BreadcrumbList","@id":"https:\/\/viziteazatarguneamt.ro\/de\/das-vovidenia-kloster\/#breadcrumb","itemListElement":[{"@type":"ListItem","position":1,"name":"Acas\u0103","item":"https:\/\/viziteazatarguneamt.ro\/de\/"},{"@type":"ListItem","position":2,"name":"Das Vovidenia Kloster"}]},{"@type":"WebSite","@id":"https:\/\/viziteazatarguneamt.ro\/#website","url":"https:\/\/viziteazatarguneamt.ro\/","name":"Targu Neamt","description":"CNIPT","potentialAction":[{"@type":"SearchAction","target":{"@type":"EntryPoint","urlTemplate":"https:\/\/viziteazatarguneamt.ro\/?s={search_term_string}"},"query-input":{"@type":"PropertyValueSpecification","valueRequired":true,"valueName":"search_term_string"}}],"inLanguage":"de"}]}},"_links":{"self":[{"href":"https:\/\/viziteazatarguneamt.ro\/de\/wp-json\/wp\/v2\/pages\/1950","targetHints":{"allow":["GET"]}}],"collection":[{"href":"https:\/\/viziteazatarguneamt.ro\/de\/wp-json\/wp\/v2\/pages"}],"about":[{"href":"https:\/\/viziteazatarguneamt.ro\/de\/wp-json\/wp\/v2\/types\/page"}],"author":[{"embeddable":true,"href":"https:\/\/viziteazatarguneamt.ro\/de\/wp-json\/wp\/v2\/users\/2"}],"replies":[{"embeddable":true,"href":"https:\/\/viziteazatarguneamt.ro\/de\/wp-json\/wp\/v2\/comments?post=1950"}],"version-history":[{"count":4,"href":"https:\/\/viziteazatarguneamt.ro\/de\/wp-json\/wp\/v2\/pages\/1950\/revisions"}],"predecessor-version":[{"id":2412,"href":"https:\/\/viziteazatarguneamt.ro\/de\/wp-json\/wp\/v2\/pages\/1950\/revisions\/2412"}],"wp:attachment":[{"href":"https:\/\/viziteazatarguneamt.ro\/de\/wp-json\/wp\/v2\/media?parent=1950"}],"curies":[{"name":"wp","href":"https:\/\/api.w.org\/{rel}","templated":true}]}}