{"id":1461,"date":"2015-10-06T05:25:41","date_gmt":"2015-10-06T05:25:41","guid":{"rendered":"http:\/\/www.viziteazatarguneamt.ro\/fr\/parcul-natural-vanatori-neamt\/"},"modified":"2015-10-15T17:21:34","modified_gmt":"2015-10-15T14:21:34","slug":"le-parc-naturel-de-vanatori-neamt","status":"publish","type":"page","link":"https:\/\/viziteazatarguneamt.ro\/fr\/le-parc-naturel-de-vanatori-neamt\/","title":{"rendered":"Le Parc Naturel de V\u00e2n\u0103tori &#8211; Neam\u021b"},"content":{"rendered":"<p>[et_pb_section admin_label=\u00a0\u00bbsection\u00a0\u00bb transparent_background=\u00a0\u00bboff\u00a0\u00bb allow_player_pause=\u00a0\u00bboff\u00a0\u00bb inner_shadow=\u00a0\u00bboff\u00a0\u00bb parallax=\u00a0\u00bboff\u00a0\u00bb parallax_method=\u00a0\u00bboff\u00a0\u00bb padding_mobile=\u00a0\u00bboff\u00a0\u00bb module_class=\u00a0\u00bbdefault_title\u00a0\u00bb make_fullwidth=\u00a0\u00bboff\u00a0\u00bb use_custom_width=\u00a0\u00bboff\u00a0\u00bb width_unit=\u00a0\u00bbon\u00a0\u00bb make_equal=\u00a0\u00bboff\u00a0\u00bb use_custom_gutter=\u00a0\u00bboff\u00a0\u00bb][et_pb_row admin_label=\u00a0\u00bbrow\u00a0\u00bb][et_pb_column type=\u00a0\u00bb4_4&Prime;][et_pb_text admin_label=\u00a0\u00bbText\u00a0\u00bb saved_tabs=\u00a0\u00bball\u00a0\u00bb background_layout=\u00a0\u00bblight\u00a0\u00bb text_orientation=\u00a0\u00bbleft\u00a0\u00bb use_border_color=\u00a0\u00bboff\u00a0\u00bb border_color=\u00a0\u00bb#ffffff\u00a0\u00bb border_style=\u00a0\u00bbsolid\u00a0\u00bb]<\/p>\n<h1>Le Parc Naturel de V\u00e2n\u0103tori &#8211; Neam\u021b<\/h1>\n<p>[\/et_pb_text][\/et_pb_column][\/et_pb_row][\/et_pb_section][et_pb_section admin_label=\u00a0\u00bbsection\u00a0\u00bb fullwidth=\u00a0\u00bboff\u00a0\u00bb specialty=\u00a0\u00bboff\u00a0\u00bb transparent_background=\u00a0\u00bboff\u00a0\u00bb allow_player_pause=\u00a0\u00bboff\u00a0\u00bb inner_shadow=\u00a0\u00bboff\u00a0\u00bb parallax=\u00a0\u00bboff\u00a0\u00bb parallax_method=\u00a0\u00bboff\u00a0\u00bb padding_mobile=\u00a0\u00bboff\u00a0\u00bb module_class=\u00a0\u00bbdefault_section obiectiv_turistic_main cnipt_net\u00a0\u00bb make_fullwidth=\u00a0\u00bboff\u00a0\u00bb use_custom_width=\u00a0\u00bboff\u00a0\u00bb width_unit=\u00a0\u00bbon\u00a0\u00bb make_equal=\u00a0\u00bboff\u00a0\u00bb use_custom_gutter=\u00a0\u00bboff\u00a0\u00bb][et_pb_row admin_label=\u00a0\u00bbrow\u00a0\u00bb make_fullwidth=\u00a0\u00bboff\u00a0\u00bb use_custom_width=\u00a0\u00bboff\u00a0\u00bb width_unit=\u00a0\u00bbon\u00a0\u00bb use_custom_gutter=\u00a0\u00bboff\u00a0\u00bb padding_mobile=\u00a0\u00bboff\u00a0\u00bb module_class=\u00a0\u00bbfull_image_obt\u00a0\u00bb allow_player_pause=\u00a0\u00bboff\u00a0\u00bb parallax=\u00a0\u00bboff\u00a0\u00bb parallax_method=\u00a0\u00bboff\u00a0\u00bb make_equal=\u00a0\u00bboff\u00a0\u00bb][et_pb_column type=\u00a0\u00bb4_4&Prime;][et_pb_image admin_label=\u00a0\u00bbImage\u00a0\u00bb src=\u00a0\u00bb\/wp-content\/uploads\/2015\/10\/11202.jpg\u00a0\u00bb show_in_lightbox=\u00a0\u00bboff\u00a0\u00bb url_new_window=\u00a0\u00bboff\u00a0\u00bb animation=\u00a0\u00bboff\u00a0\u00bb sticky=\u00a0\u00bboff\u00a0\u00bb align=\u00a0\u00bbleft\u00a0\u00bb force_fullwidth=\u00a0\u00bboff\u00a0\u00bb always_center_on_mobile=\u00a0\u00bbon\u00a0\u00bb use_border_color=\u00a0\u00bboff\u00a0\u00bb border_color=\u00a0\u00bb#ffffff\u00a0\u00bb border_style=\u00a0\u00bbsolid\u00a0\u00bb]<\/p>\n<p>[\/et_pb_image][\/et_pb_column][\/et_pb_row][et_pb_row admin_label=\u00a0\u00bbR\u00e2nd\u00a0\u00bb make_fullwidth=\u00a0\u00bboff\u00a0\u00bb use_custom_width=\u00a0\u00bboff\u00a0\u00bb width_unit=\u00a0\u00bbon\u00a0\u00bb use_custom_gutter=\u00a0\u00bboff\u00a0\u00bb padding_mobile=\u00a0\u00bboff\u00a0\u00bb module_class=\u00a0\u00bbround_img_obt\u00a0\u00bb allow_player_pause=\u00a0\u00bboff\u00a0\u00bb parallax=\u00a0\u00bboff\u00a0\u00bb parallax_method=\u00a0\u00bboff\u00a0\u00bb make_equal=\u00a0\u00bboff\u00a0\u00bb column_padding_mobile=\u00a0\u00bbon\u00a0\u00bb][et_pb_column type=\u00a0\u00bb1_3&Prime;][et_pb_code admin_label=\u00a0\u00bbCode\u00a0\u00bb module_class=\u00a0\u00bbet_pb_image flip-container\u00a0\u00bb]&lt;div id=&quot;card&quot; class=&quot;flipper&quot;&gt;<br \/>\n&lt;div class=&quot;front&quot;&gt;&lt;img src=&quot;http:\/\/www.viziteazatarguneamt.ro\/wp-content\/uploads\/2015\/10\/450_22.jpg&quot; \/&gt;&lt;\/div&gt;<br \/>\n&lt;div class=&quot;obt_img_hover back&quot;&gt;&lt;p&gt;La position g\u00e9ographique&lt;\/p&gt;&lt;\/div&gt;<br \/>\n&lt;\/div&gt;[\/et_pb_code][et_pb_text admin_label=\u00a0\u00bbText\u00a0\u00bb background_layout=\u00a0\u00bblight\u00a0\u00bb text_orientation=\u00a0\u00bbleft\u00a0\u00bb use_border_color=\u00a0\u00bboff\u00a0\u00bb border_color=\u00a0\u00bb#ffffff\u00a0\u00bb border_style=\u00a0\u00bbsolid\u00a0\u00bb module_class=\u00a0\u00bbcnipt_cont\u00a0\u00bb]<\/p>\n<div class=\"cnipt_title drop_open_x\" onclick=\"animatieOpen(this)\">La position g\u00e9ographique<span class=\"pointer_down_left\"><\/span><span class=\"pointer_down_right\"><\/span><\/div>\n<div class=\"test\">\n<p>Fond\u00e9 en 1999, \u00abLe Parc Naturel de V\u00e2n\u0103tori Neam\u0163\u00bb se trouve dans la partie nord du d\u00e9partement de Neam\u0163, \u00e0 la fronti\u00e8re avec Suceava et s&rsquo;\u00e9tend \u00e0 l&rsquo;int\u00e9rieur des fronti\u00e8res des communes Cr\u0103c\u0103oani, Agapia, V\u00e2n\u0103tori-Neam\u021b et des stations B\u0103l\u021b\u0103te\u0219ti et Oglinzi.<br \/>\nDu point de vue g\u00e9ographique, le parc s&rsquo;\u00e9tend sur le versant de l&rsquo;est des Montagnes St\u00e2ni\u0219oara (la subdivision des Montagnes de Neam\u021b), dans la partie est des Carpates Orientales et au-dessus des Basses-Carpates de Neam\u021b (situ\u00e9es \u00e2 l&rsquo;int\u00e9rieur des Basses-Carpates Orientales), couvrant une partie du bassin de l&rsquo;Ozana et de Crac\u0103u.<br \/>\nLa surface du parc est de presque 31 000 hectares, d&rsquo;entre lesquels plus de 26 000 repr\u00e9sentent la r\u00e9serve de bois.  <\/p>\n<\/div>\n<p>[\/et_pb_text][\/et_pb_column][et_pb_column type=\u00a0\u00bb1_3&Prime;][et_pb_code admin_label=\u00a0\u00bbCode\u00a0\u00bb module_class=\u00a0\u00bbet_pb_image flip-container\u00a0\u00bb]&lt;div id=&quot;card&quot; class=&quot;flipper&quot;&gt;<br \/>\n&lt;div class=&quot;front&quot;&gt;&lt;img src=&quot;http:\/\/www.viziteazatarguneamt.ro\/wp-content\/uploads\/2015\/10\/4502.jpg&quot; \/&gt;&lt;\/div&gt;<br \/>\n&lt;div class=&quot;obt_img_hover back&quot;&gt;&lt;p&gt;La importance du parc&lt;\/p&gt;&lt;\/div&gt;<br \/>\n&lt;\/div&gt;[\/et_pb_code][et_pb_text admin_label=\u00a0\u00bbText\u00a0\u00bb background_layout=\u00a0\u00bblight\u00a0\u00bb text_orientation=\u00a0\u00bbleft\u00a0\u00bb use_border_color=\u00a0\u00bboff\u00a0\u00bb border_color=\u00a0\u00bb#ffffff\u00a0\u00bb border_style=\u00a0\u00bbsolid\u00a0\u00bb module_class=\u00a0\u00bbcnipt_cont\u00a0\u00bb]<\/p>\n<div class=\"cnipt_title drop_open_x\" onclick=\"animatieOpen(this)\">La importance du parc<span class=\"pointer_down_left\"><\/span><span class=\"pointer_down_right\"><\/span><\/div>\n<div class=\"test\">\n<p> Le parc abrite une gamme vari\u00e9e de valeurs naturelles, culturelles et historiques, mais l&rsquo;importance du parc r\u00e9side dans la diversit\u00e9 impressionnante de la flore et de la faune.<br \/>\nDans le cadre de la faune, le parc abrite une s\u00e9rie d&rsquo;esp\u00e8ces rares ou menac\u00e9es: l&rsquo;ours brun, le lynx, la loutre, l&rsquo;auroch ou le chat sauvage, le cerf des Carpates et le chevreuil. <\/p>\n<p>Les principales zones prot\u00e9g\u00e9es \u00e0 l&rsquo;int\u00e9rieur du \u00abParc de V\u00e2n\u0103tori Neam\u0163\u00bb sont \u00abLa For\u00eat d&rsquo;argent \u00bb, \u00abLa For\u00eat d&rsquo;airain\u00bb, \u00abLa r\u00e9serve de ch\u00eanes Dumbrava\u00bb et la r\u00e9serve d&rsquo;aurochs et de faune carpatique \u00abDrago\u015f Vod\u0103\u00bb.<br \/>\n\u00abLa For\u00eat d&rsquo;argent\u00bb est compos\u00e9e de peuplement de bouleaux, quelques arbres ayant plus de 100 ans et \u00abLa For\u00eat d&rsquo;airain\u00bb repr\u00e9sente une zone naturelle proteg\u00e9e compos\u00e9e pour la majorit\u00e9 de rouvres qui ont jusqu&rsquo;\u00e0 150 ans.\n<\/p>\n<p>Entre la vall\u00e9e du ruisseau Neam\u0163 et du ruisseau Nem\u0163i\u015for, \u00abLa R\u00e9serve Dumbrava\u00bb conserve des for\u00eats de ch\u00eanes s\u00e9culaires. \u00c0 l&rsquo;int\u00e9rieur de la r\u00e9serve d&rsquo;aurochs \u00abDrago\u015f Vod\u0103\u00bb on peut aussi admirer des cerfs des Carpates, des daims, des blaireaux et des esp\u00e8ces de l&rsquo;avifaune.\n<\/p>\n<\/div>\n<p>[\/et_pb_text][\/et_pb_column][et_pb_column type=\u00a0\u00bb1_3&Prime;][et_pb_code admin_label=\u00a0\u00bbCode\u00a0\u00bb module_class=\u00a0\u00bbet_pb_image flip-container\u00a0\u00bb]&lt;div id=&quot;card&quot; class=&quot;flipper&quot;&gt;<br \/>\n&lt;div class=&quot;front&quot;&gt;&lt;img src=&quot;http:\/\/www.viziteazatarguneamt.ro\/wp-content\/uploads\/2015\/10\/DETALII.png&quot; \/&gt;&lt;\/div&gt;<br \/>\n&lt;div class=&quot;obt_img_hover back&quot;&gt;&lt;p&gt;D\u00e9tails&lt;\/p&gt;&lt;\/div&gt;<br \/>\n&lt;\/div&gt;[\/et_pb_code][et_pb_text admin_label=\u00a0\u00bbText\u00a0\u00bb background_layout=\u00a0\u00bblight\u00a0\u00bb text_orientation=\u00a0\u00bbleft\u00a0\u00bb use_border_color=\u00a0\u00bboff\u00a0\u00bb border_color=\u00a0\u00bb#ffffff\u00a0\u00bb border_style=\u00a0\u00bbsolid\u00a0\u00bb module_class=\u00a0\u00bbcnipt_cont\u00a0\u00bb]<\/p>\n<div class=\"cnipt_title drop_open_x\" onclick=\"animatieOpen(this)\">D\u00e9tails<span class=\"pointer_down_left\"><\/span><span class=\"pointer_down_right\"><\/span><\/div>\n<div class=\"test\">\n<p>Adresse: Rue Zimbrului, V\u00e2n\u0103tori Neam\u021b<br \/>\nT\u00e9l\u00e9phone&nbsp;: <a class=\"telefond\" href=\"+4 0233.206.002\">+4 0233.206.002<\/a>\n<\/p>\n<\/div>\n<p>[\/et_pb_text][\/et_pb_column][\/et_pb_row][\/et_pb_section][et_pb_section admin_label=\u00a0\u00bbsection\u00a0\u00bb fullwidth=\u00a0\u00bboff\u00a0\u00bb specialty=\u00a0\u00bboff\u00a0\u00bb transparent_background=\u00a0\u00bboff\u00a0\u00bb allow_player_pause=\u00a0\u00bboff\u00a0\u00bb inner_shadow=\u00a0\u00bboff\u00a0\u00bb parallax=\u00a0\u00bboff\u00a0\u00bb parallax_method=\u00a0\u00bboff\u00a0\u00bb padding_mobile=\u00a0\u00bboff\u00a0\u00bb module_class=\u00a0\u00bbharta_oras\u00a0\u00bb make_fullwidth=\u00a0\u00bboff\u00a0\u00bb use_custom_width=\u00a0\u00bboff\u00a0\u00bb width_unit=\u00a0\u00bbon\u00a0\u00bb make_equal=\u00a0\u00bboff\u00a0\u00bb use_custom_gutter=\u00a0\u00bboff\u00a0\u00bb][et_pb_row admin_label=\u00a0\u00bbrow\u00a0\u00bb][et_pb_column type=\u00a0\u00bb4_4&Prime;][et_pb_text admin_label=\u00a0\u00bbText\u00a0\u00bb background_layout=\u00a0\u00bblight\u00a0\u00bb text_orientation=\u00a0\u00bbleft\u00a0\u00bb use_border_color=\u00a0\u00bboff\u00a0\u00bb border_color=\u00a0\u00bb#ffffff\u00a0\u00bb border_style=\u00a0\u00bbsolid\u00a0\u00bb]<\/p>\n<h2>La carte du d\u00e9partement de Neamt<\/h2>\n<p>Vous ne connaissez pas votre ville? Pas de probl\u00e8me, la solution est \u00e0 port\u00e9e de click !<\/p>\n<p><a href=\"\/fr\/la-carte-du-departement-de-neamt\/\">Voir la carte<\/a><\/p>\n<p>[\/et_pb_text][\/et_pb_column][\/et_pb_row][\/et_pb_section][et_pb_section admin_label=\u00a0\u00bbsection\u00a0\u00bb fullwidth=\u00a0\u00bboff\u00a0\u00bb specialty=\u00a0\u00bboff\u00a0\u00bb transparent_background=\u00a0\u00bboff\u00a0\u00bb allow_player_pause=\u00a0\u00bboff\u00a0\u00bb inner_shadow=\u00a0\u00bboff\u00a0\u00bb parallax=\u00a0\u00bboff\u00a0\u00bb parallax_method=\u00a0\u00bboff\u00a0\u00bb padding_mobile=\u00a0\u00bboff\u00a0\u00bb module_class=\u00a0\u00bbdefault_section harta_obiective\u00a0\u00bb make_fullwidth=\u00a0\u00bboff\u00a0\u00bb use_custom_width=\u00a0\u00bboff\u00a0\u00bb width_unit=\u00a0\u00bbon\u00a0\u00bb make_equal=\u00a0\u00bboff\u00a0\u00bb use_custom_gutter=\u00a0\u00bboff\u00a0\u00bb][et_pb_row admin_label=\u00a0\u00bbrow\u00a0\u00bb][et_pb_column type=\u00a0\u00bb4_4&Prime;][et_pb_map admin_label=\u00a0\u00bbMap\u00a0\u00bb address=\u00a0\u00bbParcul Natural V\u00e2n\u0103tori Neam\u021b, Str.Zimbrului 2, V\u00e2n\u0103tori-Neam\u021b 617500, Rom\u00e2nia\u00a0\u00bb zoom_level=\u00a0\u00bb10&Prime; address_lat=\u00a0\u00bb47.16615260000003&Prime; address_lng=\u00a0\u00bb26.20252729999993&Prime; mouse_wheel=\u00a0\u00bboff\u00a0\u00bb use_grayscale_filter=\u00a0\u00bboff\u00a0\u00bb]<\/p>\n<p>[et_pb_map_pin pin_address=\u00a0\u00bbParcul Natural V\u00e2n\u0103tori Neam\u021b, Str.Zimbrului 2, V\u00e2n\u0103tori-Neam\u021b 617500, Rom\u00e2nia\u00a0\u00bb pin_address_lat=\u00a0\u00bb47.1661526&Prime; pin_address_lng=\u00a0\u00bb26.20252729999993&Prime; title=\u00a0\u00bbParcul Natural V\u00e2n\u0103tori-Neam\u021b\u00a0\u00bb]<\/p>\n<p>[\/et_pb_map_pin]<\/p>\n<p>[\/et_pb_map][\/et_pb_column][\/et_pb_row][\/et_pb_section]<\/p>\n","protected":false},"excerpt":{"rendered":"<p>[et_pb_section admin_label=\u00a0\u00bbsection\u00a0\u00bb transparent_background=\u00a0\u00bboff\u00a0\u00bb allow_player_pause=\u00a0\u00bboff\u00a0\u00bb inner_shadow=\u00a0\u00bboff\u00a0\u00bb parallax=\u00a0\u00bboff\u00a0\u00bb parallax_method=\u00a0\u00bboff\u00a0\u00bb padding_mobile=\u00a0\u00bboff\u00a0\u00bb module_class=\u00a0\u00bbdefault_title\u00a0\u00bb make_fullwidth=\u00a0\u00bboff\u00a0\u00bb use_custom_width=\u00a0\u00bboff\u00a0\u00bb width_unit=\u00a0\u00bbon\u00a0\u00bb make_equal=\u00a0\u00bboff\u00a0\u00bb use_custom_gutter=\u00a0\u00bboff\u00a0\u00bb][et_pb_row admin_label=\u00a0\u00bbrow\u00a0\u00bb][et_pb_column type=\u00a0\u00bb4_4&Prime;][et_pb_text admin_label=\u00a0\u00bbText\u00a0\u00bb saved_tabs=\u00a0\u00bball\u00a0\u00bb background_layout=\u00a0\u00bblight\u00a0\u00bb text_orientation=\u00a0\u00bbleft\u00a0\u00bb use_border_color=\u00a0\u00bboff\u00a0\u00bb border_color=\u00a0\u00bb#ffffff\u00a0\u00bb border_style=\u00a0\u00bbsolid\u00a0\u00bb] Le Parc Naturel de V\u00e2n\u0103tori &#8211; Neam\u021b [\/et_pb_text][\/et_pb_column][\/et_pb_row][\/et_pb_section][et_pb_section admin_label=\u00a0\u00bbsection\u00a0\u00bb fullwidth=\u00a0\u00bboff\u00a0\u00bb specialty=\u00a0\u00bboff\u00a0\u00bb transparent_background=\u00a0\u00bboff\u00a0\u00bb allow_player_pause=\u00a0\u00bboff\u00a0\u00bb inner_shadow=\u00a0\u00bboff\u00a0\u00bb parallax=\u00a0\u00bboff\u00a0\u00bb parallax_method=\u00a0\u00bboff\u00a0\u00bb padding_mobile=\u00a0\u00bboff\u00a0\u00bb module_class=\u00a0\u00bbdefault_section obiectiv_turistic_main cnipt_net\u00a0\u00bb make_fullwidth=\u00a0\u00bboff\u00a0\u00bb use_custom_width=\u00a0\u00bboff\u00a0\u00bb width_unit=\u00a0\u00bbon\u00a0\u00bb make_equal=\u00a0\u00bboff\u00a0\u00bb use_custom_gutter=\u00a0\u00bboff\u00a0\u00bb][et_pb_row admin_label=\u00a0\u00bbrow\u00a0\u00bb make_fullwidth=\u00a0\u00bboff\u00a0\u00bb use_custom_width=\u00a0\u00bboff\u00a0\u00bb width_unit=\u00a0\u00bbon\u00a0\u00bb use_custom_gutter=\u00a0\u00bboff\u00a0\u00bb padding_mobile=\u00a0\u00bboff\u00a0\u00bb module_class=\u00a0\u00bbfull_image_obt\u00a0\u00bb [&hellip;]<\/p>\n","protected":false},"author":2,"featured_media":0,"parent":0,"menu_order":0,"comment_status":"closed","ping_status":"closed","template":"","meta":{"_et_pb_use_builder":"on","_et_pb_old_content":"","_et_gb_content_width":"","footnotes":""},"class_list":["post-1461","page","type-page","status-publish","hentry"],"yoast_head":"<!-- This site is optimized with the Yoast SEO plugin v27.5 - https:\/\/yoast.com\/product\/yoast-seo-wordpress\/ -->\n<title>Le Parc Naturel de V\u00e2n\u0103tori - Neam\u021b - Targu Neamt<\/title>\n<meta name=\"robots\" content=\"index, follow, max-snippet:-1, max-image-preview:large, max-video-preview:-1\" \/>\n<link rel=\"canonical\" href=\"https:\/\/viziteazatarguneamt.ro\/fr\/le-parc-naturel-de-vanatori-neamt\/\" \/>\n<meta property=\"og:locale\" content=\"fr_FR\" \/>\n<meta property=\"og:type\" content=\"article\" \/>\n<meta property=\"og:title\" content=\"Le Parc Naturel de V\u00e2n\u0103tori - Neam\u021b - Targu Neamt\" \/>\n<meta property=\"og:description\" content=\"[et_pb_section admin_label=\u00a0\u00bbsection\u00a0\u00bb transparent_background=\u00a0\u00bboff\u00a0\u00bb allow_player_pause=\u00a0\u00bboff\u00a0\u00bb inner_shadow=\u00a0\u00bboff\u00a0\u00bb parallax=\u00a0\u00bboff\u00a0\u00bb parallax_method=\u00a0\u00bboff\u00a0\u00bb padding_mobile=\u00a0\u00bboff\u00a0\u00bb module_class=\u00a0\u00bbdefault_title\u00a0\u00bb make_fullwidth=\u00a0\u00bboff\u00a0\u00bb use_custom_width=\u00a0\u00bboff\u00a0\u00bb width_unit=\u00a0\u00bbon\u00a0\u00bb make_equal=\u00a0\u00bboff\u00a0\u00bb use_custom_gutter=\u00a0\u00bboff\u00a0\u00bb][et_pb_row admin_label=\u00a0\u00bbrow\u00a0\u00bb][et_pb_column type=\u00a0\u00bb4_4&Prime;][et_pb_text admin_label=\u00a0\u00bbText\u00a0\u00bb saved_tabs=\u00a0\u00bball\u00a0\u00bb background_layout=\u00a0\u00bblight\u00a0\u00bb text_orientation=\u00a0\u00bbleft\u00a0\u00bb use_border_color=\u00a0\u00bboff\u00a0\u00bb border_color=\u00a0\u00bb#ffffff\u00a0\u00bb border_style=\u00a0\u00bbsolid\u00a0\u00bb] Le Parc Naturel de V\u00e2n\u0103tori &#8211; Neam\u021b [\/et_pb_text][\/et_pb_column][\/et_pb_row][\/et_pb_section][et_pb_section admin_label=\u00a0\u00bbsection\u00a0\u00bb fullwidth=\u00a0\u00bboff\u00a0\u00bb specialty=\u00a0\u00bboff\u00a0\u00bb transparent_background=\u00a0\u00bboff\u00a0\u00bb allow_player_pause=\u00a0\u00bboff\u00a0\u00bb inner_shadow=\u00a0\u00bboff\u00a0\u00bb parallax=\u00a0\u00bboff\u00a0\u00bb parallax_method=\u00a0\u00bboff\u00a0\u00bb padding_mobile=\u00a0\u00bboff\u00a0\u00bb module_class=\u00a0\u00bbdefault_section obiectiv_turistic_main cnipt_net\u00a0\u00bb make_fullwidth=\u00a0\u00bboff\u00a0\u00bb use_custom_width=\u00a0\u00bboff\u00a0\u00bb width_unit=\u00a0\u00bbon\u00a0\u00bb make_equal=\u00a0\u00bboff\u00a0\u00bb use_custom_gutter=\u00a0\u00bboff\u00a0\u00bb][et_pb_row admin_label=\u00a0\u00bbrow\u00a0\u00bb make_fullwidth=\u00a0\u00bboff\u00a0\u00bb use_custom_width=\u00a0\u00bboff\u00a0\u00bb width_unit=\u00a0\u00bbon\u00a0\u00bb use_custom_gutter=\u00a0\u00bboff\u00a0\u00bb padding_mobile=\u00a0\u00bboff\u00a0\u00bb module_class=\u00a0\u00bbfull_image_obt\u00a0\u00bb [&hellip;]\" \/>\n<meta property=\"og:url\" content=\"https:\/\/viziteazatarguneamt.ro\/fr\/le-parc-naturel-de-vanatori-neamt\/\" \/>\n<meta property=\"og:site_name\" content=\"Targu Neamt\" \/>\n<meta property=\"article:modified_time\" content=\"2015-10-15T14:21:34+00:00\" \/>\n<meta name=\"twitter:card\" content=\"summary_large_image\" \/>\n<meta name=\"twitter:label1\" content=\"Dur\u00e9e de lecture estim\u00e9e\" \/>\n\t<meta name=\"twitter:data1\" content=\"6 minutes\" \/>\n<script type=\"application\/ld+json\" class=\"yoast-schema-graph\">{\"@context\":\"https:\\\/\\\/schema.org\",\"@graph\":[{\"@type\":\"WebPage\",\"@id\":\"https:\\\/\\\/viziteazatarguneamt.ro\\\/fr\\\/le-parc-naturel-de-vanatori-neamt\\\/\",\"url\":\"https:\\\/\\\/viziteazatarguneamt.ro\\\/fr\\\/le-parc-naturel-de-vanatori-neamt\\\/\",\"name\":\"Le Parc Naturel de V\u00e2n\u0103tori - Neam\u021b - Targu Neamt\",\"isPartOf\":{\"@id\":\"https:\\\/\\\/viziteazatarguneamt.ro\\\/#website\"},\"datePublished\":\"2015-10-06T05:25:41+00:00\",\"dateModified\":\"2015-10-15T14:21:34+00:00\",\"breadcrumb\":{\"@id\":\"https:\\\/\\\/viziteazatarguneamt.ro\\\/fr\\\/le-parc-naturel-de-vanatori-neamt\\\/#breadcrumb\"},\"inLanguage\":\"fr-FR\",\"potentialAction\":[{\"@type\":\"ReadAction\",\"target\":[\"https:\\\/\\\/viziteazatarguneamt.ro\\\/fr\\\/le-parc-naturel-de-vanatori-neamt\\\/\"]}]},{\"@type\":\"BreadcrumbList\",\"@id\":\"https:\\\/\\\/viziteazatarguneamt.ro\\\/fr\\\/le-parc-naturel-de-vanatori-neamt\\\/#breadcrumb\",\"itemListElement\":[{\"@type\":\"ListItem\",\"position\":1,\"name\":\"Acas\u0103\",\"item\":\"https:\\\/\\\/viziteazatarguneamt.ro\\\/fr\\\/\"},{\"@type\":\"ListItem\",\"position\":2,\"name\":\"Le Parc Naturel de V\u00e2n\u0103tori &#8211; Neam\u021b\"}]},{\"@type\":\"WebSite\",\"@id\":\"https:\\\/\\\/viziteazatarguneamt.ro\\\/#website\",\"url\":\"https:\\\/\\\/viziteazatarguneamt.ro\\\/\",\"name\":\"Targu Neamt\",\"description\":\"CNIPT\",\"potentialAction\":[{\"@type\":\"SearchAction\",\"target\":{\"@type\":\"EntryPoint\",\"urlTemplate\":\"https:\\\/\\\/viziteazatarguneamt.ro\\\/?s={search_term_string}\"},\"query-input\":{\"@type\":\"PropertyValueSpecification\",\"valueRequired\":true,\"valueName\":\"search_term_string\"}}],\"inLanguage\":\"fr-FR\"}]}<\/script>\n<!-- \/ Yoast SEO plugin. -->","yoast_head_json":{"title":"Le Parc Naturel de V\u00e2n\u0103tori - Neam\u021b - Targu Neamt","robots":{"index":"index","follow":"follow","max-snippet":"max-snippet:-1","max-image-preview":"max-image-preview:large","max-video-preview":"max-video-preview:-1"},"canonical":"https:\/\/viziteazatarguneamt.ro\/fr\/le-parc-naturel-de-vanatori-neamt\/","og_locale":"fr_FR","og_type":"article","og_title":"Le Parc Naturel de V\u00e2n\u0103tori - Neam\u021b - Targu Neamt","og_description":"[et_pb_section admin_label=\u00a0\u00bbsection\u00a0\u00bb transparent_background=\u00a0\u00bboff\u00a0\u00bb allow_player_pause=\u00a0\u00bboff\u00a0\u00bb inner_shadow=\u00a0\u00bboff\u00a0\u00bb parallax=\u00a0\u00bboff\u00a0\u00bb parallax_method=\u00a0\u00bboff\u00a0\u00bb padding_mobile=\u00a0\u00bboff\u00a0\u00bb module_class=\u00a0\u00bbdefault_title\u00a0\u00bb make_fullwidth=\u00a0\u00bboff\u00a0\u00bb use_custom_width=\u00a0\u00bboff\u00a0\u00bb width_unit=\u00a0\u00bbon\u00a0\u00bb make_equal=\u00a0\u00bboff\u00a0\u00bb use_custom_gutter=\u00a0\u00bboff\u00a0\u00bb][et_pb_row admin_label=\u00a0\u00bbrow\u00a0\u00bb][et_pb_column type=\u00a0\u00bb4_4&Prime;][et_pb_text admin_label=\u00a0\u00bbText\u00a0\u00bb saved_tabs=\u00a0\u00bball\u00a0\u00bb background_layout=\u00a0\u00bblight\u00a0\u00bb text_orientation=\u00a0\u00bbleft\u00a0\u00bb use_border_color=\u00a0\u00bboff\u00a0\u00bb border_color=\u00a0\u00bb#ffffff\u00a0\u00bb border_style=\u00a0\u00bbsolid\u00a0\u00bb] Le Parc Naturel de V\u00e2n\u0103tori &#8211; Neam\u021b [\/et_pb_text][\/et_pb_column][\/et_pb_row][\/et_pb_section][et_pb_section admin_label=\u00a0\u00bbsection\u00a0\u00bb fullwidth=\u00a0\u00bboff\u00a0\u00bb specialty=\u00a0\u00bboff\u00a0\u00bb transparent_background=\u00a0\u00bboff\u00a0\u00bb allow_player_pause=\u00a0\u00bboff\u00a0\u00bb inner_shadow=\u00a0\u00bboff\u00a0\u00bb parallax=\u00a0\u00bboff\u00a0\u00bb parallax_method=\u00a0\u00bboff\u00a0\u00bb padding_mobile=\u00a0\u00bboff\u00a0\u00bb module_class=\u00a0\u00bbdefault_section obiectiv_turistic_main cnipt_net\u00a0\u00bb make_fullwidth=\u00a0\u00bboff\u00a0\u00bb use_custom_width=\u00a0\u00bboff\u00a0\u00bb width_unit=\u00a0\u00bbon\u00a0\u00bb make_equal=\u00a0\u00bboff\u00a0\u00bb use_custom_gutter=\u00a0\u00bboff\u00a0\u00bb][et_pb_row admin_label=\u00a0\u00bbrow\u00a0\u00bb make_fullwidth=\u00a0\u00bboff\u00a0\u00bb use_custom_width=\u00a0\u00bboff\u00a0\u00bb width_unit=\u00a0\u00bbon\u00a0\u00bb use_custom_gutter=\u00a0\u00bboff\u00a0\u00bb padding_mobile=\u00a0\u00bboff\u00a0\u00bb module_class=\u00a0\u00bbfull_image_obt\u00a0\u00bb [&hellip;]","og_url":"https:\/\/viziteazatarguneamt.ro\/fr\/le-parc-naturel-de-vanatori-neamt\/","og_site_name":"Targu Neamt","article_modified_time":"2015-10-15T14:21:34+00:00","twitter_card":"summary_large_image","twitter_misc":{"Dur\u00e9e de lecture estim\u00e9e":"6 minutes"},"schema":{"@context":"https:\/\/schema.org","@graph":[{"@type":"WebPage","@id":"https:\/\/viziteazatarguneamt.ro\/fr\/le-parc-naturel-de-vanatori-neamt\/","url":"https:\/\/viziteazatarguneamt.ro\/fr\/le-parc-naturel-de-vanatori-neamt\/","name":"Le Parc Naturel de V\u00e2n\u0103tori - Neam\u021b - Targu Neamt","isPartOf":{"@id":"https:\/\/viziteazatarguneamt.ro\/#website"},"datePublished":"2015-10-06T05:25:41+00:00","dateModified":"2015-10-15T14:21:34+00:00","breadcrumb":{"@id":"https:\/\/viziteazatarguneamt.ro\/fr\/le-parc-naturel-de-vanatori-neamt\/#breadcrumb"},"inLanguage":"fr-FR","potentialAction":[{"@type":"ReadAction","target":["https:\/\/viziteazatarguneamt.ro\/fr\/le-parc-naturel-de-vanatori-neamt\/"]}]},{"@type":"BreadcrumbList","@id":"https:\/\/viziteazatarguneamt.ro\/fr\/le-parc-naturel-de-vanatori-neamt\/#breadcrumb","itemListElement":[{"@type":"ListItem","position":1,"name":"Acas\u0103","item":"https:\/\/viziteazatarguneamt.ro\/fr\/"},{"@type":"ListItem","position":2,"name":"Le Parc Naturel de V\u00e2n\u0103tori &#8211; Neam\u021b"}]},{"@type":"WebSite","@id":"https:\/\/viziteazatarguneamt.ro\/#website","url":"https:\/\/viziteazatarguneamt.ro\/","name":"Targu Neamt","description":"CNIPT","potentialAction":[{"@type":"SearchAction","target":{"@type":"EntryPoint","urlTemplate":"https:\/\/viziteazatarguneamt.ro\/?s={search_term_string}"},"query-input":{"@type":"PropertyValueSpecification","valueRequired":true,"valueName":"search_term_string"}}],"inLanguage":"fr-FR"}]}},"_links":{"self":[{"href":"https:\/\/viziteazatarguneamt.ro\/fr\/wp-json\/wp\/v2\/pages\/1461","targetHints":{"allow":["GET"]}}],"collection":[{"href":"https:\/\/viziteazatarguneamt.ro\/fr\/wp-json\/wp\/v2\/pages"}],"about":[{"href":"https:\/\/viziteazatarguneamt.ro\/fr\/wp-json\/wp\/v2\/types\/page"}],"author":[{"embeddable":true,"href":"https:\/\/viziteazatarguneamt.ro\/fr\/wp-json\/wp\/v2\/users\/2"}],"replies":[{"embeddable":true,"href":"https:\/\/viziteazatarguneamt.ro\/fr\/wp-json\/wp\/v2\/comments?post=1461"}],"version-history":[{"count":6,"href":"https:\/\/viziteazatarguneamt.ro\/fr\/wp-json\/wp\/v2\/pages\/1461\/revisions"}],"predecessor-version":[{"id":2323,"href":"https:\/\/viziteazatarguneamt.ro\/fr\/wp-json\/wp\/v2\/pages\/1461\/revisions\/2323"}],"wp:attachment":[{"href":"https:\/\/viziteazatarguneamt.ro\/fr\/wp-json\/wp\/v2\/media?parent=1461"}],"curies":[{"name":"wp","href":"https:\/\/api.w.org\/{rel}","templated":true}]}}