{"id":1520,"date":"2015-10-06T07:38:03","date_gmt":"2015-10-06T07:38:03","guid":{"rendered":"http:\/\/www.viziteazatarguneamt.ro\/fr\/monumentul-vanatorilor-de-munte\/"},"modified":"2015-10-15T20:57:15","modified_gmt":"2015-10-15T17:57:15","slug":"le-monument-des-chasseurs-de-montagne","status":"publish","type":"page","link":"https:\/\/viziteazatarguneamt.ro\/fr\/le-monument-des-chasseurs-de-montagne\/","title":{"rendered":"Le Monument des Chasseurs de Montagne"},"content":{"rendered":"<p>[et_pb_section admin_label=\u00a0\u00bbsection\u00a0\u00bb transparent_background=\u00a0\u00bboff\u00a0\u00bb allow_player_pause=\u00a0\u00bboff\u00a0\u00bb inner_shadow=\u00a0\u00bboff\u00a0\u00bb parallax=\u00a0\u00bboff\u00a0\u00bb parallax_method=\u00a0\u00bboff\u00a0\u00bb padding_mobile=\u00a0\u00bboff\u00a0\u00bb module_class=\u00a0\u00bbdefault_title\u00a0\u00bb make_fullwidth=\u00a0\u00bboff\u00a0\u00bb use_custom_width=\u00a0\u00bboff\u00a0\u00bb width_unit=\u00a0\u00bbon\u00a0\u00bb make_equal=\u00a0\u00bboff\u00a0\u00bb use_custom_gutter=\u00a0\u00bboff\u00a0\u00bb][et_pb_row admin_label=\u00a0\u00bbrow\u00a0\u00bb][et_pb_column type=\u00a0\u00bb4_4&Prime;][et_pb_text admin_label=\u00a0\u00bbText\u00a0\u00bb saved_tabs=\u00a0\u00bball\u00a0\u00bb background_layout=\u00a0\u00bblight\u00a0\u00bb text_orientation=\u00a0\u00bbleft\u00a0\u00bb use_border_color=\u00a0\u00bboff\u00a0\u00bb border_color=\u00a0\u00bb#ffffff\u00a0\u00bb border_style=\u00a0\u00bbsolid\u00a0\u00bb]<\/p>\n<h1>Le Monument des Chasseurs de Montagne<\/h1>\n<p>[\/et_pb_text][\/et_pb_column][\/et_pb_row][\/et_pb_section][et_pb_section admin_label=\u00a0\u00bbsection\u00a0\u00bb fullwidth=\u00a0\u00bboff\u00a0\u00bb specialty=\u00a0\u00bboff\u00a0\u00bb transparent_background=\u00a0\u00bboff\u00a0\u00bb allow_player_pause=\u00a0\u00bboff\u00a0\u00bb inner_shadow=\u00a0\u00bboff\u00a0\u00bb parallax=\u00a0\u00bboff\u00a0\u00bb parallax_method=\u00a0\u00bboff\u00a0\u00bb padding_mobile=\u00a0\u00bboff\u00a0\u00bb module_class=\u00a0\u00bbdefault_section obiectiv_turistic_main cnipt_net\u00a0\u00bb make_fullwidth=\u00a0\u00bboff\u00a0\u00bb use_custom_width=\u00a0\u00bboff\u00a0\u00bb width_unit=\u00a0\u00bbon\u00a0\u00bb make_equal=\u00a0\u00bboff\u00a0\u00bb use_custom_gutter=\u00a0\u00bboff\u00a0\u00bb][et_pb_row admin_label=\u00a0\u00bbrow\u00a0\u00bb make_fullwidth=\u00a0\u00bboff\u00a0\u00bb use_custom_width=\u00a0\u00bboff\u00a0\u00bb width_unit=\u00a0\u00bbon\u00a0\u00bb use_custom_gutter=\u00a0\u00bboff\u00a0\u00bb padding_mobile=\u00a0\u00bboff\u00a0\u00bb module_class=\u00a0\u00bbfull_image_obt\u00a0\u00bb allow_player_pause=\u00a0\u00bboff\u00a0\u00bb parallax=\u00a0\u00bboff\u00a0\u00bb parallax_method=\u00a0\u00bboff\u00a0\u00bb make_equal=\u00a0\u00bboff\u00a0\u00bb][et_pb_column type=\u00a0\u00bb4_4&Prime;][et_pb_image admin_label=\u00a0\u00bbImage\u00a0\u00bb src=\u00a0\u00bb\/wp-content\/uploads\/2015\/10\/112018.jpg\u00a0\u00bb show_in_lightbox=\u00a0\u00bboff\u00a0\u00bb url_new_window=\u00a0\u00bboff\u00a0\u00bb animation=\u00a0\u00bboff\u00a0\u00bb sticky=\u00a0\u00bboff\u00a0\u00bb align=\u00a0\u00bbleft\u00a0\u00bb force_fullwidth=\u00a0\u00bboff\u00a0\u00bb always_center_on_mobile=\u00a0\u00bbon\u00a0\u00bb use_border_color=\u00a0\u00bboff\u00a0\u00bb border_color=\u00a0\u00bb#ffffff\u00a0\u00bb border_style=\u00a0\u00bbsolid\u00a0\u00bb]<\/p>\n<p>[\/et_pb_image][\/et_pb_column][\/et_pb_row][et_pb_row admin_label=\u00a0\u00bbrow\u00a0\u00bb make_fullwidth=\u00a0\u00bboff\u00a0\u00bb use_custom_width=\u00a0\u00bboff\u00a0\u00bb width_unit=\u00a0\u00bbon\u00a0\u00bb use_custom_gutter=\u00a0\u00bboff\u00a0\u00bb padding_mobile=\u00a0\u00bboff\u00a0\u00bb module_class=\u00a0\u00bbround_img_obt\u00a0\u00bb allow_player_pause=\u00a0\u00bboff\u00a0\u00bb parallax=\u00a0\u00bboff\u00a0\u00bb parallax_method=\u00a0\u00bboff\u00a0\u00bb make_equal=\u00a0\u00bboff\u00a0\u00bb][et_pb_column type=\u00a0\u00bb1_2&Prime;][et_pb_code admin_label=\u00a0\u00bbCode\u00a0\u00bb module_class=\u00a0\u00bbet_pb_image flip-container\u00a0\u00bb]&lt;div id=&quot;card&quot; class=&quot;flipper&quot;&gt;<br \/>\n&lt;div class=&quot;front&quot;&gt;&lt;img src=&quot;http:\/\/www.viziteazatarguneamt.ro\/wp-content\/uploads\/2015\/10\/450_218.jpg&quot; \/&gt;&lt;\/div&gt;<br \/>\n&lt;div class=&quot;obt_img_hover back&quot;&gt;&lt;p&gt;29 juin 1939&lt;\/p&gt;&lt;\/div&gt;<br \/>\n&lt;\/div&gt;[\/et_pb_code][et_pb_text admin_label=\u00a0\u00bbText\u00a0\u00bb background_layout=\u00a0\u00bblight\u00a0\u00bb text_orientation=\u00a0\u00bbleft\u00a0\u00bb use_border_color=\u00a0\u00bboff\u00a0\u00bb border_color=\u00a0\u00bb#ffffff\u00a0\u00bb border_style=\u00a0\u00bbsolid\u00a0\u00bb module_class=\u00a0\u00bbcnipt_cont\u00a0\u00bb]<\/p>\n<div class=\"cnipt_title drop_open_x\" onclick=\"animatieOpen(this)\">29 juin 1939<span class=\"pointer_down_left\"><\/span><span class=\"pointer_down_right\"><\/span><\/div>\n<div class=\"test\">\n<p>A une altitude de presque 500 m\u00e8tres, dans la partie de nord-est de la ville, sur une terrasse cr\u00e9e en 1936, est \u00e9rig\u00e9 le Monument des Chasseurs de Montagne.<\/p>\n<p>Le monument a \u00e9t\u00e9 inaugur\u00e9 le 29 juin 1939, dans le cadre d&rsquo;une solennit\u00e9 \u00e0 laquelle a particip\u00e9 Carol le II, le fondateur du premier bataillon de chasseurs de montagne, le premier ministre Armand C\u0103linescu, des g\u00e9n\u00e9raux et officiers sup\u00e9rieurs du corps d&rsquo;arm\u00e9e des chasseurs de montagne.<br \/>\nL&rsquo;\u00e9difice est d\u00e9di\u00e9 aux h\u00e9ros du Bataillon de Chasseurs de Montagne de T\u00eergu Neam\u0163, tomb\u00e9s ans les combats de Oituz, l&rsquo;\u00e9t\u00e9 de 1917.\n<\/p>\n<\/div>\n<p>[\/et_pb_text][\/et_pb_column][et_pb_column type=\u00a0\u00bb1_2&Prime;][et_pb_code admin_label=\u00a0\u00bbCode\u00a0\u00bb module_class=\u00a0\u00bbet_pb_image flip-container\u00a0\u00bb]&lt;div id=&quot;card&quot; class=&quot;flipper&quot;&gt;<br \/>\n&lt;div class=&quot;front&quot;&gt;&lt;img src=&quot;http:\/\/www.viziteazatarguneamt.ro\/wp-content\/uploads\/2015\/10\/45018.jpg&quot; \/&gt;&lt;\/div&gt;<br \/>\n&lt;div class=&quot;obt_img_hover back&quot;&gt;&lt;p&gt;Un beffroi d&#x27;observation&lt;\/p&gt;&lt;\/div&gt;<br \/>\n&lt;\/div&gt;[\/et_pb_code][et_pb_text admin_label=\u00a0\u00bbText\u00a0\u00bb background_layout=\u00a0\u00bblight\u00a0\u00bb text_orientation=\u00a0\u00bbleft\u00a0\u00bb use_border_color=\u00a0\u00bboff\u00a0\u00bb border_color=\u00a0\u00bb#ffffff\u00a0\u00bb border_style=\u00a0\u00bbsolid\u00a0\u00bb module_class=\u00a0\u00bbcnipt_cont\u00a0\u00bb]<\/p>\n<div class=\"cnipt_title drop_open_x\" onclick=\"animatieOpen(this)\">Un beffroi d&rsquo;observation<span class=\"pointer_down_left\"><\/span><span class=\"pointer_down_right\"><\/span><\/div>\n<div class=\"test\">\n<p>L&rsquo;\u00e9tablissement a un socle d&rsquo;une hauteur de 16 m\u00e8tres et sugg\u00e8re par sa forme un beffroi d&rsquo;observation. Sur le socle sont repr\u00e9sent\u00e9s deux bas-reliefs r\u00e9alis\u00e9s en bronze par Theodor Burc\u0103.\n<\/p>\n<p> L&rsquo;un des bas-reliefs pr\u00e9sente une femme ail\u00e9e, v\u00eatue en habits de roumain, avec une \u00e9p\u00e9e \u00e0 la hanche, en mouvement, qui ait un saut depuis un sommet de montagne.<br \/>\nDans sa main gauche, elle tient les armoiries de Roumanie soutenues sur l&rsquo;\u00e9paule, et dans la main droite, tendue, elle tient une couronne en lauriers. Elle symbolise la Roumanie. <\/p>\n<p>Le second basrelief pr\u00e9sente des militaires roumains qui se lancent en bataille.<br \/>\nSur un escalier sup\u00e9rieur du socle se trouve un grand aigle, en bronze, qui se dirige vers l&rsquo;ouest, ainsi que les soldats du premier bataillon de chasseurs de montagne partis pour le front de bataille.\n<\/p>\n<\/div>\n<p>[\/et_pb_text][\/et_pb_column][\/et_pb_row][\/et_pb_section][et_pb_section admin_label=\u00a0\u00bbsection\u00a0\u00bb fullwidth=\u00a0\u00bboff\u00a0\u00bb specialty=\u00a0\u00bboff\u00a0\u00bb transparent_background=\u00a0\u00bboff\u00a0\u00bb allow_player_pause=\u00a0\u00bboff\u00a0\u00bb inner_shadow=\u00a0\u00bboff\u00a0\u00bb parallax=\u00a0\u00bboff\u00a0\u00bb parallax_method=\u00a0\u00bboff\u00a0\u00bb padding_mobile=\u00a0\u00bboff\u00a0\u00bb module_class=\u00a0\u00bbharta_oras\u00a0\u00bb make_fullwidth=\u00a0\u00bboff\u00a0\u00bb use_custom_width=\u00a0\u00bboff\u00a0\u00bb width_unit=\u00a0\u00bbon\u00a0\u00bb make_equal=\u00a0\u00bboff\u00a0\u00bb use_custom_gutter=\u00a0\u00bboff\u00a0\u00bb][et_pb_row admin_label=\u00a0\u00bbrow\u00a0\u00bb][et_pb_column type=\u00a0\u00bb4_4&Prime;][et_pb_text admin_label=\u00a0\u00bbText\u00a0\u00bb background_layout=\u00a0\u00bblight\u00a0\u00bb text_orientation=\u00a0\u00bbleft\u00a0\u00bb use_border_color=\u00a0\u00bboff\u00a0\u00bb border_color=\u00a0\u00bb#ffffff\u00a0\u00bb border_style=\u00a0\u00bbsolid\u00a0\u00bb]<\/p>\n<h2>La carte du d\u00e9partement de Neamt<\/h2>\n<p>Vous ne connaissez pas votre ville? Pas de probl\u00e8me, la solution est \u00e0 port\u00e9e de click !<\/p>\n<p><a href=\"\/fr\/la-carte-du-departement-de-neamt\/\">Voir la carte<\/a><\/p>\n<p>[\/et_pb_text][\/et_pb_column][\/et_pb_row][\/et_pb_section][et_pb_section admin_label=\u00a0\u00bbsection\u00a0\u00bb fullwidth=\u00a0\u00bboff\u00a0\u00bb specialty=\u00a0\u00bboff\u00a0\u00bb transparent_background=\u00a0\u00bboff\u00a0\u00bb allow_player_pause=\u00a0\u00bboff\u00a0\u00bb inner_shadow=\u00a0\u00bboff\u00a0\u00bb parallax=\u00a0\u00bboff\u00a0\u00bb parallax_method=\u00a0\u00bboff\u00a0\u00bb padding_mobile=\u00a0\u00bboff\u00a0\u00bb module_class=\u00a0\u00bbdefault_section harta_obiective\u00a0\u00bb make_fullwidth=\u00a0\u00bboff\u00a0\u00bb use_custom_width=\u00a0\u00bboff\u00a0\u00bb width_unit=\u00a0\u00bbon\u00a0\u00bb make_equal=\u00a0\u00bboff\u00a0\u00bb use_custom_gutter=\u00a0\u00bboff\u00a0\u00bb][et_pb_row admin_label=\u00a0\u00bbrow\u00a0\u00bb][et_pb_column type=\u00a0\u00bb4_4&Prime;][et_pb_map admin_label=\u00a0\u00bbMap\u00a0\u00bb address=\u00a0\u00bbTargu Neamt, Romania\u00a0\u00bb zoom_level=\u00a0\u00bb15&Prime; address_lat=\u00a0\u00bb47.21213082688337&Prime; address_lng=\u00a0\u00bb26.36270847523268&Prime; mouse_wheel=\u00a0\u00bboff\u00a0\u00bb use_grayscale_filter=\u00a0\u00bboff\u00a0\u00bb]<\/p>\n<p>[et_pb_map_pin pin_address=\u00a0\u00bbAleea Monumentului, T\u00e2rgu Neam\u021b, Rom\u00e2nia\u00a0\u00bb pin_address_lat=\u00a0\u00bb47.21131278358286&Prime; pin_address_lng=\u00a0\u00bb26.36252247604068&Prime; title=\u00a0\u00bbMonumentul \u201dV\u00e2na\u0306torilor de munte\u201d\u00a0\u00bb]<\/p>\n<p>[\/et_pb_map_pin]<\/p>\n<p>[\/et_pb_map][\/et_pb_column][\/et_pb_row][\/et_pb_section]<\/p>\n","protected":false},"excerpt":{"rendered":"<p>[et_pb_section admin_label=\u00a0\u00bbsection\u00a0\u00bb transparent_background=\u00a0\u00bboff\u00a0\u00bb allow_player_pause=\u00a0\u00bboff\u00a0\u00bb inner_shadow=\u00a0\u00bboff\u00a0\u00bb parallax=\u00a0\u00bboff\u00a0\u00bb parallax_method=\u00a0\u00bboff\u00a0\u00bb padding_mobile=\u00a0\u00bboff\u00a0\u00bb module_class=\u00a0\u00bbdefault_title\u00a0\u00bb make_fullwidth=\u00a0\u00bboff\u00a0\u00bb use_custom_width=\u00a0\u00bboff\u00a0\u00bb width_unit=\u00a0\u00bbon\u00a0\u00bb make_equal=\u00a0\u00bboff\u00a0\u00bb use_custom_gutter=\u00a0\u00bboff\u00a0\u00bb][et_pb_row admin_label=\u00a0\u00bbrow\u00a0\u00bb][et_pb_column type=\u00a0\u00bb4_4&Prime;][et_pb_text admin_label=\u00a0\u00bbText\u00a0\u00bb saved_tabs=\u00a0\u00bball\u00a0\u00bb background_layout=\u00a0\u00bblight\u00a0\u00bb text_orientation=\u00a0\u00bbleft\u00a0\u00bb use_border_color=\u00a0\u00bboff\u00a0\u00bb border_color=\u00a0\u00bb#ffffff\u00a0\u00bb border_style=\u00a0\u00bbsolid\u00a0\u00bb] Le Monument des Chasseurs de Montagne [\/et_pb_text][\/et_pb_column][\/et_pb_row][\/et_pb_section][et_pb_section admin_label=\u00a0\u00bbsection\u00a0\u00bb fullwidth=\u00a0\u00bboff\u00a0\u00bb specialty=\u00a0\u00bboff\u00a0\u00bb transparent_background=\u00a0\u00bboff\u00a0\u00bb allow_player_pause=\u00a0\u00bboff\u00a0\u00bb inner_shadow=\u00a0\u00bboff\u00a0\u00bb parallax=\u00a0\u00bboff\u00a0\u00bb parallax_method=\u00a0\u00bboff\u00a0\u00bb padding_mobile=\u00a0\u00bboff\u00a0\u00bb module_class=\u00a0\u00bbdefault_section obiectiv_turistic_main cnipt_net\u00a0\u00bb make_fullwidth=\u00a0\u00bboff\u00a0\u00bb use_custom_width=\u00a0\u00bboff\u00a0\u00bb width_unit=\u00a0\u00bbon\u00a0\u00bb make_equal=\u00a0\u00bboff\u00a0\u00bb use_custom_gutter=\u00a0\u00bboff\u00a0\u00bb][et_pb_row admin_label=\u00a0\u00bbrow\u00a0\u00bb make_fullwidth=\u00a0\u00bboff\u00a0\u00bb use_custom_width=\u00a0\u00bboff\u00a0\u00bb width_unit=\u00a0\u00bbon\u00a0\u00bb use_custom_gutter=\u00a0\u00bboff\u00a0\u00bb padding_mobile=\u00a0\u00bboff\u00a0\u00bb module_class=\u00a0\u00bbfull_image_obt\u00a0\u00bb allow_player_pause=\u00a0\u00bboff\u00a0\u00bb [&hellip;]<\/p>\n","protected":false},"author":2,"featured_media":0,"parent":0,"menu_order":0,"comment_status":"closed","ping_status":"closed","template":"","meta":{"_et_pb_use_builder":"on","_et_pb_old_content":"","_et_gb_content_width":"","footnotes":""},"class_list":["post-1520","page","type-page","status-publish","hentry"],"yoast_head":"<!-- This site is optimized with the Yoast SEO plugin v28.4 - https:\/\/yoast.com\/product\/yoast-seo-wordpress\/ -->\n<title>Le Monument des Chasseurs de Montagne - Targu Neamt<\/title>\n<meta name=\"robots\" content=\"index, follow, max-snippet:-1, max-image-preview:large, max-video-preview:-1\" \/>\n<link rel=\"canonical\" href=\"https:\/\/viziteazatarguneamt.ro\/fr\/le-monument-des-chasseurs-de-montagne\/\" \/>\n<meta property=\"og:locale\" content=\"fr_FR\" \/>\n<meta property=\"og:type\" content=\"article\" \/>\n<meta property=\"og:title\" content=\"Le Monument des Chasseurs de Montagne - Targu Neamt\" \/>\n<meta property=\"og:description\" content=\"[et_pb_section admin_label=\u00a0\u00bbsection\u00a0\u00bb transparent_background=\u00a0\u00bboff\u00a0\u00bb allow_player_pause=\u00a0\u00bboff\u00a0\u00bb inner_shadow=\u00a0\u00bboff\u00a0\u00bb parallax=\u00a0\u00bboff\u00a0\u00bb parallax_method=\u00a0\u00bboff\u00a0\u00bb padding_mobile=\u00a0\u00bboff\u00a0\u00bb module_class=\u00a0\u00bbdefault_title\u00a0\u00bb make_fullwidth=\u00a0\u00bboff\u00a0\u00bb use_custom_width=\u00a0\u00bboff\u00a0\u00bb width_unit=\u00a0\u00bbon\u00a0\u00bb make_equal=\u00a0\u00bboff\u00a0\u00bb use_custom_gutter=\u00a0\u00bboff\u00a0\u00bb][et_pb_row admin_label=\u00a0\u00bbrow\u00a0\u00bb][et_pb_column type=\u00a0\u00bb4_4&Prime;][et_pb_text admin_label=\u00a0\u00bbText\u00a0\u00bb saved_tabs=\u00a0\u00bball\u00a0\u00bb background_layout=\u00a0\u00bblight\u00a0\u00bb text_orientation=\u00a0\u00bbleft\u00a0\u00bb use_border_color=\u00a0\u00bboff\u00a0\u00bb border_color=\u00a0\u00bb#ffffff\u00a0\u00bb border_style=\u00a0\u00bbsolid\u00a0\u00bb] Le Monument des Chasseurs de Montagne [\/et_pb_text][\/et_pb_column][\/et_pb_row][\/et_pb_section][et_pb_section admin_label=\u00a0\u00bbsection\u00a0\u00bb fullwidth=\u00a0\u00bboff\u00a0\u00bb specialty=\u00a0\u00bboff\u00a0\u00bb transparent_background=\u00a0\u00bboff\u00a0\u00bb allow_player_pause=\u00a0\u00bboff\u00a0\u00bb inner_shadow=\u00a0\u00bboff\u00a0\u00bb parallax=\u00a0\u00bboff\u00a0\u00bb parallax_method=\u00a0\u00bboff\u00a0\u00bb padding_mobile=\u00a0\u00bboff\u00a0\u00bb module_class=\u00a0\u00bbdefault_section obiectiv_turistic_main cnipt_net\u00a0\u00bb make_fullwidth=\u00a0\u00bboff\u00a0\u00bb use_custom_width=\u00a0\u00bboff\u00a0\u00bb width_unit=\u00a0\u00bbon\u00a0\u00bb make_equal=\u00a0\u00bboff\u00a0\u00bb use_custom_gutter=\u00a0\u00bboff\u00a0\u00bb][et_pb_row admin_label=\u00a0\u00bbrow\u00a0\u00bb make_fullwidth=\u00a0\u00bboff\u00a0\u00bb use_custom_width=\u00a0\u00bboff\u00a0\u00bb width_unit=\u00a0\u00bbon\u00a0\u00bb use_custom_gutter=\u00a0\u00bboff\u00a0\u00bb padding_mobile=\u00a0\u00bboff\u00a0\u00bb module_class=\u00a0\u00bbfull_image_obt\u00a0\u00bb allow_player_pause=\u00a0\u00bboff\u00a0\u00bb [&hellip;]\" \/>\n<meta property=\"og:url\" content=\"https:\/\/viziteazatarguneamt.ro\/fr\/le-monument-des-chasseurs-de-montagne\/\" \/>\n<meta property=\"og:site_name\" content=\"Targu Neamt\" \/>\n<meta property=\"article:modified_time\" content=\"2015-10-15T17:57:15+00:00\" \/>\n<meta name=\"twitter:card\" content=\"summary_large_image\" \/>\n<meta name=\"twitter:label1\" content=\"Dur\u00e9e de lecture estim\u00e9e\" \/>\n\t<meta name=\"twitter:data1\" content=\"5 minutes\" \/>\n<script type=\"application\/ld+json\" class=\"yoast-schema-graph\">{\"@context\":\"https:\\\/\\\/schema.org\",\"@graph\":[{\"@type\":\"WebPage\",\"@id\":\"https:\\\/\\\/viziteazatarguneamt.ro\\\/fr\\\/le-monument-des-chasseurs-de-montagne\\\/\",\"url\":\"https:\\\/\\\/viziteazatarguneamt.ro\\\/fr\\\/le-monument-des-chasseurs-de-montagne\\\/\",\"name\":\"Le Monument des Chasseurs de Montagne - Targu Neamt\",\"isPartOf\":{\"@id\":\"https:\\\/\\\/viziteazatarguneamt.ro\\\/#website\"},\"datePublished\":\"2015-10-06T07:38:03+00:00\",\"dateModified\":\"2015-10-15T17:57:15+00:00\",\"breadcrumb\":{\"@id\":\"https:\\\/\\\/viziteazatarguneamt.ro\\\/fr\\\/le-monument-des-chasseurs-de-montagne\\\/#breadcrumb\"},\"inLanguage\":\"fr-FR\",\"potentialAction\":[{\"@type\":\"ReadAction\",\"target\":[\"https:\\\/\\\/viziteazatarguneamt.ro\\\/fr\\\/le-monument-des-chasseurs-de-montagne\\\/\"]}]},{\"@type\":\"BreadcrumbList\",\"@id\":\"https:\\\/\\\/viziteazatarguneamt.ro\\\/fr\\\/le-monument-des-chasseurs-de-montagne\\\/#breadcrumb\",\"itemListElement\":[{\"@type\":\"ListItem\",\"position\":1,\"name\":\"Acas\u0103\",\"item\":\"https:\\\/\\\/viziteazatarguneamt.ro\\\/fr\\\/\"},{\"@type\":\"ListItem\",\"position\":2,\"name\":\"Le Monument des Chasseurs de Montagne\"}]},{\"@type\":\"WebSite\",\"@id\":\"https:\\\/\\\/viziteazatarguneamt.ro\\\/#website\",\"url\":\"https:\\\/\\\/viziteazatarguneamt.ro\\\/\",\"name\":\"Targu Neamt\",\"description\":\"CNIPT\",\"potentialAction\":[{\"@type\":\"SearchAction\",\"target\":{\"@type\":\"EntryPoint\",\"urlTemplate\":\"https:\\\/\\\/viziteazatarguneamt.ro\\\/?s={search_term_string}\"},\"query-input\":{\"@type\":\"PropertyValueSpecification\",\"valueRequired\":true,\"valueName\":\"search_term_string\"}}],\"inLanguage\":\"fr-FR\"}]}<\/script>\n<!-- \/ Yoast SEO plugin. -->","yoast_head_json":{"title":"Le Monument des Chasseurs de Montagne - Targu Neamt","robots":{"index":"index","follow":"follow","max-snippet":"max-snippet:-1","max-image-preview":"max-image-preview:large","max-video-preview":"max-video-preview:-1"},"canonical":"https:\/\/viziteazatarguneamt.ro\/fr\/le-monument-des-chasseurs-de-montagne\/","og_locale":"fr_FR","og_type":"article","og_title":"Le Monument des Chasseurs de Montagne - Targu Neamt","og_description":"[et_pb_section admin_label=\u00a0\u00bbsection\u00a0\u00bb transparent_background=\u00a0\u00bboff\u00a0\u00bb allow_player_pause=\u00a0\u00bboff\u00a0\u00bb inner_shadow=\u00a0\u00bboff\u00a0\u00bb parallax=\u00a0\u00bboff\u00a0\u00bb parallax_method=\u00a0\u00bboff\u00a0\u00bb padding_mobile=\u00a0\u00bboff\u00a0\u00bb module_class=\u00a0\u00bbdefault_title\u00a0\u00bb make_fullwidth=\u00a0\u00bboff\u00a0\u00bb use_custom_width=\u00a0\u00bboff\u00a0\u00bb width_unit=\u00a0\u00bbon\u00a0\u00bb make_equal=\u00a0\u00bboff\u00a0\u00bb use_custom_gutter=\u00a0\u00bboff\u00a0\u00bb][et_pb_row admin_label=\u00a0\u00bbrow\u00a0\u00bb][et_pb_column type=\u00a0\u00bb4_4&Prime;][et_pb_text admin_label=\u00a0\u00bbText\u00a0\u00bb saved_tabs=\u00a0\u00bball\u00a0\u00bb background_layout=\u00a0\u00bblight\u00a0\u00bb text_orientation=\u00a0\u00bbleft\u00a0\u00bb use_border_color=\u00a0\u00bboff\u00a0\u00bb border_color=\u00a0\u00bb#ffffff\u00a0\u00bb border_style=\u00a0\u00bbsolid\u00a0\u00bb] Le Monument des Chasseurs de Montagne [\/et_pb_text][\/et_pb_column][\/et_pb_row][\/et_pb_section][et_pb_section admin_label=\u00a0\u00bbsection\u00a0\u00bb fullwidth=\u00a0\u00bboff\u00a0\u00bb specialty=\u00a0\u00bboff\u00a0\u00bb transparent_background=\u00a0\u00bboff\u00a0\u00bb allow_player_pause=\u00a0\u00bboff\u00a0\u00bb inner_shadow=\u00a0\u00bboff\u00a0\u00bb parallax=\u00a0\u00bboff\u00a0\u00bb parallax_method=\u00a0\u00bboff\u00a0\u00bb padding_mobile=\u00a0\u00bboff\u00a0\u00bb module_class=\u00a0\u00bbdefault_section obiectiv_turistic_main cnipt_net\u00a0\u00bb make_fullwidth=\u00a0\u00bboff\u00a0\u00bb use_custom_width=\u00a0\u00bboff\u00a0\u00bb width_unit=\u00a0\u00bbon\u00a0\u00bb make_equal=\u00a0\u00bboff\u00a0\u00bb use_custom_gutter=\u00a0\u00bboff\u00a0\u00bb][et_pb_row admin_label=\u00a0\u00bbrow\u00a0\u00bb make_fullwidth=\u00a0\u00bboff\u00a0\u00bb use_custom_width=\u00a0\u00bboff\u00a0\u00bb width_unit=\u00a0\u00bbon\u00a0\u00bb use_custom_gutter=\u00a0\u00bboff\u00a0\u00bb padding_mobile=\u00a0\u00bboff\u00a0\u00bb module_class=\u00a0\u00bbfull_image_obt\u00a0\u00bb allow_player_pause=\u00a0\u00bboff\u00a0\u00bb [&hellip;]","og_url":"https:\/\/viziteazatarguneamt.ro\/fr\/le-monument-des-chasseurs-de-montagne\/","og_site_name":"Targu Neamt","article_modified_time":"2015-10-15T17:57:15+00:00","twitter_card":"summary_large_image","twitter_misc":{"Dur\u00e9e de lecture estim\u00e9e":"5 minutes"},"schema":{"@context":"https:\/\/schema.org","@graph":[{"@type":"WebPage","@id":"https:\/\/viziteazatarguneamt.ro\/fr\/le-monument-des-chasseurs-de-montagne\/","url":"https:\/\/viziteazatarguneamt.ro\/fr\/le-monument-des-chasseurs-de-montagne\/","name":"Le Monument des Chasseurs de Montagne - Targu Neamt","isPartOf":{"@id":"https:\/\/viziteazatarguneamt.ro\/#website"},"datePublished":"2015-10-06T07:38:03+00:00","dateModified":"2015-10-15T17:57:15+00:00","breadcrumb":{"@id":"https:\/\/viziteazatarguneamt.ro\/fr\/le-monument-des-chasseurs-de-montagne\/#breadcrumb"},"inLanguage":"fr-FR","potentialAction":[{"@type":"ReadAction","target":["https:\/\/viziteazatarguneamt.ro\/fr\/le-monument-des-chasseurs-de-montagne\/"]}]},{"@type":"BreadcrumbList","@id":"https:\/\/viziteazatarguneamt.ro\/fr\/le-monument-des-chasseurs-de-montagne\/#breadcrumb","itemListElement":[{"@type":"ListItem","position":1,"name":"Acas\u0103","item":"https:\/\/viziteazatarguneamt.ro\/fr\/"},{"@type":"ListItem","position":2,"name":"Le Monument des Chasseurs de Montagne"}]},{"@type":"WebSite","@id":"https:\/\/viziteazatarguneamt.ro\/#website","url":"https:\/\/viziteazatarguneamt.ro\/","name":"Targu Neamt","description":"CNIPT","potentialAction":[{"@type":"SearchAction","target":{"@type":"EntryPoint","urlTemplate":"https:\/\/viziteazatarguneamt.ro\/?s={search_term_string}"},"query-input":{"@type":"PropertyValueSpecification","valueRequired":true,"valueName":"search_term_string"}}],"inLanguage":"fr-FR"}]}},"_links":{"self":[{"href":"https:\/\/viziteazatarguneamt.ro\/fr\/wp-json\/wp\/v2\/pages\/1520","targetHints":{"allow":["GET"]}}],"collection":[{"href":"https:\/\/viziteazatarguneamt.ro\/fr\/wp-json\/wp\/v2\/pages"}],"about":[{"href":"https:\/\/viziteazatarguneamt.ro\/fr\/wp-json\/wp\/v2\/types\/page"}],"author":[{"embeddable":true,"href":"https:\/\/viziteazatarguneamt.ro\/fr\/wp-json\/wp\/v2\/users\/2"}],"replies":[{"embeddable":true,"href":"https:\/\/viziteazatarguneamt.ro\/fr\/wp-json\/wp\/v2\/comments?post=1520"}],"version-history":[{"count":5,"href":"https:\/\/viziteazatarguneamt.ro\/fr\/wp-json\/wp\/v2\/pages\/1520\/revisions"}],"predecessor-version":[{"id":2375,"href":"https:\/\/viziteazatarguneamt.ro\/fr\/wp-json\/wp\/v2\/pages\/1520\/revisions\/2375"}],"wp:attachment":[{"href":"https:\/\/viziteazatarguneamt.ro\/fr\/wp-json\/wp\/v2\/media?parent=1520"}],"curies":[{"name":"wp","href":"https:\/\/api.w.org\/{rel}","templated":true}]}}