{"id":1599,"date":"2015-10-06T08:54:38","date_gmt":"2015-10-06T08:54:38","guid":{"rendered":"http:\/\/www.viziteazatarguneamt.ro\/fr\/schitul-sf-mina\/"},"modified":"2015-10-15T21:22:45","modified_gmt":"2015-10-15T18:22:45","slug":"lermitage-du-saint-mina","status":"publish","type":"page","link":"https:\/\/viziteazatarguneamt.ro\/fr\/lermitage-du-saint-mina\/","title":{"rendered":"L&rsquo;Ermitage du Saint Mina"},"content":{"rendered":"<p>[et_pb_section admin_label=\u00a0\u00bbsection\u00a0\u00bb transparent_background=\u00a0\u00bboff\u00a0\u00bb allow_player_pause=\u00a0\u00bboff\u00a0\u00bb inner_shadow=\u00a0\u00bboff\u00a0\u00bb parallax=\u00a0\u00bboff\u00a0\u00bb parallax_method=\u00a0\u00bboff\u00a0\u00bb padding_mobile=\u00a0\u00bboff\u00a0\u00bb module_class=\u00a0\u00bbdefault_title\u00a0\u00bb make_fullwidth=\u00a0\u00bboff\u00a0\u00bb use_custom_width=\u00a0\u00bboff\u00a0\u00bb width_unit=\u00a0\u00bbon\u00a0\u00bb make_equal=\u00a0\u00bboff\u00a0\u00bb use_custom_gutter=\u00a0\u00bboff\u00a0\u00bb][et_pb_row admin_label=\u00a0\u00bbrow\u00a0\u00bb][et_pb_column type=\u00a0\u00bb4_4&Prime;][et_pb_text admin_label=\u00a0\u00bbText\u00a0\u00bb saved_tabs=\u00a0\u00bball\u00a0\u00bb background_layout=\u00a0\u00bblight\u00a0\u00bb text_orientation=\u00a0\u00bbleft\u00a0\u00bb use_border_color=\u00a0\u00bboff\u00a0\u00bb border_color=\u00a0\u00bb#ffffff\u00a0\u00bb border_style=\u00a0\u00bbsolid\u00a0\u00bb]<\/p>\n<h1>L&rsquo;Ermitage du Saint Mina<br \/>\n<\/h1>\n<p>[\/et_pb_text][\/et_pb_column][\/et_pb_row][\/et_pb_section][et_pb_section admin_label=\u00a0\u00bbsection\u00a0\u00bb fullwidth=\u00a0\u00bboff\u00a0\u00bb specialty=\u00a0\u00bboff\u00a0\u00bb transparent_background=\u00a0\u00bboff\u00a0\u00bb allow_player_pause=\u00a0\u00bboff\u00a0\u00bb inner_shadow=\u00a0\u00bboff\u00a0\u00bb parallax=\u00a0\u00bboff\u00a0\u00bb parallax_method=\u00a0\u00bboff\u00a0\u00bb padding_mobile=\u00a0\u00bboff\u00a0\u00bb module_class=\u00a0\u00bbdefault_section obiectiv_turistic_main cnipt_net\u00a0\u00bb make_fullwidth=\u00a0\u00bboff\u00a0\u00bb use_custom_width=\u00a0\u00bboff\u00a0\u00bb width_unit=\u00a0\u00bbon\u00a0\u00bb make_equal=\u00a0\u00bboff\u00a0\u00bb use_custom_gutter=\u00a0\u00bboff\u00a0\u00bb][et_pb_row admin_label=\u00a0\u00bbrow\u00a0\u00bb make_fullwidth=\u00a0\u00bboff\u00a0\u00bb use_custom_width=\u00a0\u00bboff\u00a0\u00bb width_unit=\u00a0\u00bbon\u00a0\u00bb use_custom_gutter=\u00a0\u00bboff\u00a0\u00bb padding_mobile=\u00a0\u00bboff\u00a0\u00bb module_class=\u00a0\u00bbfull_image_obt\u00a0\u00bb allow_player_pause=\u00a0\u00bboff\u00a0\u00bb parallax=\u00a0\u00bboff\u00a0\u00bb parallax_method=\u00a0\u00bboff\u00a0\u00bb make_equal=\u00a0\u00bboff\u00a0\u00bb][et_pb_column type=\u00a0\u00bb4_4&Prime;][et_pb_image admin_label=\u00a0\u00bbImage\u00a0\u00bb src=\u00a0\u00bb\/wp-content\/uploads\/2015\/10\/112012.jpg\u00a0\u00bb show_in_lightbox=\u00a0\u00bboff\u00a0\u00bb url_new_window=\u00a0\u00bboff\u00a0\u00bb animation=\u00a0\u00bboff\u00a0\u00bb sticky=\u00a0\u00bboff\u00a0\u00bb align=\u00a0\u00bbleft\u00a0\u00bb force_fullwidth=\u00a0\u00bboff\u00a0\u00bb always_center_on_mobile=\u00a0\u00bbon\u00a0\u00bb use_border_color=\u00a0\u00bboff\u00a0\u00bb border_color=\u00a0\u00bb#ffffff\u00a0\u00bb border_style=\u00a0\u00bbsolid\u00a0\u00bb]<\/p>\n<p>[\/et_pb_image][\/et_pb_column][\/et_pb_row][et_pb_row admin_label=\u00a0\u00bbR\u00e2nd\u00a0\u00bb make_fullwidth=\u00a0\u00bboff\u00a0\u00bb use_custom_width=\u00a0\u00bboff\u00a0\u00bb width_unit=\u00a0\u00bbon\u00a0\u00bb use_custom_gutter=\u00a0\u00bboff\u00a0\u00bb padding_mobile=\u00a0\u00bboff\u00a0\u00bb module_class=\u00a0\u00bbround_img_obt\u00a0\u00bb allow_player_pause=\u00a0\u00bboff\u00a0\u00bb parallax=\u00a0\u00bboff\u00a0\u00bb parallax_method=\u00a0\u00bboff\u00a0\u00bb make_equal=\u00a0\u00bboff\u00a0\u00bb column_padding_mobile=\u00a0\u00bbon\u00a0\u00bb][et_pb_column type=\u00a0\u00bb1_3&Prime;][et_pb_code admin_label=\u00a0\u00bbCode\u00a0\u00bb module_class=\u00a0\u00bbet_pb_image flip-container\u00a0\u00bb]&lt;div id=&quot;card&quot; class=&quot;flipper&quot;&gt;<br \/>\n&lt;div class=&quot;front&quot;&gt;&lt;img src=&quot;http:\/\/www.viziteazatarguneamt.ro\/wp-content\/uploads\/2015\/10\/450_212.jpg&quot; \/&gt;&lt;\/div&gt;<br \/>\n&lt;div class=&quot;obt_img_hover back&quot;&gt;&lt;p&gt;La position geografique&lt;\/p&gt;&lt;\/div&gt;<br \/>\n&lt;\/div&gt;[\/et_pb_code][et_pb_text admin_label=\u00a0\u00bbText\u00a0\u00bb background_layout=\u00a0\u00bblight\u00a0\u00bb text_orientation=\u00a0\u00bbleft\u00a0\u00bb use_border_color=\u00a0\u00bboff\u00a0\u00bb border_color=\u00a0\u00bb#ffffff\u00a0\u00bb border_style=\u00a0\u00bbsolid\u00a0\u00bb module_class=\u00a0\u00bbcnipt_cont\u00a0\u00bb]<\/p>\n<div class=\"cnipt_title drop_open_x\" onclick=\"animatieOpen(this)\">La position geografique<span class=\"pointer_down_left\"><\/span><span class=\"pointer_down_right\"><\/span><\/div>\n<div class=\"test\">\n<p>L&rsquo;Ermitage appartient au Monast\u00e8re de Sih\u0103stria et se trouve dans la ville de T\u00eergu Neam\u021b. Sa construction a \u00e9t\u00e9 achev\u00e9e en 1951 quand le protosinghelos Ioil Gheorghiu \u00e9tait sup\u00e9rieur du monast\u00e8re. \u00c0 cette \u00e9poque-l\u00e0, la chapelle \u00e9tait form\u00e9e d&rsquo;une seule pi\u00e8ce, la nef \u00e9tant jointe au pronaos, ayant une longueur totale de 12 m\u00e8tres et une largeur int\u00e9rieure de presque cinq m\u00e8tres.\n<\/p>\n<\/div>\n<p>[\/et_pb_text][\/et_pb_column][et_pb_column type=\u00a0\u00bb1_3&Prime;][et_pb_code admin_label=\u00a0\u00bbCode\u00a0\u00bb module_class=\u00a0\u00bbet_pb_image flip-container\u00a0\u00bb]&lt;div id=&quot;card&quot; class=&quot;flipper&quot;&gt;<br \/>\n&lt;div class=&quot;front&quot;&gt;&lt;img src=&quot;http:\/\/www.viziteazatarguneamt.ro\/wp-content\/uploads\/2015\/10\/45012.jpg&quot; \/&gt;&lt;\/div&gt;<br \/>\n&lt;div class=&quot;obt_img_hover back&quot;&gt;&lt;p&gt;1959&lt;\/p&gt;&lt;\/div&gt;<br \/>\n&lt;\/div&gt;[\/et_pb_code][et_pb_text admin_label=\u00a0\u00bbText\u00a0\u00bb background_layout=\u00a0\u00bblight\u00a0\u00bb text_orientation=\u00a0\u00bbleft\u00a0\u00bb use_border_color=\u00a0\u00bboff\u00a0\u00bb border_color=\u00a0\u00bb#ffffff\u00a0\u00bb border_style=\u00a0\u00bbsolid\u00a0\u00bb module_class=\u00a0\u00bbcnipt_cont\u00a0\u00bb]<\/p>\n<div class=\"cnipt_title drop_open_x\" onclick=\"animatieOpen(this)\">1959<span class=\"pointer_down_left\"><\/span><span class=\"pointer_down_right\"><\/span><\/div>\n<div class=\"test\">\n<p>En 1959, la chapelle a \u00e9t\u00e9 br\u00fbl\u00e9e mais par miracle,le moine-pr\u00eatre Varsanufie Lipan a sauv\u00e9 les ic\u00f4nes du peintre Irineu Protcenco et les a emmen\u00e9es jusqu&rsquo;au Monast\u00e8re de Sih\u0103stria.<br \/>\n\u00c0 pr\u00e9sent, ces ic\u00f4nes sont expos\u00e9es dans le porche de la Chapelle \u00abLes Saints Parents Joachim et Anne\u00bb du Monast\u00e8re de  Sih\u0103stria. Avec la b\u00e9n\u00e9diction de Sa Saintet\u00e9 Daniel, on a commen\u00e7e la construction d&rsquo;une chapelle et d&rsquo;un grand corps en pierre pour les cellules. La Chapelle a \u00e9t\u00e9 consacr\u00e9e en 1995 par Sa Saintet\u00e9, le M\u00e9tropolite Daniel, ayant la f\u00eate patronale du Saint Martyr Mina. Peu apr\u00e8s, on a b\u00e2ti encore une grande maison \u00e0 plusieurs \u00e9tages, aussi en pierre, servant les diff\u00e9rents besoins de l&rsquo;ermitage ainsi qu&rsquo;une annexe.<\/p>\n<\/div>\n<p>[\/et_pb_text][\/et_pb_column][et_pb_column type=\u00a0\u00bb1_3&Prime;][et_pb_code admin_label=\u00a0\u00bbCode\u00a0\u00bb module_class=\u00a0\u00bbet_pb_image flip-container\u00a0\u00bb]&lt;div id=&quot;card&quot; class=&quot;flipper&quot;&gt;<br \/>\n&lt;div class=&quot;front&quot;&gt;&lt;img src=&quot;http:\/\/www.viziteazatarguneamt.ro\/wp-content\/uploads\/2015\/10\/DETALII.png&quot; \/&gt;&lt;\/div&gt;<br \/>\n&lt;div class=&quot;obt_img_hover back&quot;&gt;&lt;p&gt;D\u00e9tails&lt;\/p&gt;&lt;\/div&gt;<br \/>\n&lt;\/div&gt;[\/et_pb_code][et_pb_text admin_label=\u00a0\u00bbText\u00a0\u00bb background_layout=\u00a0\u00bblight\u00a0\u00bb text_orientation=\u00a0\u00bbleft\u00a0\u00bb use_border_color=\u00a0\u00bboff\u00a0\u00bb border_color=\u00a0\u00bb#ffffff\u00a0\u00bb border_style=\u00a0\u00bbsolid\u00a0\u00bb module_class=\u00a0\u00bbcnipt_cont\u00a0\u00bb]<\/p>\n<div class=\"cnipt_title drop_open_x\" onclick=\"animatieOpen(this)\">D\u00e9tails<span class=\"pointer_down_left\"><\/span><span class=\"pointer_down_right\"><\/span><\/div>\n<div class=\"test\">\n<p>T\u00e9l\u00e9phone : <a class=\"telefond\" href=\"tel:+4 0233.251.486\">+4 0233.251.486<\/a>; <a class=\"telefond\" href=\"tel:+4 0233.251.897\">+4 0233.251.897<\/a><br \/>\nFax: +4 0233.251.978<br \/>\nWeb: <a href=\"http:\/\/sihastria.mmb.ro\/mina.htm\" target=\"_blank\">www.sihastria.mmb.ro\/mina.htm<\/a><\/p>\n<\/div>\n<p>[\/et_pb_text][\/et_pb_column][\/et_pb_row][\/et_pb_section][et_pb_section admin_label=\u00a0\u00bbsection\u00a0\u00bb fullwidth=\u00a0\u00bboff\u00a0\u00bb specialty=\u00a0\u00bboff\u00a0\u00bb transparent_background=\u00a0\u00bboff\u00a0\u00bb allow_player_pause=\u00a0\u00bboff\u00a0\u00bb inner_shadow=\u00a0\u00bboff\u00a0\u00bb parallax=\u00a0\u00bboff\u00a0\u00bb parallax_method=\u00a0\u00bboff\u00a0\u00bb padding_mobile=\u00a0\u00bboff\u00a0\u00bb module_class=\u00a0\u00bbharta_oras\u00a0\u00bb make_fullwidth=\u00a0\u00bboff\u00a0\u00bb use_custom_width=\u00a0\u00bboff\u00a0\u00bb width_unit=\u00a0\u00bbon\u00a0\u00bb make_equal=\u00a0\u00bboff\u00a0\u00bb use_custom_gutter=\u00a0\u00bboff\u00a0\u00bb][et_pb_row admin_label=\u00a0\u00bbrow\u00a0\u00bb][et_pb_column type=\u00a0\u00bb4_4&Prime;][et_pb_text admin_label=\u00a0\u00bbText\u00a0\u00bb background_layout=\u00a0\u00bblight\u00a0\u00bb text_orientation=\u00a0\u00bbleft\u00a0\u00bb use_border_color=\u00a0\u00bboff\u00a0\u00bb border_color=\u00a0\u00bb#ffffff\u00a0\u00bb border_style=\u00a0\u00bbsolid\u00a0\u00bb]<\/p>\n<h2>La carte du d\u00e9partement de Neamt<\/h2>\n<p>Vous ne connaissez pas votre ville? Pas de probl\u00e8me, la solution est \u00e0 port\u00e9e de click !<\/p>\n<p><a href=\"\/fr\/la-carte-du-departement-de-neamt\/\">Voir la carte<\/a><\/p>\n<p>[\/et_pb_text][\/et_pb_column][\/et_pb_row][\/et_pb_section][et_pb_section admin_label=\u00a0\u00bbsection\u00a0\u00bb fullwidth=\u00a0\u00bboff\u00a0\u00bb specialty=\u00a0\u00bboff\u00a0\u00bb transparent_background=\u00a0\u00bboff\u00a0\u00bb allow_player_pause=\u00a0\u00bboff\u00a0\u00bb inner_shadow=\u00a0\u00bboff\u00a0\u00bb parallax=\u00a0\u00bboff\u00a0\u00bb parallax_method=\u00a0\u00bboff\u00a0\u00bb padding_mobile=\u00a0\u00bboff\u00a0\u00bb module_class=\u00a0\u00bbdefault_section harta_obiective\u00a0\u00bb make_fullwidth=\u00a0\u00bboff\u00a0\u00bb use_custom_width=\u00a0\u00bboff\u00a0\u00bb width_unit=\u00a0\u00bbon\u00a0\u00bb make_equal=\u00a0\u00bboff\u00a0\u00bb use_custom_gutter=\u00a0\u00bboff\u00a0\u00bb][et_pb_row admin_label=\u00a0\u00bbrow\u00a0\u00bb][et_pb_column type=\u00a0\u00bb4_4&Prime;][et_pb_map admin_label=\u00a0\u00bbMap\u00a0\u00bb address=\u00a0\u00bbTargu Neamt, Romania\u00a0\u00bb zoom_level=\u00a0\u00bb12&Prime; address_lat=\u00a0\u00bb47.21313473214989&Prime; address_lng=\u00a0\u00bb26.407211687207777&Prime; mouse_wheel=\u00a0\u00bboff\u00a0\u00bb use_grayscale_filter=\u00a0\u00bboff\u00a0\u00bb]<\/p>\n<p>[et_pb_map_pin pin_address=\u00a0\u00bbDN15B, Rom\u00e2nia\u00a0\u00bb pin_address_lat=\u00a0\u00bb47.210051934229426&Prime; pin_address_lng=\u00a0\u00bb26.425554387890656&Prime; title=\u00a0\u00bbSchitul Sf\u00e2ntul Mina\u00a0\u00bb]<\/p>\n<p>[\/et_pb_map_pin]<\/p>\n<p>[\/et_pb_map][\/et_pb_column][\/et_pb_row][\/et_pb_section]<\/p>\n","protected":false},"excerpt":{"rendered":"<p>[et_pb_section admin_label=\u00a0\u00bbsection\u00a0\u00bb transparent_background=\u00a0\u00bboff\u00a0\u00bb allow_player_pause=\u00a0\u00bboff\u00a0\u00bb inner_shadow=\u00a0\u00bboff\u00a0\u00bb parallax=\u00a0\u00bboff\u00a0\u00bb parallax_method=\u00a0\u00bboff\u00a0\u00bb padding_mobile=\u00a0\u00bboff\u00a0\u00bb module_class=\u00a0\u00bbdefault_title\u00a0\u00bb make_fullwidth=\u00a0\u00bboff\u00a0\u00bb use_custom_width=\u00a0\u00bboff\u00a0\u00bb width_unit=\u00a0\u00bbon\u00a0\u00bb make_equal=\u00a0\u00bboff\u00a0\u00bb use_custom_gutter=\u00a0\u00bboff\u00a0\u00bb][et_pb_row admin_label=\u00a0\u00bbrow\u00a0\u00bb][et_pb_column type=\u00a0\u00bb4_4&Prime;][et_pb_text admin_label=\u00a0\u00bbText\u00a0\u00bb saved_tabs=\u00a0\u00bball\u00a0\u00bb background_layout=\u00a0\u00bblight\u00a0\u00bb text_orientation=\u00a0\u00bbleft\u00a0\u00bb use_border_color=\u00a0\u00bboff\u00a0\u00bb border_color=\u00a0\u00bb#ffffff\u00a0\u00bb border_style=\u00a0\u00bbsolid\u00a0\u00bb] L&rsquo;Ermitage du Saint Mina [\/et_pb_text][\/et_pb_column][\/et_pb_row][\/et_pb_section][et_pb_section admin_label=\u00a0\u00bbsection\u00a0\u00bb fullwidth=\u00a0\u00bboff\u00a0\u00bb specialty=\u00a0\u00bboff\u00a0\u00bb transparent_background=\u00a0\u00bboff\u00a0\u00bb allow_player_pause=\u00a0\u00bboff\u00a0\u00bb inner_shadow=\u00a0\u00bboff\u00a0\u00bb parallax=\u00a0\u00bboff\u00a0\u00bb parallax_method=\u00a0\u00bboff\u00a0\u00bb padding_mobile=\u00a0\u00bboff\u00a0\u00bb module_class=\u00a0\u00bbdefault_section obiectiv_turistic_main cnipt_net\u00a0\u00bb make_fullwidth=\u00a0\u00bboff\u00a0\u00bb use_custom_width=\u00a0\u00bboff\u00a0\u00bb width_unit=\u00a0\u00bbon\u00a0\u00bb make_equal=\u00a0\u00bboff\u00a0\u00bb use_custom_gutter=\u00a0\u00bboff\u00a0\u00bb][et_pb_row admin_label=\u00a0\u00bbrow\u00a0\u00bb make_fullwidth=\u00a0\u00bboff\u00a0\u00bb use_custom_width=\u00a0\u00bboff\u00a0\u00bb width_unit=\u00a0\u00bbon\u00a0\u00bb use_custom_gutter=\u00a0\u00bboff\u00a0\u00bb padding_mobile=\u00a0\u00bboff\u00a0\u00bb module_class=\u00a0\u00bbfull_image_obt\u00a0\u00bb allow_player_pause=\u00a0\u00bboff\u00a0\u00bb parallax=\u00a0\u00bboff\u00a0\u00bb parallax_method=\u00a0\u00bboff\u00a0\u00bb [&hellip;]<\/p>\n","protected":false},"author":2,"featured_media":0,"parent":0,"menu_order":0,"comment_status":"closed","ping_status":"closed","template":"","meta":{"_et_pb_use_builder":"on","_et_pb_old_content":"","_et_gb_content_width":"","footnotes":""},"class_list":["post-1599","page","type-page","status-publish","hentry"],"yoast_head":"<!-- This site is optimized with the Yoast SEO plugin v27.5 - https:\/\/yoast.com\/product\/yoast-seo-wordpress\/ -->\n<title>L&#039;Ermitage du Saint Mina - Targu Neamt<\/title>\n<meta name=\"robots\" content=\"index, follow, max-snippet:-1, max-image-preview:large, max-video-preview:-1\" \/>\n<link rel=\"canonical\" href=\"https:\/\/viziteazatarguneamt.ro\/fr\/lermitage-du-saint-mina\/\" \/>\n<meta property=\"og:locale\" content=\"fr_FR\" \/>\n<meta property=\"og:type\" content=\"article\" \/>\n<meta property=\"og:title\" content=\"L&#039;Ermitage du Saint Mina - Targu Neamt\" \/>\n<meta property=\"og:description\" content=\"[et_pb_section admin_label=\u00a0\u00bbsection\u00a0\u00bb transparent_background=\u00a0\u00bboff\u00a0\u00bb allow_player_pause=\u00a0\u00bboff\u00a0\u00bb inner_shadow=\u00a0\u00bboff\u00a0\u00bb parallax=\u00a0\u00bboff\u00a0\u00bb parallax_method=\u00a0\u00bboff\u00a0\u00bb padding_mobile=\u00a0\u00bboff\u00a0\u00bb module_class=\u00a0\u00bbdefault_title\u00a0\u00bb make_fullwidth=\u00a0\u00bboff\u00a0\u00bb use_custom_width=\u00a0\u00bboff\u00a0\u00bb width_unit=\u00a0\u00bbon\u00a0\u00bb make_equal=\u00a0\u00bboff\u00a0\u00bb use_custom_gutter=\u00a0\u00bboff\u00a0\u00bb][et_pb_row admin_label=\u00a0\u00bbrow\u00a0\u00bb][et_pb_column type=\u00a0\u00bb4_4&Prime;][et_pb_text admin_label=\u00a0\u00bbText\u00a0\u00bb saved_tabs=\u00a0\u00bball\u00a0\u00bb background_layout=\u00a0\u00bblight\u00a0\u00bb text_orientation=\u00a0\u00bbleft\u00a0\u00bb use_border_color=\u00a0\u00bboff\u00a0\u00bb border_color=\u00a0\u00bb#ffffff\u00a0\u00bb border_style=\u00a0\u00bbsolid\u00a0\u00bb] L&rsquo;Ermitage du Saint Mina [\/et_pb_text][\/et_pb_column][\/et_pb_row][\/et_pb_section][et_pb_section admin_label=\u00a0\u00bbsection\u00a0\u00bb fullwidth=\u00a0\u00bboff\u00a0\u00bb specialty=\u00a0\u00bboff\u00a0\u00bb transparent_background=\u00a0\u00bboff\u00a0\u00bb allow_player_pause=\u00a0\u00bboff\u00a0\u00bb inner_shadow=\u00a0\u00bboff\u00a0\u00bb parallax=\u00a0\u00bboff\u00a0\u00bb parallax_method=\u00a0\u00bboff\u00a0\u00bb padding_mobile=\u00a0\u00bboff\u00a0\u00bb module_class=\u00a0\u00bbdefault_section obiectiv_turistic_main cnipt_net\u00a0\u00bb make_fullwidth=\u00a0\u00bboff\u00a0\u00bb use_custom_width=\u00a0\u00bboff\u00a0\u00bb width_unit=\u00a0\u00bbon\u00a0\u00bb make_equal=\u00a0\u00bboff\u00a0\u00bb use_custom_gutter=\u00a0\u00bboff\u00a0\u00bb][et_pb_row admin_label=\u00a0\u00bbrow\u00a0\u00bb make_fullwidth=\u00a0\u00bboff\u00a0\u00bb use_custom_width=\u00a0\u00bboff\u00a0\u00bb width_unit=\u00a0\u00bbon\u00a0\u00bb use_custom_gutter=\u00a0\u00bboff\u00a0\u00bb padding_mobile=\u00a0\u00bboff\u00a0\u00bb module_class=\u00a0\u00bbfull_image_obt\u00a0\u00bb allow_player_pause=\u00a0\u00bboff\u00a0\u00bb parallax=\u00a0\u00bboff\u00a0\u00bb parallax_method=\u00a0\u00bboff\u00a0\u00bb [&hellip;]\" \/>\n<meta property=\"og:url\" content=\"https:\/\/viziteazatarguneamt.ro\/fr\/lermitage-du-saint-mina\/\" \/>\n<meta property=\"og:site_name\" content=\"Targu Neamt\" \/>\n<meta property=\"article:modified_time\" content=\"2015-10-15T18:22:45+00:00\" \/>\n<meta name=\"twitter:card\" content=\"summary_large_image\" \/>\n<meta name=\"twitter:label1\" content=\"Dur\u00e9e de lecture estim\u00e9e\" \/>\n\t<meta name=\"twitter:data1\" content=\"5 minutes\" \/>\n<script type=\"application\/ld+json\" class=\"yoast-schema-graph\">{\"@context\":\"https:\\\/\\\/schema.org\",\"@graph\":[{\"@type\":\"WebPage\",\"@id\":\"https:\\\/\\\/viziteazatarguneamt.ro\\\/fr\\\/lermitage-du-saint-mina\\\/\",\"url\":\"https:\\\/\\\/viziteazatarguneamt.ro\\\/fr\\\/lermitage-du-saint-mina\\\/\",\"name\":\"L'Ermitage du Saint Mina - Targu Neamt\",\"isPartOf\":{\"@id\":\"https:\\\/\\\/viziteazatarguneamt.ro\\\/#website\"},\"datePublished\":\"2015-10-06T08:54:38+00:00\",\"dateModified\":\"2015-10-15T18:22:45+00:00\",\"breadcrumb\":{\"@id\":\"https:\\\/\\\/viziteazatarguneamt.ro\\\/fr\\\/lermitage-du-saint-mina\\\/#breadcrumb\"},\"inLanguage\":\"fr-FR\",\"potentialAction\":[{\"@type\":\"ReadAction\",\"target\":[\"https:\\\/\\\/viziteazatarguneamt.ro\\\/fr\\\/lermitage-du-saint-mina\\\/\"]}]},{\"@type\":\"BreadcrumbList\",\"@id\":\"https:\\\/\\\/viziteazatarguneamt.ro\\\/fr\\\/lermitage-du-saint-mina\\\/#breadcrumb\",\"itemListElement\":[{\"@type\":\"ListItem\",\"position\":1,\"name\":\"Acas\u0103\",\"item\":\"https:\\\/\\\/viziteazatarguneamt.ro\\\/fr\\\/\"},{\"@type\":\"ListItem\",\"position\":2,\"name\":\"L&rsquo;Ermitage du Saint Mina\"}]},{\"@type\":\"WebSite\",\"@id\":\"https:\\\/\\\/viziteazatarguneamt.ro\\\/#website\",\"url\":\"https:\\\/\\\/viziteazatarguneamt.ro\\\/\",\"name\":\"Targu Neamt\",\"description\":\"CNIPT\",\"potentialAction\":[{\"@type\":\"SearchAction\",\"target\":{\"@type\":\"EntryPoint\",\"urlTemplate\":\"https:\\\/\\\/viziteazatarguneamt.ro\\\/?s={search_term_string}\"},\"query-input\":{\"@type\":\"PropertyValueSpecification\",\"valueRequired\":true,\"valueName\":\"search_term_string\"}}],\"inLanguage\":\"fr-FR\"}]}<\/script>\n<!-- \/ Yoast SEO plugin. -->","yoast_head_json":{"title":"L'Ermitage du Saint Mina - Targu Neamt","robots":{"index":"index","follow":"follow","max-snippet":"max-snippet:-1","max-image-preview":"max-image-preview:large","max-video-preview":"max-video-preview:-1"},"canonical":"https:\/\/viziteazatarguneamt.ro\/fr\/lermitage-du-saint-mina\/","og_locale":"fr_FR","og_type":"article","og_title":"L'Ermitage du Saint Mina - Targu Neamt","og_description":"[et_pb_section admin_label=\u00a0\u00bbsection\u00a0\u00bb transparent_background=\u00a0\u00bboff\u00a0\u00bb allow_player_pause=\u00a0\u00bboff\u00a0\u00bb inner_shadow=\u00a0\u00bboff\u00a0\u00bb parallax=\u00a0\u00bboff\u00a0\u00bb parallax_method=\u00a0\u00bboff\u00a0\u00bb padding_mobile=\u00a0\u00bboff\u00a0\u00bb module_class=\u00a0\u00bbdefault_title\u00a0\u00bb make_fullwidth=\u00a0\u00bboff\u00a0\u00bb use_custom_width=\u00a0\u00bboff\u00a0\u00bb width_unit=\u00a0\u00bbon\u00a0\u00bb make_equal=\u00a0\u00bboff\u00a0\u00bb use_custom_gutter=\u00a0\u00bboff\u00a0\u00bb][et_pb_row admin_label=\u00a0\u00bbrow\u00a0\u00bb][et_pb_column type=\u00a0\u00bb4_4&Prime;][et_pb_text admin_label=\u00a0\u00bbText\u00a0\u00bb saved_tabs=\u00a0\u00bball\u00a0\u00bb background_layout=\u00a0\u00bblight\u00a0\u00bb text_orientation=\u00a0\u00bbleft\u00a0\u00bb use_border_color=\u00a0\u00bboff\u00a0\u00bb border_color=\u00a0\u00bb#ffffff\u00a0\u00bb border_style=\u00a0\u00bbsolid\u00a0\u00bb] L&rsquo;Ermitage du Saint Mina [\/et_pb_text][\/et_pb_column][\/et_pb_row][\/et_pb_section][et_pb_section admin_label=\u00a0\u00bbsection\u00a0\u00bb fullwidth=\u00a0\u00bboff\u00a0\u00bb specialty=\u00a0\u00bboff\u00a0\u00bb transparent_background=\u00a0\u00bboff\u00a0\u00bb allow_player_pause=\u00a0\u00bboff\u00a0\u00bb inner_shadow=\u00a0\u00bboff\u00a0\u00bb parallax=\u00a0\u00bboff\u00a0\u00bb parallax_method=\u00a0\u00bboff\u00a0\u00bb padding_mobile=\u00a0\u00bboff\u00a0\u00bb module_class=\u00a0\u00bbdefault_section obiectiv_turistic_main cnipt_net\u00a0\u00bb make_fullwidth=\u00a0\u00bboff\u00a0\u00bb use_custom_width=\u00a0\u00bboff\u00a0\u00bb width_unit=\u00a0\u00bbon\u00a0\u00bb make_equal=\u00a0\u00bboff\u00a0\u00bb use_custom_gutter=\u00a0\u00bboff\u00a0\u00bb][et_pb_row admin_label=\u00a0\u00bbrow\u00a0\u00bb make_fullwidth=\u00a0\u00bboff\u00a0\u00bb use_custom_width=\u00a0\u00bboff\u00a0\u00bb width_unit=\u00a0\u00bbon\u00a0\u00bb use_custom_gutter=\u00a0\u00bboff\u00a0\u00bb padding_mobile=\u00a0\u00bboff\u00a0\u00bb module_class=\u00a0\u00bbfull_image_obt\u00a0\u00bb allow_player_pause=\u00a0\u00bboff\u00a0\u00bb parallax=\u00a0\u00bboff\u00a0\u00bb parallax_method=\u00a0\u00bboff\u00a0\u00bb [&hellip;]","og_url":"https:\/\/viziteazatarguneamt.ro\/fr\/lermitage-du-saint-mina\/","og_site_name":"Targu Neamt","article_modified_time":"2015-10-15T18:22:45+00:00","twitter_card":"summary_large_image","twitter_misc":{"Dur\u00e9e de lecture estim\u00e9e":"5 minutes"},"schema":{"@context":"https:\/\/schema.org","@graph":[{"@type":"WebPage","@id":"https:\/\/viziteazatarguneamt.ro\/fr\/lermitage-du-saint-mina\/","url":"https:\/\/viziteazatarguneamt.ro\/fr\/lermitage-du-saint-mina\/","name":"L'Ermitage du Saint Mina - Targu Neamt","isPartOf":{"@id":"https:\/\/viziteazatarguneamt.ro\/#website"},"datePublished":"2015-10-06T08:54:38+00:00","dateModified":"2015-10-15T18:22:45+00:00","breadcrumb":{"@id":"https:\/\/viziteazatarguneamt.ro\/fr\/lermitage-du-saint-mina\/#breadcrumb"},"inLanguage":"fr-FR","potentialAction":[{"@type":"ReadAction","target":["https:\/\/viziteazatarguneamt.ro\/fr\/lermitage-du-saint-mina\/"]}]},{"@type":"BreadcrumbList","@id":"https:\/\/viziteazatarguneamt.ro\/fr\/lermitage-du-saint-mina\/#breadcrumb","itemListElement":[{"@type":"ListItem","position":1,"name":"Acas\u0103","item":"https:\/\/viziteazatarguneamt.ro\/fr\/"},{"@type":"ListItem","position":2,"name":"L&rsquo;Ermitage du Saint Mina"}]},{"@type":"WebSite","@id":"https:\/\/viziteazatarguneamt.ro\/#website","url":"https:\/\/viziteazatarguneamt.ro\/","name":"Targu Neamt","description":"CNIPT","potentialAction":[{"@type":"SearchAction","target":{"@type":"EntryPoint","urlTemplate":"https:\/\/viziteazatarguneamt.ro\/?s={search_term_string}"},"query-input":{"@type":"PropertyValueSpecification","valueRequired":true,"valueName":"search_term_string"}}],"inLanguage":"fr-FR"}]}},"_links":{"self":[{"href":"https:\/\/viziteazatarguneamt.ro\/fr\/wp-json\/wp\/v2\/pages\/1599","targetHints":{"allow":["GET"]}}],"collection":[{"href":"https:\/\/viziteazatarguneamt.ro\/fr\/wp-json\/wp\/v2\/pages"}],"about":[{"href":"https:\/\/viziteazatarguneamt.ro\/fr\/wp-json\/wp\/v2\/types\/page"}],"author":[{"embeddable":true,"href":"https:\/\/viziteazatarguneamt.ro\/fr\/wp-json\/wp\/v2\/users\/2"}],"replies":[{"embeddable":true,"href":"https:\/\/viziteazatarguneamt.ro\/fr\/wp-json\/wp\/v2\/comments?post=1599"}],"version-history":[{"count":6,"href":"https:\/\/viziteazatarguneamt.ro\/fr\/wp-json\/wp\/v2\/pages\/1599\/revisions"}],"predecessor-version":[{"id":2415,"href":"https:\/\/viziteazatarguneamt.ro\/fr\/wp-json\/wp\/v2\/pages\/1599\/revisions\/2415"}],"wp:attachment":[{"href":"https:\/\/viziteazatarguneamt.ro\/fr\/wp-json\/wp\/v2\/media?parent=1599"}],"curies":[{"name":"wp","href":"https:\/\/api.w.org\/{rel}","templated":true}]}}